{"id":63675,"date":"2018-09-04T12:42:03","date_gmt":"2018-09-04T10:42:03","guid":{"rendered":"https:\/\/www.kz-gedenkstaette-dachau.de\/historischer-ort\/virtueller-rundgang\/krankenrevier\/"},"modified":"2020-03-31T15:35:44","modified_gmt":"2020-03-31T13:35:44","slug":"krankenrevier","status":"publish","type":"page","link":"https:\/\/www.kz-gedenkstaette-dachau.de\/dels\/historischer-ort\/virtueller-rundgang\/krankenrevier\/","title":{"rendered":"Kranken\u00b7revier"},"content":{"rendered":"<div id=\"attachment_63676\" style=\"width: 710px\" class=\"wp-caption alignnone\"><img loading=\"lazy\" decoding=\"async\" aria-describedby=\"caption-attachment-63676\" class=\"wp-image-63676\" src=\"https:\/\/www.kz-gedenkstaette-dachau.de\/wp-content\/uploads\/2018\/11\/ehem_standort_krankenrevier-250x147.jpg\" alt=\"Rechts: Der ehemalige Stand\u00b7ort vom Kranken\u00b7revier. Das Bild ist von 2017. (KZ-Gedenk\u00b7st\u00e4tte Dachau)\" width=\"700\" height=\"413\" srcset=\"https:\/\/www.kz-gedenkstaette-dachau.de\/wp-content\/uploads\/2018\/11\/ehem_standort_krankenrevier-250x147.jpg 250w, https:\/\/www.kz-gedenkstaette-dachau.de\/wp-content\/uploads\/2018\/11\/ehem_standort_krankenrevier-768x453.jpg 768w, https:\/\/www.kz-gedenkstaette-dachau.de\/wp-content\/uploads\/2018\/11\/ehem_standort_krankenrevier-700x413.jpg 700w, https:\/\/www.kz-gedenkstaette-dachau.de\/wp-content\/uploads\/2018\/11\/ehem_standort_krankenrevier-120x71.jpg 120w, https:\/\/www.kz-gedenkstaette-dachau.de\/wp-content\/uploads\/2018\/11\/ehem_standort_krankenrevier.jpg 1120w\" sizes=\"auto, (max-width: 700px) 100vw, 700px\" \/><p id=\"caption-attachment-63676\" class=\"wp-caption-text\"><small>Rechts: Der ehemalige Stand\u00b7ort vom Kranken\u00b7revier.<br \/>Das Bild ist von 2017.<br \/>(KZ-Gedenk\u00b7st\u00e4tte Dachau)<small><\/p><\/div>\n<p>Station 10 ist das Kranken\u00b7revier.<\/p>\n<p><strong>Das Kranken\u00b7revier vor dem <span style=\"color: #cc1800;\"><strong title=\"Der 2. Welt\u00b7krieg war von 1939 bis 1945. Das NS-Regime hat den 2. Welt\u00b7krieg angefangen. Das NS-Regime hat n\u00e4mlich andere L\u00e4nder angegriffen. Und andere L\u00e4nder besetzt. Am 2. Welt\u00b7krieg waren viele L\u00e4nder in Europa beteiligt. Und viele L\u00e4nder aus der ganzen Welt. Der 2. Welt\u00b7krieg war der schlimmste Krieg der Geschichte. Sehr viele Menschen sind im 2. Welt\u00b7krieg gestorben. Es waren mehrere Millionen Menschen.\">2. Welt\u00b7krieg<\/strong><\/span><\/strong><br \/>\nDas Kranken\u00b7revier war wie ein Lager\u00b7kranken\u00b7haus.<br \/>\nAm Anfang war das Kranken\u00b7revier<br \/>\nin den ersten 2 Baracken auf der rechten Seite.<\/p>\n<p>Das Kranken\u00b7revier hatte verschiedene R\u00e4ume.<br \/>\nDiese R\u00e4ume waren:<\/p>\n<ul>\n<li>2 Operations\u00b7s\u00e4le<\/li>\n<li>eine Apotheke<\/li>\n<li>ein Labor<\/li>\n<li>verschiedene Ambulanzen<\/li>\n<li>eine Toten\u00b7kammer<\/li>\n<\/ul>\n<p>Das Kranken\u00b7revier wurde oft f\u00fcr die <span style=\"color: #cc1800;\"><strong title=\"Die Nazis wollten viel Macht haben. Die Nazis wollten die deutschen B\u00fcrger vom NS begeistern. Deshalb mussten die Nazis das deutsche Volk beeinflussen. Daf\u00fcr haben die Nazis unter anderem die Medien benutzt. Zum Beispiel das Radio. Oder die Zeitung. Die Nazis haben die politischen Gegner schlecht dargestellt. Und die Nazis haben Adolf Hitler besonders gut dargestellt. Und die NSDAP. Die Propaganda hat zum Beispiel auch die KZ verharmlost. Das hei\u00dft: Die KZ wurden besser dargestellt als die KZ waren.\">NS-Propaganda<\/strong><\/span> benutzt.<br \/>\nUnd das Kranken\u00b7revier war ein Vorzeige\u00b7objekt f\u00fcr Besucher im <span style=\"color: #cc1800;\"><strong title=\"KZ ist die Abk\u00fcrzung f\u00fcr Konzentrations\u00b7lager.\">KZ<\/strong><\/span>.<br \/>\nDas hei\u00dft:<br \/>\nDas Kranken\u00b7revier sah sehr gut aus.<br \/>\nDas Kranken\u00b7revier hatte n\u00e4mlich eine moderne Ausstattung.<br \/>\nDie Besucher sollten denken:<br \/>\nHier werden die H\u00e4ftlinge sehr gut versorgt.<br \/>\nDie SS-\u00c4rzte k\u00fcmmern sich gut um die H\u00e4ftlinge.<br \/>\nAber eigentlich wurden die H\u00e4ftlinge gar <strong>nicht<\/strong> gut versorgt.<br \/>\nDie H\u00e4ftlinge haben n\u00e4mlich zu wenig Medikamente bekommen.<br \/>\nUnd zu wenig Verbands\u00b7material.<br \/>\nDie SS-\u00c4rzte haben sich auch <strong>nicht<\/strong> gut um die <span style=\"color: #cc1800;\"><strong title=\"H\u00e4ftling ist ein anderes Wort f\u00fcr Gefangener.\">H\u00e4ftlinge<\/strong><\/span> gek\u00fcmmert.<\/p>\n<p>Manche H\u00e4ftlinge waren \u00c4rzte.<br \/>\nAber diese H\u00e4ftlinge durften sich <strong>nicht<\/strong> um die kranken H\u00e4ftlinge k\u00fcmmern.<br \/>\nErst 1943 durften sich diese H\u00e4ftlinge um die kranken H\u00e4ftlinge k\u00fcmmern.<\/p>\n<p><strong>Das Kranken\u00b7revier im 2. Welt\u00b7krieg<\/strong><br \/>\nIm 2. Welt\u00b7krieg wurden die Lebens\u00b7bedingungen f\u00fcr die H\u00e4ftlinge im KZ schlechter.<br \/>\nViele H\u00e4ftlinge waren unter\u00b7ern\u00e4hrt.<br \/>\nDas hei\u00dft:<br \/>\nDie H\u00e4ftlinge hatten zu wenig Essen.<br \/>\nUnd viele H\u00e4ftlinge waren sehr schwach.<br \/>\nUnd die H\u00e4ftlinge hatten eine schlechte Hygiene.<br \/>\nDas hei\u00dft:<br \/>\nDie H\u00e4ftlinge konnten sich kaum waschen.<\/p>\n<p>So haben sich viele Krankheiten im KZ ausgebreitet.<br \/>\nDeshalb wurde das Kranken\u00b7revier vergr\u00f6\u00dfert.<br \/>\nAm Ende war das Kranken\u00b7revier in 7 Baracken.<br \/>\nDiese Baracken waren mit einem Gang verbunden.<br \/>\nDieser Gang hatte ein Dach.<\/p>\n<p><strong>Experimente an H\u00e4ftlingen<\/strong><br \/>\nAb 1941 wurden im Kranken\u00b7revier Experimente mit H\u00e4ftlingen gemacht.<br \/>\nSS-\u00c4rzte haben die Experimente mit H\u00e4ftlingen gemacht.<br \/>\nZum Beispiel haben die SS-\u00c4rzte Medikamente getestet.<br \/>\nErst haben die SS-\u00c4rzte die H\u00e4ftlinge krank gemacht.<br \/>\nDie SS-\u00c4rzte haben den H\u00e4ftlingen Krankheits\u00b7erreger gegeben.<br \/>\nKrankheits\u00b7erreger l\u00f6sen eine Krankheit aus.<br \/>\nDann haben die kranken H\u00e4ftlinge die Medikamente bekommen.<br \/>\nDann haben die SS-\u00c4rzte beobachtet:<br \/>\nWerden die H\u00e4ftlinge durch die Medikamente gesund?<br \/>\nOder geht es den H\u00e4ftlingen schlechter?<br \/>\nBei den medizinischen Experimenten sind viele H\u00e4ftlinge gestorben.<\/p>\n<p><strong>Experimente von der Luft\u00b7waffe<\/strong><br \/>\nAuch die Luft\u00b7waffe hat Experimente beauftragt.<br \/>\nDie Luft\u00b7waffe war ein Teil von der <span style=\"color: #cc1800;\"><strong title=\"Die Wehr\u00b7macht war die Armee vom Deutschen Reich. Die Wehr\u00b7macht hat im 2. Weltkrieg gek\u00e4mpft. Die Wehr\u00b7macht hat im Auftrag des NS-Regimes gek\u00e4mpft. Die Wehr\u00b7macht hat andere L\u00e4nder angegriffen. Und andere L\u00e4nder besetzt. Sehr viele deutsche M\u00e4nner waren Soldaten im 2. Welt\u00b7krieg. Diese M\u00e4nner mussten in der Wehr\u00b7macht k\u00e4mpfen.\">Wehr\u00b7macht<\/strong><\/span>.<br \/>\nZu der Luft\u00b7waffe haben viele Soldaten geh\u00f6rt.<br \/>\nDie Soldaten waren Piloten von Flugzeugen.<br \/>\nDiese Flugzeuge waren zum Beispiel Kampf\u00b7flugzeuge.<br \/>\nIm Krieg sind diese Flug\u00b7zeuge manchmal abgest\u00fcrzt.<br \/>\nDiese Flug\u00b7zeuge sind \u00fcber Land abgest\u00fcrzt.<br \/>\nOder \u00fcber dem Wasser.<br \/>\nDeshalb wollte die Luft\u00b7waffe wissen:<br \/>\nK\u00f6nnen die Soldaten einen Flug\u00b7zeug\u00b7absturz \u00fcberleben?<br \/>\nUnd k\u00f6nnen die Soldaten im kalten Wasser \u00fcberleben?<br \/>\nWas m\u00fcssen die Soldaten daf\u00fcr tun?<br \/>\nK\u00f6nnen die Soldaten zum Beispiel Meer\u00b7wasser trinken?<\/p>\n<p>Deshalb hat die Luft\u00b7waffe medizinische Experimente beauftragt.<br \/>\nBei den medizinischen Experimenten von der Luft\u00b7waffe<br \/>\nsind auch viele H\u00e4ftlinge gestorben.<\/p>\n","protected":false},"excerpt":{"rendered":"<p>Station 10 ist das Kranken\u00b7revier. Das Kranken\u00b7revier vor dem 2. Welt\u00b7krieg Das Kranken\u00b7revier war wie ein Lager\u00b7kranken\u00b7haus. Am Anfang war das Kranken\u00b7revier in den ersten 2 Baracken auf der rechten Seite. Das Kranken\u00b7revier hatte verschiedene R\u00e4ume. Diese R\u00e4ume waren: 2 Operations\u00b7s\u00e4le eine Apotheke ein Labor verschiedene Ambulanzen eine Toten\u00b7kammer Das Kranken\u00b7revier wurde oft f\u00fcr die&#8230; <a class=\"view-article\" href=\"https:\/\/www.kz-gedenkstaette-dachau.de\/dels\/historischer-ort\/virtueller-rundgang\/krankenrevier\/\">Artikel anzeigen<\/a><\/p>\n","protected":false},"author":1,"featured_media":0,"parent":63630,"menu_order":1000,"comment_status":"closed","ping_status":"closed","template":"page-virtueller_rundgang_unterseite.php","meta":{"_acf_changed":false,"footnotes":""},"class_list":["post-63675","page","type-page","status-publish","hentry"],"acf":[],"yoast_head":"<!-- This site is optimized with the Yoast SEO plugin v27.4 - https:\/\/yoast.com\/product\/yoast-seo-wordpress\/ -->\n<title>Kranken\u00b7revier - KZ Gedenkst\u00e4tte Dachau<\/title>\n<meta name=\"robots\" content=\"index, follow, max-snippet:-1, max-image-preview:large, max-video-preview:-1\" \/>\n<link rel=\"canonical\" href=\"https:\/\/www.kz-gedenkstaette-dachau.de\/dels\/historischer-ort\/virtueller-rundgang\/krankenrevier\/\" \/>\n<meta property=\"og:locale\" content=\"en_US\" \/>\n<meta property=\"og:type\" content=\"article\" \/>\n<meta property=\"og:title\" content=\"Kranken\u00b7revier - KZ Gedenkst\u00e4tte Dachau\" \/>\n<meta property=\"og:description\" content=\"Station 10 ist das Kranken\u00b7revier. Das Kranken\u00b7revier vor dem 2. Welt\u00b7krieg Das Kranken\u00b7revier war wie ein Lager\u00b7kranken\u00b7haus. Am Anfang war das Kranken\u00b7revier in den ersten 2 Baracken auf der rechten Seite. Das Kranken\u00b7revier hatte verschiedene R\u00e4ume. Diese R\u00e4ume waren: 2 Operations\u00b7s\u00e4le eine Apotheke ein Labor verschiedene Ambulanzen eine Toten\u00b7kammer Das Kranken\u00b7revier wurde oft f\u00fcr die... Artikel anzeigen\" \/>\n<meta property=\"og:url\" content=\"https:\/\/www.kz-gedenkstaette-dachau.de\/dels\/historischer-ort\/virtueller-rundgang\/krankenrevier\/\" \/>\n<meta property=\"og:site_name\" content=\"KZ Gedenkst\u00e4tte Dachau\" \/>\n<meta property=\"article:modified_time\" content=\"2020-03-31T13:35:44+00:00\" \/>\n<meta property=\"og:image\" content=\"https:\/\/www.kz-gedenkstaette-dachau.de\/wp-content\/uploads\/2018\/11\/ehem_standort_krankenrevier-250x147.jpg\" \/>\n<meta name=\"twitter:card\" content=\"summary_large_image\" \/>\n<meta name=\"twitter:label1\" content=\"Est. reading time\" \/>\n\t<meta name=\"twitter:data1\" content=\"3 minutes\" \/>\n<script type=\"application\/ld+json\" class=\"yoast-schema-graph\">{\"@context\":\"https:\\\/\\\/schema.org\",\"@graph\":[{\"@type\":\"WebPage\",\"@id\":\"https:\\\/\\\/www.kz-gedenkstaette-dachau.de\\\/dels\\\/historischer-ort\\\/virtueller-rundgang\\\/krankenrevier\\\/\",\"url\":\"https:\\\/\\\/www.kz-gedenkstaette-dachau.de\\\/dels\\\/historischer-ort\\\/virtueller-rundgang\\\/krankenrevier\\\/\",\"name\":\"Kranken\u00b7revier - KZ Gedenkst\u00e4tte Dachau\",\"isPartOf\":{\"@id\":\"https:\\\/\\\/www.kz-gedenkstaette-dachau.de\\\/#website\"},\"primaryImageOfPage\":{\"@id\":\"https:\\\/\\\/www.kz-gedenkstaette-dachau.de\\\/dels\\\/historischer-ort\\\/virtueller-rundgang\\\/krankenrevier\\\/#primaryimage\"},\"image\":{\"@id\":\"https:\\\/\\\/www.kz-gedenkstaette-dachau.de\\\/dels\\\/historischer-ort\\\/virtueller-rundgang\\\/krankenrevier\\\/#primaryimage\"},\"thumbnailUrl\":\"https:\\\/\\\/www.kz-gedenkstaette-dachau.de\\\/wp-content\\\/uploads\\\/2018\\\/11\\\/ehem_standort_krankenrevier-250x147.jpg\",\"datePublished\":\"2018-09-04T10:42:03+00:00\",\"dateModified\":\"2020-03-31T13:35:44+00:00\",\"breadcrumb\":{\"@id\":\"https:\\\/\\\/www.kz-gedenkstaette-dachau.de\\\/dels\\\/historischer-ort\\\/virtueller-rundgang\\\/krankenrevier\\\/#breadcrumb\"},\"inLanguage\":\"ls-DE\",\"potentialAction\":[{\"@type\":\"ReadAction\",\"target\":[\"https:\\\/\\\/www.kz-gedenkstaette-dachau.de\\\/dels\\\/historischer-ort\\\/virtueller-rundgang\\\/krankenrevier\\\/\"]}]},{\"@type\":\"ImageObject\",\"inLanguage\":\"ls-DE\",\"@id\":\"https:\\\/\\\/www.kz-gedenkstaette-dachau.de\\\/dels\\\/historischer-ort\\\/virtueller-rundgang\\\/krankenrevier\\\/#primaryimage\",\"url\":\"https:\\\/\\\/www.kz-gedenkstaette-dachau.de\\\/wp-content\\\/uploads\\\/2018\\\/11\\\/ehem_standort_krankenrevier-250x147.jpg\",\"contentUrl\":\"https:\\\/\\\/www.kz-gedenkstaette-dachau.de\\\/wp-content\\\/uploads\\\/2018\\\/11\\\/ehem_standort_krankenrevier-250x147.jpg\"},{\"@type\":\"BreadcrumbList\",\"@id\":\"https:\\\/\\\/www.kz-gedenkstaette-dachau.de\\\/dels\\\/historischer-ort\\\/virtueller-rundgang\\\/krankenrevier\\\/#breadcrumb\",\"itemListElement\":[{\"@type\":\"ListItem\",\"position\":1,\"name\":\"Start\u00b7seite\",\"item\":\"https:\\\/\\\/www.kz-gedenkstaette-dachau.de\\\/dels\\\/\"},{\"@type\":\"ListItem\",\"position\":2,\"name\":\"Historischer Ort\",\"item\":\"https:\\\/\\\/www.kz-gedenkstaette-dachau.de\\\/dels\\\/historischer-ort\\\/\"},{\"@type\":\"ListItem\",\"position\":3,\"name\":\"Virtueller Rund\u00b7gang\",\"item\":\"https:\\\/\\\/www.kz-gedenkstaette-dachau.de\\\/dels\\\/historischer-ort\\\/virtueller-rundgang\\\/\"},{\"@type\":\"ListItem\",\"position\":4,\"name\":\"Kranken\u00b7revier\"}]},{\"@type\":\"WebSite\",\"@id\":\"https:\\\/\\\/www.kz-gedenkstaette-dachau.de\\\/#website\",\"url\":\"https:\\\/\\\/www.kz-gedenkstaette-dachau.de\\\/\",\"name\":\"KZ Gedenkst\u00e4tte Dachau\",\"description\":\"\",\"potentialAction\":[{\"@type\":\"SearchAction\",\"target\":{\"@type\":\"EntryPoint\",\"urlTemplate\":\"https:\\\/\\\/www.kz-gedenkstaette-dachau.de\\\/?s={search_term_string}\"},\"query-input\":{\"@type\":\"PropertyValueSpecification\",\"valueRequired\":true,\"valueName\":\"search_term_string\"}}],\"inLanguage\":\"ls-DE\"}]}<\/script>\n<!-- \/ Yoast SEO plugin. -->","yoast_head_json":{"title":"Kranken\u00b7revier - KZ Gedenkst\u00e4tte Dachau","robots":{"index":"index","follow":"follow","max-snippet":"max-snippet:-1","max-image-preview":"max-image-preview:large","max-video-preview":"max-video-preview:-1"},"canonical":"https:\/\/www.kz-gedenkstaette-dachau.de\/dels\/historischer-ort\/virtueller-rundgang\/krankenrevier\/","og_locale":"en_US","og_type":"article","og_title":"Kranken\u00b7revier - KZ Gedenkst\u00e4tte Dachau","og_description":"Station 10 ist das Kranken\u00b7revier. Das Kranken\u00b7revier vor dem 2. Welt\u00b7krieg Das Kranken\u00b7revier war wie ein Lager\u00b7kranken\u00b7haus. Am Anfang war das Kranken\u00b7revier in den ersten 2 Baracken auf der rechten Seite. Das Kranken\u00b7revier hatte verschiedene R\u00e4ume. Diese R\u00e4ume waren: 2 Operations\u00b7s\u00e4le eine Apotheke ein Labor verschiedene Ambulanzen eine Toten\u00b7kammer Das Kranken\u00b7revier wurde oft f\u00fcr die... Artikel anzeigen","og_url":"https:\/\/www.kz-gedenkstaette-dachau.de\/dels\/historischer-ort\/virtueller-rundgang\/krankenrevier\/","og_site_name":"KZ Gedenkst\u00e4tte Dachau","article_modified_time":"2020-03-31T13:35:44+00:00","og_image":[{"url":"https:\/\/www.kz-gedenkstaette-dachau.de\/wp-content\/uploads\/2018\/11\/ehem_standort_krankenrevier-250x147.jpg","type":"","width":"","height":""}],"twitter_card":"summary_large_image","twitter_misc":{"Est. reading time":"3 minutes"},"schema":{"@context":"https:\/\/schema.org","@graph":[{"@type":"WebPage","@id":"https:\/\/www.kz-gedenkstaette-dachau.de\/dels\/historischer-ort\/virtueller-rundgang\/krankenrevier\/","url":"https:\/\/www.kz-gedenkstaette-dachau.de\/dels\/historischer-ort\/virtueller-rundgang\/krankenrevier\/","name":"Kranken\u00b7revier - KZ Gedenkst\u00e4tte Dachau","isPartOf":{"@id":"https:\/\/www.kz-gedenkstaette-dachau.de\/#website"},"primaryImageOfPage":{"@id":"https:\/\/www.kz-gedenkstaette-dachau.de\/dels\/historischer-ort\/virtueller-rundgang\/krankenrevier\/#primaryimage"},"image":{"@id":"https:\/\/www.kz-gedenkstaette-dachau.de\/dels\/historischer-ort\/virtueller-rundgang\/krankenrevier\/#primaryimage"},"thumbnailUrl":"https:\/\/www.kz-gedenkstaette-dachau.de\/wp-content\/uploads\/2018\/11\/ehem_standort_krankenrevier-250x147.jpg","datePublished":"2018-09-04T10:42:03+00:00","dateModified":"2020-03-31T13:35:44+00:00","breadcrumb":{"@id":"https:\/\/www.kz-gedenkstaette-dachau.de\/dels\/historischer-ort\/virtueller-rundgang\/krankenrevier\/#breadcrumb"},"inLanguage":"ls-DE","potentialAction":[{"@type":"ReadAction","target":["https:\/\/www.kz-gedenkstaette-dachau.de\/dels\/historischer-ort\/virtueller-rundgang\/krankenrevier\/"]}]},{"@type":"ImageObject","inLanguage":"ls-DE","@id":"https:\/\/www.kz-gedenkstaette-dachau.de\/dels\/historischer-ort\/virtueller-rundgang\/krankenrevier\/#primaryimage","url":"https:\/\/www.kz-gedenkstaette-dachau.de\/wp-content\/uploads\/2018\/11\/ehem_standort_krankenrevier-250x147.jpg","contentUrl":"https:\/\/www.kz-gedenkstaette-dachau.de\/wp-content\/uploads\/2018\/11\/ehem_standort_krankenrevier-250x147.jpg"},{"@type":"BreadcrumbList","@id":"https:\/\/www.kz-gedenkstaette-dachau.de\/dels\/historischer-ort\/virtueller-rundgang\/krankenrevier\/#breadcrumb","itemListElement":[{"@type":"ListItem","position":1,"name":"Start\u00b7seite","item":"https:\/\/www.kz-gedenkstaette-dachau.de\/dels\/"},{"@type":"ListItem","position":2,"name":"Historischer Ort","item":"https:\/\/www.kz-gedenkstaette-dachau.de\/dels\/historischer-ort\/"},{"@type":"ListItem","position":3,"name":"Virtueller Rund\u00b7gang","item":"https:\/\/www.kz-gedenkstaette-dachau.de\/dels\/historischer-ort\/virtueller-rundgang\/"},{"@type":"ListItem","position":4,"name":"Kranken\u00b7revier"}]},{"@type":"WebSite","@id":"https:\/\/www.kz-gedenkstaette-dachau.de\/#website","url":"https:\/\/www.kz-gedenkstaette-dachau.de\/","name":"KZ Gedenkst\u00e4tte Dachau","description":"","potentialAction":[{"@type":"SearchAction","target":{"@type":"EntryPoint","urlTemplate":"https:\/\/www.kz-gedenkstaette-dachau.de\/?s={search_term_string}"},"query-input":{"@type":"PropertyValueSpecification","valueRequired":true,"valueName":"search_term_string"}}],"inLanguage":"ls-DE"}]}},"_links":{"self":[{"href":"https:\/\/www.kz-gedenkstaette-dachau.de\/dels\/wp-json\/wp\/v2\/pages\/63675","targetHints":{"allow":["GET"]}}],"collection":[{"href":"https:\/\/www.kz-gedenkstaette-dachau.de\/dels\/wp-json\/wp\/v2\/pages"}],"about":[{"href":"https:\/\/www.kz-gedenkstaette-dachau.de\/dels\/wp-json\/wp\/v2\/types\/page"}],"author":[{"embeddable":true,"href":"https:\/\/www.kz-gedenkstaette-dachau.de\/dels\/wp-json\/wp\/v2\/users\/1"}],"replies":[{"embeddable":true,"href":"https:\/\/www.kz-gedenkstaette-dachau.de\/dels\/wp-json\/wp\/v2\/comments?post=63675"}],"version-history":[{"count":0,"href":"https:\/\/www.kz-gedenkstaette-dachau.de\/dels\/wp-json\/wp\/v2\/pages\/63675\/revisions"}],"up":[{"embeddable":true,"href":"https:\/\/www.kz-gedenkstaette-dachau.de\/dels\/wp-json\/wp\/v2\/pages\/63630"}],"wp:attachment":[{"href":"https:\/\/www.kz-gedenkstaette-dachau.de\/dels\/wp-json\/wp\/v2\/media?parent=63675"}],"curies":[{"name":"wp","href":"https:\/\/api.w.org\/{rel}","templated":true}]}}