{"id":63679,"date":"2018-09-04T12:42:23","date_gmt":"2018-09-04T10:42:23","guid":{"rendered":"https:\/\/www.kz-gedenkstaette-dachau.de\/historischer-ort\/virtueller-rundgang\/funktionsgebaeude\/"},"modified":"2020-03-31T17:19:53","modified_gmt":"2020-03-31T15:19:53","slug":"funktionsgebaeude","status":"publish","type":"page","link":"https:\/\/www.kz-gedenkstaette-dachau.de\/dels\/historischer-ort\/virtueller-rundgang\/funktionsgebaeude\/","title":{"rendered":"Funktions\u00b7geb\u00e4ude"},"content":{"rendered":"<p>Station 11 sind die Funktions\u00b7geb\u00e4ude.<\/p>\n<p>Hinter den Wohn\u00b7baracken ist ein Bereich.<br \/>\nFr\u00fcher hatte dieser Bereich einen Zaun.<br \/>\nIn diesem Bereich waren die Funktions\u00b7geb\u00e4ude.<\/p>\n<p><strong>Von 1950 bis 1970<\/strong> wurden die Funktions\u00b7geb\u00e4ude abgerissen.<br \/>\nHeute sind auf diesem Bereich religi\u00f6se Gedenk\u00b7orte.<\/p>\n<p><strong>Die Funktions\u00b7geb\u00e4ude fr\u00fcher<\/strong><\/p>\n<div id=\"attachment_63680\" style=\"width: 710px\" class=\"wp-caption alignnone\"><img loading=\"lazy\" decoding=\"async\" aria-describedby=\"caption-attachment-63680\" class=\"wp-image-63680\" src=\"https:\/\/www.kz-gedenkstaette-dachau.de\/wp-content\/uploads\/2018\/11\/luftbild_funktionsgebaeude_farblich-250x147.jpg\" alt=\"Luft\u00b7bild von den Funktions\u00b7geb\u00e4uden. Das Foto ist von Mai 1945. (USHMM)\" width=\"700\" height=\"413\" srcset=\"https:\/\/www.kz-gedenkstaette-dachau.de\/wp-content\/uploads\/2018\/11\/luftbild_funktionsgebaeude_farblich-250x147.jpg 250w, https:\/\/www.kz-gedenkstaette-dachau.de\/wp-content\/uploads\/2018\/11\/luftbild_funktionsgebaeude_farblich-768x453.jpg 768w, https:\/\/www.kz-gedenkstaette-dachau.de\/wp-content\/uploads\/2018\/11\/luftbild_funktionsgebaeude_farblich-700x413.jpg 700w, https:\/\/www.kz-gedenkstaette-dachau.de\/wp-content\/uploads\/2018\/11\/luftbild_funktionsgebaeude_farblich-120x71.jpg 120w, https:\/\/www.kz-gedenkstaette-dachau.de\/wp-content\/uploads\/2018\/11\/luftbild_funktionsgebaeude_farblich.jpg 1120w\" sizes=\"auto, (max-width: 700px) 100vw, 700px\" \/><p id=\"caption-attachment-63680\" class=\"wp-caption-text\"><small>Luft\u00b7bild von den Funktions\u00b7geb\u00e4uden.<br \/>Das Foto ist von Mai 1945.<br \/>(USHMM)<small><\/small><\/small><\/p><\/div>\n<p>Auf dem Luft\u00b7bild<br \/>\nsieht man die Funktions\u00b7geb\u00e4ude.<br \/>\nDie Funktions\u00b7geb\u00e4ude<br \/>\nhatten verschiedene Funktionen.<\/p>\n<p><strong>Der rote Bereich<\/strong><br \/>\nDer rote Bereich war die Lager\u00b7g\u00e4rtnerei.<br \/>\nIn der Lager\u00b7g\u00e4rtnerei waren Gew\u00e4chs\u00b7h\u00e4user.<br \/>\nIn diesen Gew\u00e4chs\u00b7h\u00e4usern wurden Jung\u00b7pflanzen gezogen.<br \/>\nDiese Jung\u00b7pflanzen wurden sp\u00e4ter in den SS-Versuchs\u00b7g\u00fctern angepflanzt.<br \/>\nMehr Informationen zu den SS-Versuchs\u00b7g\u00fctern<br \/>\nfinden Sie bei <a href=\"https:\/\/www.kz-gedenkstaette-dachau.de\/dels\/historischer-ort\/virtueller-rundgang-umgebung\/ss-versuchgueter-kraeutergarten-plantage\/\">Station 1 der Umgebung<\/a>.<\/p>\n<div id=\"attachment_64001\" style=\"width: 710px\" class=\"wp-caption alignnone\"><img loading=\"lazy\" decoding=\"async\" aria-describedby=\"caption-attachment-64001\" class=\"wp-image-64001\" src=\"https:\/\/www.kz-gedenkstaette-dachau.de\/wp-content\/uploads\/2018\/11\/haeftling_dach_gewaechshaus_1944-250x147.jpg\" alt=\"Ein H\u00e4ftling auf einem Gew\u00e4chs\u00b7haus von der Lager\u00b7g\u00e4rtnerei. Das Foto hat ein H\u00e4ftling gemacht. Das Foto war nicht erlaubt. Das Foto ist von 1944. (KZ-Gedenk\u00b7st\u00e4tte Dachau)\" width=\"700\" height=\"413\" srcset=\"https:\/\/www.kz-gedenkstaette-dachau.de\/wp-content\/uploads\/2018\/11\/haeftling_dach_gewaechshaus_1944-250x147.jpg 250w, https:\/\/www.kz-gedenkstaette-dachau.de\/wp-content\/uploads\/2018\/11\/haeftling_dach_gewaechshaus_1944-768x453.jpg 768w, https:\/\/www.kz-gedenkstaette-dachau.de\/wp-content\/uploads\/2018\/11\/haeftling_dach_gewaechshaus_1944-700x413.jpg 700w, https:\/\/www.kz-gedenkstaette-dachau.de\/wp-content\/uploads\/2018\/11\/haeftling_dach_gewaechshaus_1944-120x71.jpg 120w, https:\/\/www.kz-gedenkstaette-dachau.de\/wp-content\/uploads\/2018\/11\/haeftling_dach_gewaechshaus_1944.jpg 1120w\" sizes=\"auto, (max-width: 700px) 100vw, 700px\" \/><p id=\"caption-attachment-64001\" class=\"wp-caption-text\"><small>Ein H\u00e4ftling auf einem Gew\u00e4chs\u00b7haus von der Lager\u00b7g\u00e4rtnerei.<br \/>Das Foto hat ein H\u00e4ftling gemacht.<br \/>Das Foto war nicht erlaubt.<br \/>Das Foto ist von 1944.<br \/>(KZ-Gedenk\u00b7st\u00e4tte Dachau)<small><\/small><\/small><\/p><\/div>\n<p><strong>Der lila Bereich<\/strong><br \/>\nDer lila Bereich war eine Zucht\u00b7station.<br \/>\nDie Zucht\u00b7station wurde <strong>1940<\/strong> gebaut.<br \/>\nIn der Zucht\u00b7station wurden Angora\u00b7kaninchen gez\u00fcchtet.<br \/>\nAngora\u00b7kaninchen haben besonders dickes Fell.<br \/>\nDas Fell von den Angora\u00b7kaninchen wurde verarbeitet.<br \/>\nDas Fell wurde als Futter von Uniformen benutzt.<br \/>\nDiese Uniformen waren f\u00fcr die Luft\u00b7waffe.<br \/>\nDie Luft\u00b7waffe war ein Teil von der <span style=\"color: #cc1800;\"><strong title=\"Die Wehr\u00b7macht war die Armee vom Deutschen Reich. Die Wehr\u00b7macht hat im 2. Weltkrieg gek\u00e4mpft. Die Wehr\u00b7macht hat im Auftrag des NS-Regimes gek\u00e4mpft. Die Wehr\u00b7macht hat andere L\u00e4nder angegriffen. Und andere L\u00e4nder besetzt. Sehr viele deutsche M\u00e4nner waren Soldaten im 2. Welt\u00b7krieg. Diese M\u00e4nner mussten in der Wehr\u00b7macht k\u00e4mpfen.\">Wehr\u00b7macht<\/strong><\/span>.<br \/>\nDie Zucht\u00b7station wurde oft vergr\u00f6\u00dfert.<br \/>\nDeshalb konnten immer mehr Angora\u00b7kaninchen gez\u00fcchtet werden.<br \/>\n<strong>1944<\/strong> waren in der Zucht\u00b7station \u00fcber 4.000 Angora\u00b7kaninchen.<\/p>\n<div id=\"attachment_64002\" style=\"width: 710px\" class=\"wp-caption alignnone\"><img loading=\"lazy\" decoding=\"async\" aria-describedby=\"caption-attachment-64002\" class=\"wp-image-64002\" src=\"https:\/\/www.kz-gedenkstaette-dachau.de\/wp-content\/uploads\/2018\/11\/fuetterung_angorakaninchen-250x147.jpg\" alt=\"Ein H\u00e4ftling f\u00fcttert die Kaninchen. Propaganda\u00b7aufnahme von der SS. Das Foto ist von 1940 oder 1941. (KZ-Gedenk\u00b7st\u00e4tte Dachau)\" width=\"700\" height=\"413\" srcset=\"https:\/\/www.kz-gedenkstaette-dachau.de\/wp-content\/uploads\/2018\/11\/fuetterung_angorakaninchen-250x147.jpg 250w, https:\/\/www.kz-gedenkstaette-dachau.de\/wp-content\/uploads\/2018\/11\/fuetterung_angorakaninchen-768x453.jpg 768w, https:\/\/www.kz-gedenkstaette-dachau.de\/wp-content\/uploads\/2018\/11\/fuetterung_angorakaninchen-700x413.jpg 700w, https:\/\/www.kz-gedenkstaette-dachau.de\/wp-content\/uploads\/2018\/11\/fuetterung_angorakaninchen-120x71.jpg 120w, https:\/\/www.kz-gedenkstaette-dachau.de\/wp-content\/uploads\/2018\/11\/fuetterung_angorakaninchen.jpg 1120w\" sizes=\"auto, (max-width: 700px) 100vw, 700px\" \/><p id=\"caption-attachment-64002\" class=\"wp-caption-text\"><small>Ein H\u00e4ftling f\u00fcttert die Kaninchen.<br \/>Propaganda\u00b7aufnahme von der SS.<br \/>Das Foto ist von 1940 oder 1941.<br \/>(KZ-Gedenk\u00b7st\u00e4tte Dachau)<small><\/small><\/small><\/p><\/div>\n<p><strong>Der gelbe Bereich<\/strong><br \/>\nDer gelbe Bereich war eine Desinfektions\u00b7baracke.<br \/>\nDie Desinfektions\u00b7baracke wurde <strong>1941<\/strong> gebaut.<br \/>\nIn der Desinfektions\u00b7baracke haben <span style=\"color: #cc1800;\"><strong title=\"H\u00e4ftling ist ein anderes Wort f\u00fcr Gefangener.\">H\u00e4ftlinge<\/strong><\/span> gearbeitet.<br \/>\nDie H\u00e4ftlinge haben H\u00e4ftlings\u00b7uniformen desinfiziert.<br \/>\nDas hei\u00dft:<br \/>\nIm <span style=\"color: #cc1800;\"><strong title=\"KZ ist die Abk\u00fcrzung f\u00fcr Konzentrations\u00b7lager.\">KZ<\/strong><\/span> waren viele kranke H\u00e4ftlinge.<br \/>\nKrankheits\u00b7erreger l\u00f6sen Krankheiten aus.<br \/>\nDiese Krankheits\u00b7erreger<br \/>\nwaren auch auf den H\u00e4ftlings\u00b7uniformen.<br \/>\nKrankheits\u00b7erreger kann man bek\u00e4mpfen.<br \/>\nMan kann Krankheits\u00b7erreger mit Desinfektions\u00b7mittel bek\u00e4mpfen.<br \/>\nDeshalb mussten die H\u00e4ftlings\u00b7uniformen desinfiziert werden.<br \/>\nH\u00e4ftlinge haben sich in der Desinfektions\u00b7baracke getroffen.<br \/>\nDiese Treffen waren verboten.<br \/>\nAber die <span style=\"color: #cc1800;\"><strong title=\"SS ist die Abk\u00fcrzung f\u00fcr Schutz\u00b7staffel. Die SS hat zu der NSDAP geh\u00f6rt. Die SS hat die die KZ kontrolliert. Und die SS hat die H\u00e4ftlinge im KZ bewacht. Viele europ\u00e4ische Juden sind in Vernichtungs\u00b7lagern get\u00f6tet worden. Und viele europ\u00e4ische Roma und Sinti sind in Vernichtungs\u00b7lagern get\u00f6tet worden. Das hat die SS organisiert. Truppen von der SS haben auch im 2. Welt\u00b7krieg gek\u00e4mpft. Diese Truppen waren besonders brutal. Die Truppen haben gegen Widerstands\u00b7k\u00e4mpfer gek\u00e4mpft. Die Widerstands\u00b7k\u00e4mpfer waren gegen die Nazis. Und gegen die Zivil\u00b7bev\u00f6lkerung. Die Zivil\u00b7bev\u00f6lkerung k\u00e4mpft nicht im Krieg mit. Die SS hat viele Menschen ermordet.\">SS<\/strong><\/span> hat die Desinfektions\u00b7baracke nur selten betreten.<br \/>\nDie <span style=\"color: #cc1800;\"><strong title=\"Viele SS-M\u00e4nner haben im KZ gearbeitet. Diese SS-M\u00e4nner hatten den Namen: Lager-SS. Die Lager-SS war zust\u00e4ndig f\u00fcr die Organisation des H\u00e4ftlings\u00b7lagers. Die Lager-SS hat die H\u00e4ftlinge bewacht. Und die H\u00e4ftlinge bestraft. Die Lager-SS hat auch viele H\u00e4ftlinge miss\u00b7handelt. Und viele H\u00e4ftlinge get\u00f6tet.\">SS-M\u00e4nner<\/strong><\/span> wollten n\u00e4mlich <strong>nicht<\/strong> krank werden.<br \/>\nDie H\u00e4ftlinge haben in der Desinfektions\u00b7baracke auch ein Radio versteckt.<br \/>\nMit dem Radio konnten die H\u00e4ftlinge Radio\u00b7sender abh\u00f6ren.<br \/>\nZum Beispiel Radio\u00b7sender aus dem Ausland.<\/p>\n<div id=\"attachment_64003\" style=\"width: 710px\" class=\"wp-caption alignnone\"><img loading=\"lazy\" decoding=\"async\" aria-describedby=\"caption-attachment-64003\" class=\"wp-image-64003\" src=\"https:\/\/www.kz-gedenkstaette-dachau.de\/wp-content\/uploads\/2018\/11\/desinfektionsbaracke_1941-250x147.jpg\" alt=\"Die Desinfektions\u00b7baracke. Das Foto ist von 1941. (Pa\u0144stwowy Instytut Naukowy \u2013 Instytut \u015al\u0105ski, Oppeln)\" width=\"700\" height=\"413\" srcset=\"https:\/\/www.kz-gedenkstaette-dachau.de\/wp-content\/uploads\/2018\/11\/desinfektionsbaracke_1941-250x147.jpg 250w, https:\/\/www.kz-gedenkstaette-dachau.de\/wp-content\/uploads\/2018\/11\/desinfektionsbaracke_1941-768x453.jpg 768w, https:\/\/www.kz-gedenkstaette-dachau.de\/wp-content\/uploads\/2018\/11\/desinfektionsbaracke_1941-700x413.jpg 700w, https:\/\/www.kz-gedenkstaette-dachau.de\/wp-content\/uploads\/2018\/11\/desinfektionsbaracke_1941-120x71.jpg 120w, https:\/\/www.kz-gedenkstaette-dachau.de\/wp-content\/uploads\/2018\/11\/desinfektionsbaracke_1941.jpg 1120w\" sizes=\"auto, (max-width: 700px) 100vw, 700px\" \/><p id=\"caption-attachment-64003\" class=\"wp-caption-text\"><small>Die Desinfektions\u00b7baracke.<br \/>Das Foto ist von 1941.<br \/>(Pa\u0144stwowy Instytut Naukowy \u2013 Instytut \u015al\u0105ski, Oppeln)<small><\/small><\/small><\/p><\/div>\n<p><strong>Der gr\u00fcne Bereich<\/strong><br \/>\nDer gr\u00fcne Bereich war ein Lager\u00b7bordell.<br \/>\nIn einem Bordell arbeiten Frauen.<br \/>\nDiese Frauen nennt man: Prostituierte.<br \/>\nDiese Frauen verkaufen ihren K\u00f6rper.<br \/>\nDas hei\u00dft:<br \/>\nM\u00e4nner bezahlen Geld.<br \/>\nDann k\u00f6nnen die M\u00e4nner mit den Frauen Sex haben.<\/p>\n<p>Das Lager\u00b7bordell wurde im <strong>Fr\u00fch\u00b7jahr 1944<\/strong> er\u00f6ffnet.<br \/>\nDas Lager\u00b7bordell hatte auch den Namen: Sonder\u00b7bau.<br \/>\nF\u00fcr das Lager\u00b7bordell hat die SS weibliche H\u00e4ftlinge aus einem anderen KZ geholt.<br \/>\nDiese weiblichen H\u00e4ftlinge waren aus dem KZ Ravensbr\u00fcck.<br \/>\nDie weiblichen H\u00e4ftlinge mussten dann Prostituierte sein.<\/p>\n<p>Die SS hat Pr\u00e4mien\u00b7scheine verteilt.<br \/>\nF\u00fcr diese Pr\u00e4mien\u00b7scheine mussten die H\u00e4ftlinge extra gut arbeiten.<br \/>\nMit diesen Pr\u00e4mien\u00b7scheinen konnten H\u00e4ftlinge in das Lager\u00b7bordell gehen.<br \/>\nUnd mit den Prostituierten im Lager\u00b7bordell Sex haben.<\/p>\n<p>J\u00fcdische H\u00e4ftlinge durften das Lager\u00b7bordell <strong>nicht<\/strong> benutzen.<br \/>\nSehr viele H\u00e4ftlinge wollten das Lager\u00b7bordell auch <strong>nicht<\/strong> benutzen.<br \/>\nDie SS hat das Lager\u00b7bordell <strong>Ende 1944<\/strong> geschlossen.<\/p>\n<div id=\"attachment_64004\" style=\"width: 710px\" class=\"wp-caption alignnone\"><img loading=\"lazy\" decoding=\"async\" aria-describedby=\"caption-attachment-64004\" class=\"wp-image-64004\" src=\"https:\/\/www.kz-gedenkstaette-dachau.de\/wp-content\/uploads\/2018\/11\/bordellbaracke_desinfektionsbaracke_1945-250x147.jpg\" alt=\"Links: Die Bordell\u00b7baracke. Rechts: Die Desinfektions\u00b7baracke. Das Foto ist von Mai 1945. (KZ-Gedenk\u00b7st\u00e4tte Dachau)\" width=\"700\" height=\"413\" srcset=\"https:\/\/www.kz-gedenkstaette-dachau.de\/wp-content\/uploads\/2018\/11\/bordellbaracke_desinfektionsbaracke_1945-250x147.jpg 250w, https:\/\/www.kz-gedenkstaette-dachau.de\/wp-content\/uploads\/2018\/11\/bordellbaracke_desinfektionsbaracke_1945-768x453.jpg 768w, https:\/\/www.kz-gedenkstaette-dachau.de\/wp-content\/uploads\/2018\/11\/bordellbaracke_desinfektionsbaracke_1945-700x413.jpg 700w, https:\/\/www.kz-gedenkstaette-dachau.de\/wp-content\/uploads\/2018\/11\/bordellbaracke_desinfektionsbaracke_1945-120x71.jpg 120w, https:\/\/www.kz-gedenkstaette-dachau.de\/wp-content\/uploads\/2018\/11\/bordellbaracke_desinfektionsbaracke_1945.jpg 1120w\" sizes=\"auto, (max-width: 700px) 100vw, 700px\" \/><p id=\"caption-attachment-64004\" class=\"wp-caption-text\"><small>Links: Die Bordell\u00b7baracke.<br \/>Rechts: Die Desinfektions\u00b7baracke.<br \/>Das Foto ist von Mai 1945.<br \/>(KZ-Gedenk\u00b7st\u00e4tte Dachau)<small><\/p><\/div>\n","protected":false},"excerpt":{"rendered":"<p>Station 11 sind die Funktions\u00b7geb\u00e4ude. Hinter den Wohn\u00b7baracken ist ein Bereich. Fr\u00fcher hatte dieser Bereich einen Zaun. In diesem Bereich waren die Funktions\u00b7geb\u00e4ude. Von 1950 bis 1970 wurden die Funktions\u00b7geb\u00e4ude abgerissen. Heute sind auf diesem Bereich religi\u00f6se Gedenk\u00b7orte. Die Funktions\u00b7geb\u00e4ude fr\u00fcher Auf dem Luft\u00b7bild sieht man die Funktions\u00b7geb\u00e4ude. Die Funktions\u00b7geb\u00e4ude hatten verschiedene Funktionen. Der rote&#8230; <a class=\"view-article\" href=\"https:\/\/www.kz-gedenkstaette-dachau.de\/dels\/historischer-ort\/virtueller-rundgang\/funktionsgebaeude\/\">Artikel anzeigen<\/a><\/p>\n","protected":false},"author":1,"featured_media":0,"parent":63630,"menu_order":1100,"comment_status":"closed","ping_status":"closed","template":"page-virtueller_rundgang_unterseite.php","meta":{"_acf_changed":false,"footnotes":""},"class_list":["post-63679","page","type-page","status-publish","hentry"],"acf":[],"yoast_head":"<!-- This site is optimized with the Yoast SEO plugin v27.4 - https:\/\/yoast.com\/product\/yoast-seo-wordpress\/ -->\n<title>Funktions\u00b7geb\u00e4ude - KZ Gedenkst\u00e4tte Dachau<\/title>\n<meta name=\"robots\" content=\"index, follow, max-snippet:-1, max-image-preview:large, max-video-preview:-1\" \/>\n<link rel=\"canonical\" href=\"https:\/\/www.kz-gedenkstaette-dachau.de\/dels\/historischer-ort\/virtueller-rundgang\/funktionsgebaeude\/\" \/>\n<meta property=\"og:locale\" content=\"en_US\" \/>\n<meta property=\"og:type\" content=\"article\" \/>\n<meta property=\"og:title\" content=\"Funktions\u00b7geb\u00e4ude - KZ Gedenkst\u00e4tte Dachau\" \/>\n<meta property=\"og:description\" content=\"Station 11 sind die Funktions\u00b7geb\u00e4ude. Hinter den Wohn\u00b7baracken ist ein Bereich. Fr\u00fcher hatte dieser Bereich einen Zaun. In diesem Bereich waren die Funktions\u00b7geb\u00e4ude. Von 1950 bis 1970 wurden die Funktions\u00b7geb\u00e4ude abgerissen. Heute sind auf diesem Bereich religi\u00f6se Gedenk\u00b7orte. Die Funktions\u00b7geb\u00e4ude fr\u00fcher Auf dem Luft\u00b7bild sieht man die Funktions\u00b7geb\u00e4ude. Die Funktions\u00b7geb\u00e4ude hatten verschiedene Funktionen. Der rote... Artikel anzeigen\" \/>\n<meta property=\"og:url\" content=\"https:\/\/www.kz-gedenkstaette-dachau.de\/dels\/historischer-ort\/virtueller-rundgang\/funktionsgebaeude\/\" \/>\n<meta property=\"og:site_name\" content=\"KZ Gedenkst\u00e4tte Dachau\" \/>\n<meta property=\"article:modified_time\" content=\"2020-03-31T15:19:53+00:00\" \/>\n<meta property=\"og:image\" content=\"https:\/\/www.kz-gedenkstaette-dachau.de\/wp-content\/uploads\/2018\/11\/luftbild_funktionsgebaeude_farblich-250x147.jpg\" \/>\n<meta name=\"twitter:card\" content=\"summary_large_image\" \/>\n<meta name=\"twitter:label1\" content=\"Est. reading time\" \/>\n\t<meta name=\"twitter:data1\" content=\"3 minutes\" \/>\n<script type=\"application\/ld+json\" class=\"yoast-schema-graph\">{\"@context\":\"https:\\\/\\\/schema.org\",\"@graph\":[{\"@type\":\"WebPage\",\"@id\":\"https:\\\/\\\/www.kz-gedenkstaette-dachau.de\\\/dels\\\/historischer-ort\\\/virtueller-rundgang\\\/funktionsgebaeude\\\/\",\"url\":\"https:\\\/\\\/www.kz-gedenkstaette-dachau.de\\\/dels\\\/historischer-ort\\\/virtueller-rundgang\\\/funktionsgebaeude\\\/\",\"name\":\"Funktions\u00b7geb\u00e4ude - KZ Gedenkst\u00e4tte Dachau\",\"isPartOf\":{\"@id\":\"https:\\\/\\\/www.kz-gedenkstaette-dachau.de\\\/#website\"},\"primaryImageOfPage\":{\"@id\":\"https:\\\/\\\/www.kz-gedenkstaette-dachau.de\\\/dels\\\/historischer-ort\\\/virtueller-rundgang\\\/funktionsgebaeude\\\/#primaryimage\"},\"image\":{\"@id\":\"https:\\\/\\\/www.kz-gedenkstaette-dachau.de\\\/dels\\\/historischer-ort\\\/virtueller-rundgang\\\/funktionsgebaeude\\\/#primaryimage\"},\"thumbnailUrl\":\"https:\\\/\\\/www.kz-gedenkstaette-dachau.de\\\/wp-content\\\/uploads\\\/2018\\\/11\\\/luftbild_funktionsgebaeude_farblich-250x147.jpg\",\"datePublished\":\"2018-09-04T10:42:23+00:00\",\"dateModified\":\"2020-03-31T15:19:53+00:00\",\"breadcrumb\":{\"@id\":\"https:\\\/\\\/www.kz-gedenkstaette-dachau.de\\\/dels\\\/historischer-ort\\\/virtueller-rundgang\\\/funktionsgebaeude\\\/#breadcrumb\"},\"inLanguage\":\"ls-DE\",\"potentialAction\":[{\"@type\":\"ReadAction\",\"target\":[\"https:\\\/\\\/www.kz-gedenkstaette-dachau.de\\\/dels\\\/historischer-ort\\\/virtueller-rundgang\\\/funktionsgebaeude\\\/\"]}]},{\"@type\":\"ImageObject\",\"inLanguage\":\"ls-DE\",\"@id\":\"https:\\\/\\\/www.kz-gedenkstaette-dachau.de\\\/dels\\\/historischer-ort\\\/virtueller-rundgang\\\/funktionsgebaeude\\\/#primaryimage\",\"url\":\"https:\\\/\\\/www.kz-gedenkstaette-dachau.de\\\/wp-content\\\/uploads\\\/2018\\\/11\\\/luftbild_funktionsgebaeude_farblich-250x147.jpg\",\"contentUrl\":\"https:\\\/\\\/www.kz-gedenkstaette-dachau.de\\\/wp-content\\\/uploads\\\/2018\\\/11\\\/luftbild_funktionsgebaeude_farblich-250x147.jpg\"},{\"@type\":\"BreadcrumbList\",\"@id\":\"https:\\\/\\\/www.kz-gedenkstaette-dachau.de\\\/dels\\\/historischer-ort\\\/virtueller-rundgang\\\/funktionsgebaeude\\\/#breadcrumb\",\"itemListElement\":[{\"@type\":\"ListItem\",\"position\":1,\"name\":\"Start\u00b7seite\",\"item\":\"https:\\\/\\\/www.kz-gedenkstaette-dachau.de\\\/dels\\\/\"},{\"@type\":\"ListItem\",\"position\":2,\"name\":\"Historischer Ort\",\"item\":\"https:\\\/\\\/www.kz-gedenkstaette-dachau.de\\\/dels\\\/historischer-ort\\\/\"},{\"@type\":\"ListItem\",\"position\":3,\"name\":\"Virtueller Rund\u00b7gang\",\"item\":\"https:\\\/\\\/www.kz-gedenkstaette-dachau.de\\\/dels\\\/historischer-ort\\\/virtueller-rundgang\\\/\"},{\"@type\":\"ListItem\",\"position\":4,\"name\":\"Funktions\u00b7geb\u00e4ude\"}]},{\"@type\":\"WebSite\",\"@id\":\"https:\\\/\\\/www.kz-gedenkstaette-dachau.de\\\/#website\",\"url\":\"https:\\\/\\\/www.kz-gedenkstaette-dachau.de\\\/\",\"name\":\"KZ Gedenkst\u00e4tte Dachau\",\"description\":\"\",\"potentialAction\":[{\"@type\":\"SearchAction\",\"target\":{\"@type\":\"EntryPoint\",\"urlTemplate\":\"https:\\\/\\\/www.kz-gedenkstaette-dachau.de\\\/?s={search_term_string}\"},\"query-input\":{\"@type\":\"PropertyValueSpecification\",\"valueRequired\":true,\"valueName\":\"search_term_string\"}}],\"inLanguage\":\"ls-DE\"}]}<\/script>\n<!-- \/ Yoast SEO plugin. -->","yoast_head_json":{"title":"Funktions\u00b7geb\u00e4ude - KZ Gedenkst\u00e4tte Dachau","robots":{"index":"index","follow":"follow","max-snippet":"max-snippet:-1","max-image-preview":"max-image-preview:large","max-video-preview":"max-video-preview:-1"},"canonical":"https:\/\/www.kz-gedenkstaette-dachau.de\/dels\/historischer-ort\/virtueller-rundgang\/funktionsgebaeude\/","og_locale":"en_US","og_type":"article","og_title":"Funktions\u00b7geb\u00e4ude - KZ Gedenkst\u00e4tte Dachau","og_description":"Station 11 sind die Funktions\u00b7geb\u00e4ude. Hinter den Wohn\u00b7baracken ist ein Bereich. Fr\u00fcher hatte dieser Bereich einen Zaun. In diesem Bereich waren die Funktions\u00b7geb\u00e4ude. Von 1950 bis 1970 wurden die Funktions\u00b7geb\u00e4ude abgerissen. Heute sind auf diesem Bereich religi\u00f6se Gedenk\u00b7orte. Die Funktions\u00b7geb\u00e4ude fr\u00fcher Auf dem Luft\u00b7bild sieht man die Funktions\u00b7geb\u00e4ude. Die Funktions\u00b7geb\u00e4ude hatten verschiedene Funktionen. Der rote... Artikel anzeigen","og_url":"https:\/\/www.kz-gedenkstaette-dachau.de\/dels\/historischer-ort\/virtueller-rundgang\/funktionsgebaeude\/","og_site_name":"KZ Gedenkst\u00e4tte Dachau","article_modified_time":"2020-03-31T15:19:53+00:00","og_image":[{"url":"https:\/\/www.kz-gedenkstaette-dachau.de\/wp-content\/uploads\/2018\/11\/luftbild_funktionsgebaeude_farblich-250x147.jpg","type":"","width":"","height":""}],"twitter_card":"summary_large_image","twitter_misc":{"Est. reading time":"3 minutes"},"schema":{"@context":"https:\/\/schema.org","@graph":[{"@type":"WebPage","@id":"https:\/\/www.kz-gedenkstaette-dachau.de\/dels\/historischer-ort\/virtueller-rundgang\/funktionsgebaeude\/","url":"https:\/\/www.kz-gedenkstaette-dachau.de\/dels\/historischer-ort\/virtueller-rundgang\/funktionsgebaeude\/","name":"Funktions\u00b7geb\u00e4ude - KZ Gedenkst\u00e4tte Dachau","isPartOf":{"@id":"https:\/\/www.kz-gedenkstaette-dachau.de\/#website"},"primaryImageOfPage":{"@id":"https:\/\/www.kz-gedenkstaette-dachau.de\/dels\/historischer-ort\/virtueller-rundgang\/funktionsgebaeude\/#primaryimage"},"image":{"@id":"https:\/\/www.kz-gedenkstaette-dachau.de\/dels\/historischer-ort\/virtueller-rundgang\/funktionsgebaeude\/#primaryimage"},"thumbnailUrl":"https:\/\/www.kz-gedenkstaette-dachau.de\/wp-content\/uploads\/2018\/11\/luftbild_funktionsgebaeude_farblich-250x147.jpg","datePublished":"2018-09-04T10:42:23+00:00","dateModified":"2020-03-31T15:19:53+00:00","breadcrumb":{"@id":"https:\/\/www.kz-gedenkstaette-dachau.de\/dels\/historischer-ort\/virtueller-rundgang\/funktionsgebaeude\/#breadcrumb"},"inLanguage":"ls-DE","potentialAction":[{"@type":"ReadAction","target":["https:\/\/www.kz-gedenkstaette-dachau.de\/dels\/historischer-ort\/virtueller-rundgang\/funktionsgebaeude\/"]}]},{"@type":"ImageObject","inLanguage":"ls-DE","@id":"https:\/\/www.kz-gedenkstaette-dachau.de\/dels\/historischer-ort\/virtueller-rundgang\/funktionsgebaeude\/#primaryimage","url":"https:\/\/www.kz-gedenkstaette-dachau.de\/wp-content\/uploads\/2018\/11\/luftbild_funktionsgebaeude_farblich-250x147.jpg","contentUrl":"https:\/\/www.kz-gedenkstaette-dachau.de\/wp-content\/uploads\/2018\/11\/luftbild_funktionsgebaeude_farblich-250x147.jpg"},{"@type":"BreadcrumbList","@id":"https:\/\/www.kz-gedenkstaette-dachau.de\/dels\/historischer-ort\/virtueller-rundgang\/funktionsgebaeude\/#breadcrumb","itemListElement":[{"@type":"ListItem","position":1,"name":"Start\u00b7seite","item":"https:\/\/www.kz-gedenkstaette-dachau.de\/dels\/"},{"@type":"ListItem","position":2,"name":"Historischer Ort","item":"https:\/\/www.kz-gedenkstaette-dachau.de\/dels\/historischer-ort\/"},{"@type":"ListItem","position":3,"name":"Virtueller Rund\u00b7gang","item":"https:\/\/www.kz-gedenkstaette-dachau.de\/dels\/historischer-ort\/virtueller-rundgang\/"},{"@type":"ListItem","position":4,"name":"Funktions\u00b7geb\u00e4ude"}]},{"@type":"WebSite","@id":"https:\/\/www.kz-gedenkstaette-dachau.de\/#website","url":"https:\/\/www.kz-gedenkstaette-dachau.de\/","name":"KZ Gedenkst\u00e4tte Dachau","description":"","potentialAction":[{"@type":"SearchAction","target":{"@type":"EntryPoint","urlTemplate":"https:\/\/www.kz-gedenkstaette-dachau.de\/?s={search_term_string}"},"query-input":{"@type":"PropertyValueSpecification","valueRequired":true,"valueName":"search_term_string"}}],"inLanguage":"ls-DE"}]}},"_links":{"self":[{"href":"https:\/\/www.kz-gedenkstaette-dachau.de\/dels\/wp-json\/wp\/v2\/pages\/63679","targetHints":{"allow":["GET"]}}],"collection":[{"href":"https:\/\/www.kz-gedenkstaette-dachau.de\/dels\/wp-json\/wp\/v2\/pages"}],"about":[{"href":"https:\/\/www.kz-gedenkstaette-dachau.de\/dels\/wp-json\/wp\/v2\/types\/page"}],"author":[{"embeddable":true,"href":"https:\/\/www.kz-gedenkstaette-dachau.de\/dels\/wp-json\/wp\/v2\/users\/1"}],"replies":[{"embeddable":true,"href":"https:\/\/www.kz-gedenkstaette-dachau.de\/dels\/wp-json\/wp\/v2\/comments?post=63679"}],"version-history":[{"count":0,"href":"https:\/\/www.kz-gedenkstaette-dachau.de\/dels\/wp-json\/wp\/v2\/pages\/63679\/revisions"}],"up":[{"embeddable":true,"href":"https:\/\/www.kz-gedenkstaette-dachau.de\/dels\/wp-json\/wp\/v2\/pages\/63630"}],"wp:attachment":[{"href":"https:\/\/www.kz-gedenkstaette-dachau.de\/dels\/wp-json\/wp\/v2\/media?parent=63679"}],"curies":[{"name":"wp","href":"https:\/\/api.w.org\/{rel}","templated":true}]}}