{"id":63747,"date":"2018-11-19T15:40:07","date_gmt":"2018-11-19T14:40:07","guid":{"rendered":"https:\/\/www.kz-gedenkstaette-dachau.de\/historischer-ort\/virtueller-rundgang-umgebung\/kz-graeberfeld-auf-dem-waldfriedhof\/"},"modified":"2020-04-01T18:18:08","modified_gmt":"2020-04-01T16:18:08","slug":"kz-graeberfeld-auf-dem-waldfriedhof","status":"publish","type":"page","link":"https:\/\/www.kz-gedenkstaette-dachau.de\/dels\/historischer-ort\/virtueller-rundgang-umgebung\/kz-graeberfeld-auf-dem-waldfriedhof\/","title":{"rendered":"KZ-Gr\u00e4ber\u00b7feld auf dem Wald\u00b7fried\u00b7hof"},"content":{"rendered":"<div id=\"attachment_63748\" style=\"width: 710px\" class=\"wp-caption alignnone\"><img loading=\"lazy\" decoding=\"async\" aria-describedby=\"caption-attachment-63748\" class=\"wp-image-63748\" src=\"https:\/\/www.kz-gedenkstaette-dachau.de\/wp-content\/uploads\/2018\/11\/waldfriedhof_terrassengraeber-250x147.jpg\" alt=\"Terrassen\u00b7gr\u00e4ber auf dem Wald\u00b7fried\u00b7hof. Das Foto ist von 2017. (KZ-Gedenk\u00b7st\u00e4tte Dachau)\" width=\"700\" height=\"413\" srcset=\"https:\/\/www.kz-gedenkstaette-dachau.de\/wp-content\/uploads\/2018\/11\/waldfriedhof_terrassengraeber-250x147.jpg 250w, https:\/\/www.kz-gedenkstaette-dachau.de\/wp-content\/uploads\/2018\/11\/waldfriedhof_terrassengraeber-768x453.jpg 768w, https:\/\/www.kz-gedenkstaette-dachau.de\/wp-content\/uploads\/2018\/11\/waldfriedhof_terrassengraeber-700x413.jpg 700w, https:\/\/www.kz-gedenkstaette-dachau.de\/wp-content\/uploads\/2018\/11\/waldfriedhof_terrassengraeber-120x71.jpg 120w, https:\/\/www.kz-gedenkstaette-dachau.de\/wp-content\/uploads\/2018\/11\/waldfriedhof_terrassengraeber.jpg 1120w\" sizes=\"auto, (max-width: 700px) 100vw, 700px\" \/><p id=\"caption-attachment-63748\" class=\"wp-caption-text\"><small>Terrassen\u00b7gr\u00e4ber auf dem Wald\u00b7fried\u00b7hof.<br \/>Das Foto ist von 2017.<br \/>(KZ-Gedenk\u00b7st\u00e4tte Dachau)<small><\/p><\/div>\n<p>Station 5 ist das KZ-Gr\u00e4ber\u00b7feld auf dem Wald\u00b7fried\u00b7hof.<br \/>\nIn Dachau gibt es einen Wald\u00b7fried\u00b7hof.<br \/>\nDer Nord\u00b7teil vom Wald\u00b7fried\u00b7hof ist besonders.<br \/>\nIm Nord\u00b7teil gibt es n\u00e4mlich eine besondere Grab\u00b7st\u00e4tte.<br \/>\nDie Grab\u00b7st\u00e4tte ist terassen\u00b7f\u00f6rmig.<br \/>\nDas hei\u00dft:<br \/>\nDie Grab\u00b7st\u00e4tte hat gro\u00dfe Stufen.<br \/>\nDiese Stufen sind sehr breit.<\/p>\n<p><strong>Wer ist in den Terrassen\u00b7gr\u00e4bern begraben?<\/strong><br \/>\nIn dieser Grab\u00b7st\u00e4tte sind 1.312 ehemalige <span style=\"color: #cc1800;\"><strong title=\"H\u00e4ftling ist ein anderes Wort f\u00fcr Gefangener.\">H\u00e4ftlinge<\/strong><\/span> begraben.<br \/>\nDie ehemaligen H\u00e4ftlinge sind kurz nach der Befreiung vom <span style=\"color: #cc1800;\"><strong title=\"KZ ist die Abk\u00fcrzung f\u00fcr Konzentrations\u00b7lager.\">KZ<\/strong><\/span> gestorben.<br \/>\nDie ehemaligen H\u00e4ftlinge sind <strong>1945<\/strong> gestorben.<br \/>\nDie ehemaligen H\u00e4ftlinge<br \/>\nsind an den Folgen von der <span style=\"color: #cc1800;\"><strong title=\"Viele Menschen wurden vom NS-Regime in die KZ gebracht. Diese Menschen waren dann H\u00e4ftlinge im KZ. Die Zeit der H\u00e4ftlinge im KZ nennt man auch KZ-Haft.\">KZ-Haft<\/strong><\/span> gestorben.<br \/>\nDas hei\u00dft:<br \/>\nDie ehemaligen H\u00e4ftlinge waren zum Beispiel krank.<br \/>\nOder sehr schwach.<br \/>\nOder die ehemaligen H\u00e4ftlinge<br \/>\nsind an den Folgen von <span style=\"color: #cc1800;\"><strong title=\"Die Nazis haben oft Menschen gefoltert. Das hei\u00dft: Die Nazis haben diese Menschen verletzt. Und bedroht. Und gequ\u00e4lt. Und erniedrigt. Die Nazis wollten Menschen damit bestrafen. Oder einsch\u00fcchtern. Oder die Nazis wollten die Menschen zwingen eine Information zu verraten. Deshalb wurden die Menschen gefoltert.\">Folter<\/strong><\/span> gestorben.<br \/>\nOder weil <span style=\"color: #cc1800;\"><strong title=\"Viele SS-M\u00e4nner haben im KZ gearbeitet. Diese SS-M\u00e4nner hatten den Namen: Lager-SS. Die Lager-SS war zust\u00e4ndig f\u00fcr die Organisation des H\u00e4ftlings\u00b7lagers. Die Lager-SS hat die H\u00e4ftlinge bewacht. Und die H\u00e4ftlinge bestraft. Die Lager-SS hat auch viele H\u00e4ftlinge miss\u00b7handelt. Und viele H\u00e4ftlinge get\u00f6tet.\">SS-M\u00e4nner<\/strong><\/span> die ehemaligen H\u00e4ftlinge miss\u00b7handelt haben.<\/p>\n<p>Das KZ Dachau wurde am <strong>29. April 1945<\/strong> befreit.<br \/>\nDie US-Armee hat das KZ Dachau befreit.<br \/>\nDann hat die US-Armee aus dem KZ ein <span style=\"color: #cc1800;\"><strong title=\"Nach dem 2. Welt\u00b7krieg hat die US-Armee das Gel\u00e4nde vom KZ Dachau \u00fcbernommen. Ab Juli 1945 hat US-Armee das ehemalige KZ als Internierungs\u00b7lager genutzt. Das Internierungs\u00b7lager war ein besonderes Gef\u00e4ngnis. In diesem Gef\u00e4ngnis hat die US-Armee nur bestimmte Menschen eingesperrt. Diese Menschen waren zum Beispiel: \u2022 Mitglieder von der NSDAP \u2022 SS-M\u00e4nner Die US-Armee wollte die NSDAP aufl\u00f6sen. Und die US-Armee wollte die Verbrechen von den Nazis aufkl\u00e4ren. Und die Verbrecher bestrafen.\">Internierungs\u00b7lager<\/strong><\/span> gemacht.<br \/>\nDie US-Armee musste Wach\u00b7leute f\u00fcr das Internierungs\u00b7lager haben.<br \/>\nEinige Wach\u00b7leute waren polnische Menschen.<br \/>\nManche von diesen polnischen Menschen sind gestorben.<br \/>\nDiese polnischen Menschen<br \/>\nwurden in der obersten Reihe von den Terrassen\u00b7gr\u00e4bern begraben.<\/p>\n<p><strong>Von 1955 bis 1958<\/strong> wurden einige tote H\u00e4ftlinge exhumiert.<br \/>\nDas hei\u00dft:<br \/>\nDie toten H\u00e4ftlinge wurden aus den Gr\u00e4bern geholt.<br \/>\nDer franz\u00f6sische Such\u00b7dienst hat die Leichen exhumiert.<br \/>\nDer franz\u00f6sische Such\u00b7dienst wollte wissen:<br \/>\nSind in den Gr\u00e4bern tote Franzosen?<br \/>\nDas hei\u00dft:<br \/>\nStammen die toten H\u00e4ftlinge aus Frankreich?<br \/>\nDann m\u00fcssen diese toten H\u00e4ftlinge in Frankreich beerdigt werden.<br \/>\nDeshalb hat der franz\u00f6sische Such\u00b7dienst<br \/>\neinige Leichen nach Frankreich gebracht.<br \/>\nUnd in Frankreich beerdigt.<br \/>\nDas haben auch Such\u00b7dienste aus anderen L\u00e4ndern gemacht.<br \/>\nDiese L\u00e4nder waren:<\/p>\n<ul>\n<li>Italien<\/li>\n<li>Belgien<\/li>\n<li>Holland<\/li>\n<\/ul>\n<p>Diese L\u00e4nder haben die toten Menschen in ihre Heimat zur\u00fcckgebracht.<br \/>\nUnd dort beerdigt.<\/p>\n<p>Deshalb waren dann einige Gr\u00e4ber auf dem Wald\u00b7fried\u00b7hof leer.<br \/>\nIn diesen Gr\u00e4bern wurden dann andere ehemalige KZ-H\u00e4ftlinge beerdigt.<br \/>\nDiese Menschen sind bei den Todes\u00b7m\u00e4rschen gestorben.<br \/>\nInformationen zu den Todes\u00b7m\u00e4rschen<br \/>\nfinden Sie bei <a href=\"https:\/\/www.kz-gedenkstaette-dachau.de\/dels\/historischer-ort\/virtueller-rundgang-umgebung\/todesmarsch-mahnmal\/\">Station 6<\/a><br \/>\nUnd dann auf der Strecke von den Todes\u00b7m\u00e4rschen beerdigt worden.<br \/>\nDiese toten Menschen wurden dann aber exhumiert.<br \/>\nUnd auf dem Wald\u00b7fried\u00b7hof begraben.<\/p>\n<p><strong>Was gibt es noch auf dem Wald\u00b7fried\u00b7hof?<\/strong><br \/>\nIn der N\u00e4he von den Terrassen\u00b7gr\u00e4bern<br \/>\ngibt es verschiedene Mahn\u00b7male.<br \/>\nDiese Mahn\u00b7male erinnern an die Opfer von den Nazis.<br \/>\nDie Mahn\u00b7male erinnern an:<\/p>\n<ul>\n<li>die j\u00fcdischen Opfer.<\/li>\n<li>die polnischen Opfer.<\/li>\n<li>die \u00f6sterreichischen Opfer.<\/li>\n<\/ul>\n<p>Es gibt auch einen Gedenk\u00b7stein.<br \/>\nDer Gedenk\u00b7stein erinnert an die Opfer des Dachauer Aufstandes.<br \/>\nDer Dachauer Aufstand war am <strong>28. April 1945<\/strong>.<br \/>\nBei dem Aufstand haben ein paar Menschen das Rat\u00b7haus in Dachau gest\u00fcrmt.<br \/>\nDiese Menschen nennt man: Widerstands\u00b7k\u00e4mpfer.<br \/>\nDiese Widerstands\u00b7k\u00e4mpfer waren Einwohner von Dachau.<br \/>\nUnd entflohene KZ-H\u00e4ftlinge.<br \/>\nDas hei\u00dft:<br \/>\nDiese H\u00e4ftlinge konnten aus dem KZ fliehen.<br \/>\nDiese Menschen wollten die Stadt Dachau von den Nazis befreien.<br \/>\nAber:<br \/>\nDie Waffen-SS hat den Aufstand beendet.<br \/>\nDie Waffen-SS war ein Teil von der <span style=\"color: #cc1800;\"><strong title=\"SS ist die Abk\u00fcrzung f\u00fcr Schutz\u00b7staffel. Die SS hat zu der NSDAP geh\u00f6rt. Die SS hat die die KZ kontrolliert. Und die SS hat die H\u00e4ftlinge im KZ bewacht. Viele europ\u00e4ische Juden sind in Vernichtungs\u00b7lagern get\u00f6tet worden. Und viele europ\u00e4ische Roma und Sinti sind in Vernichtungs\u00b7lagern get\u00f6tet worden. Das hat die SS organisiert. Truppen von der SS haben auch im 2. Welt\u00b7krieg gek\u00e4mpft. Diese Truppen waren besonders brutal. Die Truppen haben gegen Widerstands\u00b7k\u00e4mpfer gek\u00e4mpft. Die Widerstands\u00b7k\u00e4mpfer waren gegen die Nazis. Und gegen die Zivil\u00b7bev\u00f6lkerung. Die Zivil\u00b7bev\u00f6lkerung k\u00e4mpft nicht im Krieg mit. Die SS hat viele Menschen ermordet.\">SS<\/strong><\/span>.<br \/>\nDabei hat die Waffen-SS 6 von den Menschen get\u00f6tet.<br \/>\nAm Rat\u00b7haus\u00b7platz von Dachau gibt es eine Gedenk\u00b7tafel.<br \/>\nAuch diese Gedenk\u00b7tafel erinnert an den Dachauer Aufstand.<br \/>\nUnd an die Opfer von dem Aufstand.<\/p>\n","protected":false},"excerpt":{"rendered":"<p>Station 5 ist das KZ-Gr\u00e4ber\u00b7feld auf dem Wald\u00b7fried\u00b7hof. In Dachau gibt es einen Wald\u00b7fried\u00b7hof. Der Nord\u00b7teil vom Wald\u00b7fried\u00b7hof ist besonders. Im Nord\u00b7teil gibt es n\u00e4mlich eine besondere Grab\u00b7st\u00e4tte. Die Grab\u00b7st\u00e4tte ist terassen\u00b7f\u00f6rmig. Das hei\u00dft: Die Grab\u00b7st\u00e4tte hat gro\u00dfe Stufen. Diese Stufen sind sehr breit. Wer ist in den Terrassen\u00b7gr\u00e4bern begraben? In dieser Grab\u00b7st\u00e4tte sind 1.312&#8230; <a class=\"view-article\" href=\"https:\/\/www.kz-gedenkstaette-dachau.de\/dels\/historischer-ort\/virtueller-rundgang-umgebung\/kz-graeberfeld-auf-dem-waldfriedhof\/\">Artikel anzeigen<\/a><\/p>\n","protected":false},"author":1,"featured_media":0,"parent":63718,"menu_order":500,"comment_status":"closed","ping_status":"closed","template":"page-virtueller_rundgang_unterseite.php","meta":{"_acf_changed":false,"footnotes":""},"class_list":["post-63747","page","type-page","status-publish","hentry"],"acf":[],"yoast_head":"<!-- This site is optimized with the Yoast SEO plugin v27.4 - https:\/\/yoast.com\/product\/yoast-seo-wordpress\/ -->\n<title>KZ-Gr\u00e4ber\u00b7feld auf dem Wald\u00b7fried\u00b7hof - KZ Gedenkst\u00e4tte Dachau<\/title>\n<meta name=\"robots\" content=\"index, follow, max-snippet:-1, max-image-preview:large, max-video-preview:-1\" \/>\n<link rel=\"canonical\" href=\"https:\/\/www.kz-gedenkstaette-dachau.de\/dels\/historischer-ort\/virtueller-rundgang-umgebung\/kz-graeberfeld-auf-dem-waldfriedhof\/\" \/>\n<meta property=\"og:locale\" content=\"en_US\" \/>\n<meta property=\"og:type\" content=\"article\" \/>\n<meta property=\"og:title\" content=\"KZ-Gr\u00e4ber\u00b7feld auf dem Wald\u00b7fried\u00b7hof - KZ Gedenkst\u00e4tte Dachau\" \/>\n<meta property=\"og:description\" content=\"Station 5 ist das KZ-Gr\u00e4ber\u00b7feld auf dem Wald\u00b7fried\u00b7hof. In Dachau gibt es einen Wald\u00b7fried\u00b7hof. Der Nord\u00b7teil vom Wald\u00b7fried\u00b7hof ist besonders. Im Nord\u00b7teil gibt es n\u00e4mlich eine besondere Grab\u00b7st\u00e4tte. Die Grab\u00b7st\u00e4tte ist terassen\u00b7f\u00f6rmig. Das hei\u00dft: Die Grab\u00b7st\u00e4tte hat gro\u00dfe Stufen. Diese Stufen sind sehr breit. Wer ist in den Terrassen\u00b7gr\u00e4bern begraben? In dieser Grab\u00b7st\u00e4tte sind 1.312... Artikel anzeigen\" \/>\n<meta property=\"og:url\" content=\"https:\/\/www.kz-gedenkstaette-dachau.de\/dels\/historischer-ort\/virtueller-rundgang-umgebung\/kz-graeberfeld-auf-dem-waldfriedhof\/\" \/>\n<meta property=\"og:site_name\" content=\"KZ Gedenkst\u00e4tte Dachau\" \/>\n<meta property=\"article:modified_time\" content=\"2020-04-01T16:18:08+00:00\" \/>\n<meta property=\"og:image\" content=\"https:\/\/www.kz-gedenkstaette-dachau.de\/wp-content\/uploads\/2018\/11\/waldfriedhof_terrassengraeber-250x147.jpg\" \/>\n<meta name=\"twitter:card\" content=\"summary_large_image\" \/>\n<meta name=\"twitter:label1\" content=\"Est. reading time\" \/>\n\t<meta name=\"twitter:data1\" content=\"3 minutes\" \/>\n<script type=\"application\/ld+json\" class=\"yoast-schema-graph\">{\"@context\":\"https:\\\/\\\/schema.org\",\"@graph\":[{\"@type\":\"WebPage\",\"@id\":\"https:\\\/\\\/www.kz-gedenkstaette-dachau.de\\\/dels\\\/historischer-ort\\\/virtueller-rundgang-umgebung\\\/kz-graeberfeld-auf-dem-waldfriedhof\\\/\",\"url\":\"https:\\\/\\\/www.kz-gedenkstaette-dachau.de\\\/dels\\\/historischer-ort\\\/virtueller-rundgang-umgebung\\\/kz-graeberfeld-auf-dem-waldfriedhof\\\/\",\"name\":\"KZ-Gr\u00e4ber\u00b7feld auf dem Wald\u00b7fried\u00b7hof - KZ Gedenkst\u00e4tte Dachau\",\"isPartOf\":{\"@id\":\"https:\\\/\\\/www.kz-gedenkstaette-dachau.de\\\/#website\"},\"primaryImageOfPage\":{\"@id\":\"https:\\\/\\\/www.kz-gedenkstaette-dachau.de\\\/dels\\\/historischer-ort\\\/virtueller-rundgang-umgebung\\\/kz-graeberfeld-auf-dem-waldfriedhof\\\/#primaryimage\"},\"image\":{\"@id\":\"https:\\\/\\\/www.kz-gedenkstaette-dachau.de\\\/dels\\\/historischer-ort\\\/virtueller-rundgang-umgebung\\\/kz-graeberfeld-auf-dem-waldfriedhof\\\/#primaryimage\"},\"thumbnailUrl\":\"https:\\\/\\\/www.kz-gedenkstaette-dachau.de\\\/wp-content\\\/uploads\\\/2018\\\/11\\\/waldfriedhof_terrassengraeber-250x147.jpg\",\"datePublished\":\"2018-11-19T14:40:07+00:00\",\"dateModified\":\"2020-04-01T16:18:08+00:00\",\"breadcrumb\":{\"@id\":\"https:\\\/\\\/www.kz-gedenkstaette-dachau.de\\\/dels\\\/historischer-ort\\\/virtueller-rundgang-umgebung\\\/kz-graeberfeld-auf-dem-waldfriedhof\\\/#breadcrumb\"},\"inLanguage\":\"ls-DE\",\"potentialAction\":[{\"@type\":\"ReadAction\",\"target\":[\"https:\\\/\\\/www.kz-gedenkstaette-dachau.de\\\/dels\\\/historischer-ort\\\/virtueller-rundgang-umgebung\\\/kz-graeberfeld-auf-dem-waldfriedhof\\\/\"]}]},{\"@type\":\"ImageObject\",\"inLanguage\":\"ls-DE\",\"@id\":\"https:\\\/\\\/www.kz-gedenkstaette-dachau.de\\\/dels\\\/historischer-ort\\\/virtueller-rundgang-umgebung\\\/kz-graeberfeld-auf-dem-waldfriedhof\\\/#primaryimage\",\"url\":\"https:\\\/\\\/www.kz-gedenkstaette-dachau.de\\\/wp-content\\\/uploads\\\/2018\\\/11\\\/waldfriedhof_terrassengraeber-250x147.jpg\",\"contentUrl\":\"https:\\\/\\\/www.kz-gedenkstaette-dachau.de\\\/wp-content\\\/uploads\\\/2018\\\/11\\\/waldfriedhof_terrassengraeber-250x147.jpg\"},{\"@type\":\"BreadcrumbList\",\"@id\":\"https:\\\/\\\/www.kz-gedenkstaette-dachau.de\\\/dels\\\/historischer-ort\\\/virtueller-rundgang-umgebung\\\/kz-graeberfeld-auf-dem-waldfriedhof\\\/#breadcrumb\",\"itemListElement\":[{\"@type\":\"ListItem\",\"position\":1,\"name\":\"Start\u00b7seite\",\"item\":\"https:\\\/\\\/www.kz-gedenkstaette-dachau.de\\\/dels\\\/\"},{\"@type\":\"ListItem\",\"position\":2,\"name\":\"Historischer Ort\",\"item\":\"https:\\\/\\\/www.kz-gedenkstaette-dachau.de\\\/dels\\\/historischer-ort\\\/\"},{\"@type\":\"ListItem\",\"position\":3,\"name\":\"Virtueller Rund\u00b7gang Umgebung\",\"item\":\"https:\\\/\\\/www.kz-gedenkstaette-dachau.de\\\/dels\\\/historischer-ort\\\/virtueller-rundgang-umgebung\\\/\"},{\"@type\":\"ListItem\",\"position\":4,\"name\":\"KZ-Gr\u00e4ber\u00b7feld auf dem Wald\u00b7fried\u00b7hof\"}]},{\"@type\":\"WebSite\",\"@id\":\"https:\\\/\\\/www.kz-gedenkstaette-dachau.de\\\/#website\",\"url\":\"https:\\\/\\\/www.kz-gedenkstaette-dachau.de\\\/\",\"name\":\"KZ Gedenkst\u00e4tte Dachau\",\"description\":\"\",\"potentialAction\":[{\"@type\":\"SearchAction\",\"target\":{\"@type\":\"EntryPoint\",\"urlTemplate\":\"https:\\\/\\\/www.kz-gedenkstaette-dachau.de\\\/?s={search_term_string}\"},\"query-input\":{\"@type\":\"PropertyValueSpecification\",\"valueRequired\":true,\"valueName\":\"search_term_string\"}}],\"inLanguage\":\"ls-DE\"}]}<\/script>\n<!-- \/ Yoast SEO plugin. -->","yoast_head_json":{"title":"KZ-Gr\u00e4ber\u00b7feld auf dem Wald\u00b7fried\u00b7hof - KZ Gedenkst\u00e4tte Dachau","robots":{"index":"index","follow":"follow","max-snippet":"max-snippet:-1","max-image-preview":"max-image-preview:large","max-video-preview":"max-video-preview:-1"},"canonical":"https:\/\/www.kz-gedenkstaette-dachau.de\/dels\/historischer-ort\/virtueller-rundgang-umgebung\/kz-graeberfeld-auf-dem-waldfriedhof\/","og_locale":"en_US","og_type":"article","og_title":"KZ-Gr\u00e4ber\u00b7feld auf dem Wald\u00b7fried\u00b7hof - KZ Gedenkst\u00e4tte Dachau","og_description":"Station 5 ist das KZ-Gr\u00e4ber\u00b7feld auf dem Wald\u00b7fried\u00b7hof. In Dachau gibt es einen Wald\u00b7fried\u00b7hof. Der Nord\u00b7teil vom Wald\u00b7fried\u00b7hof ist besonders. Im Nord\u00b7teil gibt es n\u00e4mlich eine besondere Grab\u00b7st\u00e4tte. Die Grab\u00b7st\u00e4tte ist terassen\u00b7f\u00f6rmig. Das hei\u00dft: Die Grab\u00b7st\u00e4tte hat gro\u00dfe Stufen. Diese Stufen sind sehr breit. Wer ist in den Terrassen\u00b7gr\u00e4bern begraben? In dieser Grab\u00b7st\u00e4tte sind 1.312... Artikel anzeigen","og_url":"https:\/\/www.kz-gedenkstaette-dachau.de\/dels\/historischer-ort\/virtueller-rundgang-umgebung\/kz-graeberfeld-auf-dem-waldfriedhof\/","og_site_name":"KZ Gedenkst\u00e4tte Dachau","article_modified_time":"2020-04-01T16:18:08+00:00","og_image":[{"url":"https:\/\/www.kz-gedenkstaette-dachau.de\/wp-content\/uploads\/2018\/11\/waldfriedhof_terrassengraeber-250x147.jpg","type":"","width":"","height":""}],"twitter_card":"summary_large_image","twitter_misc":{"Est. reading time":"3 minutes"},"schema":{"@context":"https:\/\/schema.org","@graph":[{"@type":"WebPage","@id":"https:\/\/www.kz-gedenkstaette-dachau.de\/dels\/historischer-ort\/virtueller-rundgang-umgebung\/kz-graeberfeld-auf-dem-waldfriedhof\/","url":"https:\/\/www.kz-gedenkstaette-dachau.de\/dels\/historischer-ort\/virtueller-rundgang-umgebung\/kz-graeberfeld-auf-dem-waldfriedhof\/","name":"KZ-Gr\u00e4ber\u00b7feld auf dem Wald\u00b7fried\u00b7hof - KZ Gedenkst\u00e4tte Dachau","isPartOf":{"@id":"https:\/\/www.kz-gedenkstaette-dachau.de\/#website"},"primaryImageOfPage":{"@id":"https:\/\/www.kz-gedenkstaette-dachau.de\/dels\/historischer-ort\/virtueller-rundgang-umgebung\/kz-graeberfeld-auf-dem-waldfriedhof\/#primaryimage"},"image":{"@id":"https:\/\/www.kz-gedenkstaette-dachau.de\/dels\/historischer-ort\/virtueller-rundgang-umgebung\/kz-graeberfeld-auf-dem-waldfriedhof\/#primaryimage"},"thumbnailUrl":"https:\/\/www.kz-gedenkstaette-dachau.de\/wp-content\/uploads\/2018\/11\/waldfriedhof_terrassengraeber-250x147.jpg","datePublished":"2018-11-19T14:40:07+00:00","dateModified":"2020-04-01T16:18:08+00:00","breadcrumb":{"@id":"https:\/\/www.kz-gedenkstaette-dachau.de\/dels\/historischer-ort\/virtueller-rundgang-umgebung\/kz-graeberfeld-auf-dem-waldfriedhof\/#breadcrumb"},"inLanguage":"ls-DE","potentialAction":[{"@type":"ReadAction","target":["https:\/\/www.kz-gedenkstaette-dachau.de\/dels\/historischer-ort\/virtueller-rundgang-umgebung\/kz-graeberfeld-auf-dem-waldfriedhof\/"]}]},{"@type":"ImageObject","inLanguage":"ls-DE","@id":"https:\/\/www.kz-gedenkstaette-dachau.de\/dels\/historischer-ort\/virtueller-rundgang-umgebung\/kz-graeberfeld-auf-dem-waldfriedhof\/#primaryimage","url":"https:\/\/www.kz-gedenkstaette-dachau.de\/wp-content\/uploads\/2018\/11\/waldfriedhof_terrassengraeber-250x147.jpg","contentUrl":"https:\/\/www.kz-gedenkstaette-dachau.de\/wp-content\/uploads\/2018\/11\/waldfriedhof_terrassengraeber-250x147.jpg"},{"@type":"BreadcrumbList","@id":"https:\/\/www.kz-gedenkstaette-dachau.de\/dels\/historischer-ort\/virtueller-rundgang-umgebung\/kz-graeberfeld-auf-dem-waldfriedhof\/#breadcrumb","itemListElement":[{"@type":"ListItem","position":1,"name":"Start\u00b7seite","item":"https:\/\/www.kz-gedenkstaette-dachau.de\/dels\/"},{"@type":"ListItem","position":2,"name":"Historischer Ort","item":"https:\/\/www.kz-gedenkstaette-dachau.de\/dels\/historischer-ort\/"},{"@type":"ListItem","position":3,"name":"Virtueller Rund\u00b7gang Umgebung","item":"https:\/\/www.kz-gedenkstaette-dachau.de\/dels\/historischer-ort\/virtueller-rundgang-umgebung\/"},{"@type":"ListItem","position":4,"name":"KZ-Gr\u00e4ber\u00b7feld auf dem Wald\u00b7fried\u00b7hof"}]},{"@type":"WebSite","@id":"https:\/\/www.kz-gedenkstaette-dachau.de\/#website","url":"https:\/\/www.kz-gedenkstaette-dachau.de\/","name":"KZ Gedenkst\u00e4tte Dachau","description":"","potentialAction":[{"@type":"SearchAction","target":{"@type":"EntryPoint","urlTemplate":"https:\/\/www.kz-gedenkstaette-dachau.de\/?s={search_term_string}"},"query-input":{"@type":"PropertyValueSpecification","valueRequired":true,"valueName":"search_term_string"}}],"inLanguage":"ls-DE"}]}},"_links":{"self":[{"href":"https:\/\/www.kz-gedenkstaette-dachau.de\/dels\/wp-json\/wp\/v2\/pages\/63747","targetHints":{"allow":["GET"]}}],"collection":[{"href":"https:\/\/www.kz-gedenkstaette-dachau.de\/dels\/wp-json\/wp\/v2\/pages"}],"about":[{"href":"https:\/\/www.kz-gedenkstaette-dachau.de\/dels\/wp-json\/wp\/v2\/types\/page"}],"author":[{"embeddable":true,"href":"https:\/\/www.kz-gedenkstaette-dachau.de\/dels\/wp-json\/wp\/v2\/users\/1"}],"replies":[{"embeddable":true,"href":"https:\/\/www.kz-gedenkstaette-dachau.de\/dels\/wp-json\/wp\/v2\/comments?post=63747"}],"version-history":[{"count":0,"href":"https:\/\/www.kz-gedenkstaette-dachau.de\/dels\/wp-json\/wp\/v2\/pages\/63747\/revisions"}],"up":[{"embeddable":true,"href":"https:\/\/www.kz-gedenkstaette-dachau.de\/dels\/wp-json\/wp\/v2\/pages\/63718"}],"wp:attachment":[{"href":"https:\/\/www.kz-gedenkstaette-dachau.de\/dels\/wp-json\/wp\/v2\/media?parent=63747"}],"curies":[{"name":"wp","href":"https:\/\/api.w.org\/{rel}","templated":true}]}}