{"id":63751,"date":"2018-11-19T15:41:37","date_gmt":"2018-11-19T14:41:37","guid":{"rendered":"https:\/\/www.kz-gedenkstaette-dachau.de\/historischer-ort\/virtueller-rundgang-umgebung\/todesmarsch-mahnmal\/"},"modified":"2020-04-01T18:23:39","modified_gmt":"2020-04-01T16:23:39","slug":"todesmarsch-mahnmal","status":"publish","type":"page","link":"https:\/\/www.kz-gedenkstaette-dachau.de\/dels\/historischer-ort\/virtueller-rundgang-umgebung\/todesmarsch-mahnmal\/","title":{"rendered":"Todes\u00b7marsch-Mahn\u00b7mal"},"content":{"rendered":"<div id=\"attachment_63752\" style=\"width: 710px\" class=\"wp-caption alignnone\"><img loading=\"lazy\" decoding=\"async\" aria-describedby=\"caption-attachment-63752\" class=\"wp-image-63752\" src=\"https:\/\/www.kz-gedenkstaette-dachau.de\/wp-content\/uploads\/2018\/11\/todesmarsch_mahnmal-250x147.jpg\" alt=\"Das Todes\u00b7marsch-Mahn\u00b7mal in Dachau. Das Foto ist von 2017. (KZ-Gedenk\u00b7st\u00e4tte Dachau)\" width=\"700\" height=\"413\" srcset=\"https:\/\/www.kz-gedenkstaette-dachau.de\/wp-content\/uploads\/2018\/11\/todesmarsch_mahnmal-250x147.jpg 250w, https:\/\/www.kz-gedenkstaette-dachau.de\/wp-content\/uploads\/2018\/11\/todesmarsch_mahnmal-768x453.jpg 768w, https:\/\/www.kz-gedenkstaette-dachau.de\/wp-content\/uploads\/2018\/11\/todesmarsch_mahnmal-700x413.jpg 700w, https:\/\/www.kz-gedenkstaette-dachau.de\/wp-content\/uploads\/2018\/11\/todesmarsch_mahnmal-120x71.jpg 120w, https:\/\/www.kz-gedenkstaette-dachau.de\/wp-content\/uploads\/2018\/11\/todesmarsch_mahnmal.jpg 1120w\" sizes=\"auto, (max-width: 700px) 100vw, 700px\" \/><p id=\"caption-attachment-63752\" class=\"wp-caption-text\"><small>Das Todes\u00b7marsch-Mahn\u00b7mal in Dachau.<br \/>Das Foto ist von 2017.<br \/>(KZ-Gedenk\u00b7st\u00e4tte Dachau)<small><\/p><\/div>\n<p>Station 6 ist das Todes\u00b7marsch-Mahn\u00b7mal.<br \/>\n<strong>Im April 1945<\/strong> wurde das <span style=\"color: #cc1800;\"><strong title=\"KZ ist die Abk\u00fcrzung f\u00fcr Konzentrations\u00b7lager.\">KZ<\/strong><\/span> Dachau evakuiert.<br \/>\nDeshalb mussten viele <span style=\"color: #cc1800;\"><strong title=\"H\u00e4ftling ist ein anderes Wort f\u00fcr Gefangener.\">H\u00e4ftlinge<\/strong><\/span> Todes\u00b7m\u00e4rsche machen.<\/p>\n<p><strong>Warum wurden die KZ evakuiert?<\/strong><br \/>\n<strong>Ab 1944<\/strong> hat das <span style=\"color: #cc1800;\"><strong title=\"Ein Regime ist eine spezielle Art von Regierung. Das NS-Regime war eine Diktatur. Eine Diktatur ist nicht demokratisch. Das hei\u00dft: In einer Diktatur darf das Volk nicht entscheiden. Nur der Diktator darf entscheiden. Eine Diktatur ist nicht freiheitlich. Das hei\u00dft: Die pers\u00f6nliche Freiheit der Menschen wurde eingeschr\u00e4nkt. Viele Menschen wurden ausgegrenzt. Und viele Menschen wurden verfolgt.\">NS-Regime<\/strong><\/span> gewusst:<br \/>\nDas <span style=\"color: #cc1800;\"><strong title=\"Fr\u00fcher hatte Deutschland den Namen: Deutsches Reich. Das war von 1871 bis 1945.\">Deutsche Reich<\/strong><\/span> wird den <span style=\"color: #cc1800;\"><strong title=\"Der 2. Welt\u00b7krieg war von 1939 bis 1945. Das NS-Regime hat den 2. Welt\u00b7krieg angefangen. Das NS-Regime hat n\u00e4mlich andere L\u00e4nder angegriffen. Und andere L\u00e4nder besetzt. Am 2. Welt\u00b7krieg waren viele L\u00e4nder in Europa beteiligt. Und viele L\u00e4nder aus der ganzen Welt. Der 2. Welt\u00b7krieg war der schlimmste Krieg der Geschichte. Sehr viele Menschen sind im 2. Welt\u00b7krieg gestorben. Es waren mehrere Millionen Menschen.\">2. Welt\u00b7krieg<\/strong><\/span> verlieren.<br \/>\nDie Gegner von den Nazis sind n\u00e4her an die Grenzen vom Deutschen Reich ger\u00fcckt.<br \/>\nUnd die Gegner von den Nazis wollten die KZ befreien.<br \/>\nDeshalb wurden die KZ evakuiert.<br \/>\nDas hei\u00dft:<br \/>\nDie <span style=\"color: #cc1800;\"><strong title=\"SS ist die Abk\u00fcrzung f\u00fcr Schutz\u00b7staffel. Die SS hat zu der NSDAP geh\u00f6rt. Die SS hat die die KZ kontrolliert. Und die SS hat die H\u00e4ftlinge im KZ bewacht. Viele europ\u00e4ische Juden sind in Vernichtungs\u00b7lagern get\u00f6tet worden. Und viele europ\u00e4ische Roma und Sinti sind in Vernichtungs\u00b7lagern get\u00f6tet worden. Das hat die SS organisiert. Truppen von der SS haben auch im 2. Welt\u00b7krieg gek\u00e4mpft. Diese Truppen waren besonders brutal. Die Truppen haben gegen Widerstands\u00b7k\u00e4mpfer gek\u00e4mpft. Die Widerstands\u00b7k\u00e4mpfer waren gegen die Nazis. Und gegen die Zivil\u00b7bev\u00f6lkerung. Die Zivil\u00b7bev\u00f6lkerung k\u00e4mpft nicht im Krieg mit. Die SS hat viele Menschen ermordet.\">SS<\/strong><\/span> hat KZ aufgel\u00f6st.<br \/>\nDie H\u00e4ftlinge wurden dann in andere KZ gebracht.<br \/>\nSo wollten die Nazis die Kontrolle \u00fcber die H\u00e4ftlinge behalten.<br \/>\nNach und nach wurden immer mehr KZ evakuiert.<\/p>\n<p><strong>Todes\u00b7m\u00e4rsche nach Dachau<\/strong><br \/>\nDie Gegner von den Nazis waren erst noch weit weg vom KZ Dachau.<br \/>\nDas KZ Dachau war n\u00e4mlich im Deutschen Reich.<br \/>\nAber die Gegner von den Nazis waren noch <strong>nicht<\/strong> im Deutschen Reich.<br \/>\nDeshalb sind viele H\u00e4ftlinge aus den anderen KZ nach Dachau gekommen.<br \/>\nDiese H\u00e4ftlinge waren aus den KZ:<\/p>\n<ul>\n<li>Auschwitz<\/li>\n<li>Natzweiler<\/li>\n<li>Flossenb\u00fcrg<\/li>\n<li>Buchenwald<\/li>\n<\/ul>\n<p>Die H\u00e4ftlinge sind zum Beispiel mit dem Zug gekommen.<br \/>\nOder diese Menschen mussten zu Fu\u00df gehen.<br \/>\nDas nennt man: Gewalt\u00b7m\u00e4rsche.<br \/>\nOder Todes\u00b7m\u00e4rsche.<br \/>\nBei diesen M\u00e4rschen sind n\u00e4mlich auch sehr viele Menschen gestorben.<\/p>\n<p><strong>Todes\u00b7m\u00e4rsche aus Dachau<\/strong><br \/>\n<strong>Ab dem 23. April 1945<\/strong> wurde der Au\u00dfen\u00b7lager\u00b7komplex Kaufering evakuiert.<br \/>\nAm <strong>26. April 1945<\/strong> wurden die ersten H\u00e4ftlinge<br \/>\naus dem KZ Dachau evakuiert.<br \/>\n25.000 H\u00e4ftlinge wurden aus dem kompletten Lager-System von Dachau evakuiert.<br \/>\nH\u00e4ftlingen wurden mit dem Zug weggebracht.<br \/>\nUnd viele H\u00e4ftlinge mussten zu Fu\u00df gehen.<br \/>\nDie H\u00e4ftlinge mussten sehr weit zu Fu\u00df laufen.<br \/>\nAber die H\u00e4ftlinge waren meistens sehr schwach.<br \/>\nDie H\u00e4ftlinge waren n\u00e4mlich oft unterern\u00e4hrt.<br \/>\nDas hei\u00dft:<br \/>\nDie H\u00e4ftlinge hatten zu wenig Essen.<br \/>\nDeshalb waren die H\u00e4ftlinge schwach.<br \/>\nViele H\u00e4ftlinge waren auch krank.<br \/>\nAber die H\u00e4ftlinge durften <strong>keine<\/strong> Pause machen.<br \/>\nSonst haben <span style=\"color: #cc1800;\"><strong title=\"Viele SS-M\u00e4nner haben im KZ gearbeitet. Diese SS-M\u00e4nner hatten den Namen: Lager-SS. Die Lager-SS war zust\u00e4ndig f\u00fcr die Organisation des H\u00e4ftlings\u00b7lagers. Die Lager-SS hat die H\u00e4ftlinge bewacht. Und die H\u00e4ftlinge bestraft. Die Lager-SS hat auch viele H\u00e4ftlinge miss\u00b7handelt. Und viele H\u00e4ftlinge get\u00f6tet.\">SS-M\u00e4nner<\/strong><\/span> die H\u00e4ftlinge erschossen.<br \/>\nOder erschlagen.<br \/>\nSo sind sehr viele Menschen bei den Todes\u00b7m\u00e4rschen gestorben.<br \/>\nMindestens 1.000 Menschen sind bei den Todes\u00b7m\u00e4rschen gestorben.<\/p>\n<p><strong>Die Todes\u00b7marsch-Mahn\u00b7male<\/strong><br \/>\nDie Strecke von den Todes\u00b7m\u00e4rschen war sehr lang.<br \/>\nDie H\u00e4ftlinge mussten auch durch die D\u00f6rfer gehen.<br \/>\nOder durch St\u00e4dte.<br \/>\nDie Bewohner von diesen D\u00f6rfern und St\u00e4dten<br \/>\nhaben die Todes\u00b7m\u00e4rsche erlebt.<br \/>\nViele von den D\u00f6rfern und St\u00e4dten haben jetzt Mahnmale.<br \/>\nDiese Mahn\u00b7male erinnern an die Todes\u00b7m\u00e4rsche.<br \/>\nUnd an die Opfer von den Todes\u00b7m\u00e4rschen.<\/p>\n<p><strong>Seit 1989<\/strong> werden diese Mahn\u00b7male aufgestellt.<br \/>\nHeute gibt es 22 Mahn\u00b7male.<br \/>\nDiese Mahn\u00b7male sehen alle gleich aus.<br \/>\nHubertus von Pilgrim hat diese Mahn\u00b7male gemacht.<br \/>\nHubertus von Pilgrim ist ein Bildhauer.<br \/>\n<strong>Seit 2001<\/strong> gibt es in Dachau so ein Mahn\u00b7mal.<br \/>\nDas Mahn\u00b7mal steht an einer Kreuzung.<br \/>\nDie Kreuzung ist an der Theodor-Heuss-Stra\u00dfe und der Sudetenlandstra\u00dfe.<\/p>\n","protected":false},"excerpt":{"rendered":"<p>Station 6 ist das Todes\u00b7marsch-Mahn\u00b7mal. Im April 1945 wurde das KZ Dachau evakuiert. Deshalb mussten viele H\u00e4ftlinge Todes\u00b7m\u00e4rsche machen. Warum wurden die KZ evakuiert? Ab 1944 hat das NS-Regime gewusst: Das Deutsche Reich wird den 2. Welt\u00b7krieg verlieren. Die Gegner von den Nazis sind n\u00e4her an die Grenzen vom Deutschen Reich ger\u00fcckt. Und die Gegner&#8230; <a class=\"view-article\" href=\"https:\/\/www.kz-gedenkstaette-dachau.de\/dels\/historischer-ort\/virtueller-rundgang-umgebung\/todesmarsch-mahnmal\/\">Artikel anzeigen<\/a><\/p>\n","protected":false},"author":1,"featured_media":0,"parent":63718,"menu_order":600,"comment_status":"closed","ping_status":"closed","template":"page-virtueller_rundgang_unterseite.php","meta":{"_acf_changed":false,"footnotes":""},"class_list":["post-63751","page","type-page","status-publish","hentry"],"acf":[],"yoast_head":"<!-- This site is optimized with the Yoast SEO plugin v27.4 - https:\/\/yoast.com\/product\/yoast-seo-wordpress\/ -->\n<title>Todes\u00b7marsch-Mahn\u00b7mal - KZ Gedenkst\u00e4tte Dachau<\/title>\n<meta name=\"robots\" content=\"index, follow, max-snippet:-1, max-image-preview:large, max-video-preview:-1\" \/>\n<link rel=\"canonical\" href=\"https:\/\/www.kz-gedenkstaette-dachau.de\/dels\/historischer-ort\/virtueller-rundgang-umgebung\/todesmarsch-mahnmal\/\" \/>\n<meta property=\"og:locale\" content=\"en_US\" \/>\n<meta property=\"og:type\" content=\"article\" \/>\n<meta property=\"og:title\" content=\"Todes\u00b7marsch-Mahn\u00b7mal - KZ Gedenkst\u00e4tte Dachau\" \/>\n<meta property=\"og:description\" content=\"Station 6 ist das Todes\u00b7marsch-Mahn\u00b7mal. Im April 1945 wurde das KZ Dachau evakuiert. Deshalb mussten viele H\u00e4ftlinge Todes\u00b7m\u00e4rsche machen. Warum wurden die KZ evakuiert? Ab 1944 hat das NS-Regime gewusst: Das Deutsche Reich wird den 2. Welt\u00b7krieg verlieren. Die Gegner von den Nazis sind n\u00e4her an die Grenzen vom Deutschen Reich ger\u00fcckt. Und die Gegner... Artikel anzeigen\" \/>\n<meta property=\"og:url\" content=\"https:\/\/www.kz-gedenkstaette-dachau.de\/dels\/historischer-ort\/virtueller-rundgang-umgebung\/todesmarsch-mahnmal\/\" \/>\n<meta property=\"og:site_name\" content=\"KZ Gedenkst\u00e4tte Dachau\" \/>\n<meta property=\"article:modified_time\" content=\"2020-04-01T16:23:39+00:00\" \/>\n<meta property=\"og:image\" content=\"https:\/\/www.kz-gedenkstaette-dachau.de\/wp-content\/uploads\/2018\/11\/todesmarsch_mahnmal-250x147.jpg\" \/>\n<meta name=\"twitter:card\" content=\"summary_large_image\" \/>\n<meta name=\"twitter:label1\" content=\"Est. reading time\" \/>\n\t<meta name=\"twitter:data1\" content=\"3 minutes\" \/>\n<script type=\"application\/ld+json\" class=\"yoast-schema-graph\">{\"@context\":\"https:\\\/\\\/schema.org\",\"@graph\":[{\"@type\":\"WebPage\",\"@id\":\"https:\\\/\\\/www.kz-gedenkstaette-dachau.de\\\/dels\\\/historischer-ort\\\/virtueller-rundgang-umgebung\\\/todesmarsch-mahnmal\\\/\",\"url\":\"https:\\\/\\\/www.kz-gedenkstaette-dachau.de\\\/dels\\\/historischer-ort\\\/virtueller-rundgang-umgebung\\\/todesmarsch-mahnmal\\\/\",\"name\":\"Todes\u00b7marsch-Mahn\u00b7mal - KZ Gedenkst\u00e4tte Dachau\",\"isPartOf\":{\"@id\":\"https:\\\/\\\/www.kz-gedenkstaette-dachau.de\\\/#website\"},\"primaryImageOfPage\":{\"@id\":\"https:\\\/\\\/www.kz-gedenkstaette-dachau.de\\\/dels\\\/historischer-ort\\\/virtueller-rundgang-umgebung\\\/todesmarsch-mahnmal\\\/#primaryimage\"},\"image\":{\"@id\":\"https:\\\/\\\/www.kz-gedenkstaette-dachau.de\\\/dels\\\/historischer-ort\\\/virtueller-rundgang-umgebung\\\/todesmarsch-mahnmal\\\/#primaryimage\"},\"thumbnailUrl\":\"https:\\\/\\\/www.kz-gedenkstaette-dachau.de\\\/wp-content\\\/uploads\\\/2018\\\/11\\\/todesmarsch_mahnmal-250x147.jpg\",\"datePublished\":\"2018-11-19T14:41:37+00:00\",\"dateModified\":\"2020-04-01T16:23:39+00:00\",\"breadcrumb\":{\"@id\":\"https:\\\/\\\/www.kz-gedenkstaette-dachau.de\\\/dels\\\/historischer-ort\\\/virtueller-rundgang-umgebung\\\/todesmarsch-mahnmal\\\/#breadcrumb\"},\"inLanguage\":\"ls-DE\",\"potentialAction\":[{\"@type\":\"ReadAction\",\"target\":[\"https:\\\/\\\/www.kz-gedenkstaette-dachau.de\\\/dels\\\/historischer-ort\\\/virtueller-rundgang-umgebung\\\/todesmarsch-mahnmal\\\/\"]}]},{\"@type\":\"ImageObject\",\"inLanguage\":\"ls-DE\",\"@id\":\"https:\\\/\\\/www.kz-gedenkstaette-dachau.de\\\/dels\\\/historischer-ort\\\/virtueller-rundgang-umgebung\\\/todesmarsch-mahnmal\\\/#primaryimage\",\"url\":\"https:\\\/\\\/www.kz-gedenkstaette-dachau.de\\\/wp-content\\\/uploads\\\/2018\\\/11\\\/todesmarsch_mahnmal-250x147.jpg\",\"contentUrl\":\"https:\\\/\\\/www.kz-gedenkstaette-dachau.de\\\/wp-content\\\/uploads\\\/2018\\\/11\\\/todesmarsch_mahnmal-250x147.jpg\"},{\"@type\":\"BreadcrumbList\",\"@id\":\"https:\\\/\\\/www.kz-gedenkstaette-dachau.de\\\/dels\\\/historischer-ort\\\/virtueller-rundgang-umgebung\\\/todesmarsch-mahnmal\\\/#breadcrumb\",\"itemListElement\":[{\"@type\":\"ListItem\",\"position\":1,\"name\":\"Start\u00b7seite\",\"item\":\"https:\\\/\\\/www.kz-gedenkstaette-dachau.de\\\/dels\\\/\"},{\"@type\":\"ListItem\",\"position\":2,\"name\":\"Historischer Ort\",\"item\":\"https:\\\/\\\/www.kz-gedenkstaette-dachau.de\\\/dels\\\/historischer-ort\\\/\"},{\"@type\":\"ListItem\",\"position\":3,\"name\":\"Virtueller Rund\u00b7gang Umgebung\",\"item\":\"https:\\\/\\\/www.kz-gedenkstaette-dachau.de\\\/dels\\\/historischer-ort\\\/virtueller-rundgang-umgebung\\\/\"},{\"@type\":\"ListItem\",\"position\":4,\"name\":\"Todes\u00b7marsch-Mahn\u00b7mal\"}]},{\"@type\":\"WebSite\",\"@id\":\"https:\\\/\\\/www.kz-gedenkstaette-dachau.de\\\/#website\",\"url\":\"https:\\\/\\\/www.kz-gedenkstaette-dachau.de\\\/\",\"name\":\"KZ Gedenkst\u00e4tte Dachau\",\"description\":\"\",\"potentialAction\":[{\"@type\":\"SearchAction\",\"target\":{\"@type\":\"EntryPoint\",\"urlTemplate\":\"https:\\\/\\\/www.kz-gedenkstaette-dachau.de\\\/?s={search_term_string}\"},\"query-input\":{\"@type\":\"PropertyValueSpecification\",\"valueRequired\":true,\"valueName\":\"search_term_string\"}}],\"inLanguage\":\"ls-DE\"}]}<\/script>\n<!-- \/ Yoast SEO plugin. -->","yoast_head_json":{"title":"Todes\u00b7marsch-Mahn\u00b7mal - KZ Gedenkst\u00e4tte Dachau","robots":{"index":"index","follow":"follow","max-snippet":"max-snippet:-1","max-image-preview":"max-image-preview:large","max-video-preview":"max-video-preview:-1"},"canonical":"https:\/\/www.kz-gedenkstaette-dachau.de\/dels\/historischer-ort\/virtueller-rundgang-umgebung\/todesmarsch-mahnmal\/","og_locale":"en_US","og_type":"article","og_title":"Todes\u00b7marsch-Mahn\u00b7mal - KZ Gedenkst\u00e4tte Dachau","og_description":"Station 6 ist das Todes\u00b7marsch-Mahn\u00b7mal. Im April 1945 wurde das KZ Dachau evakuiert. Deshalb mussten viele H\u00e4ftlinge Todes\u00b7m\u00e4rsche machen. Warum wurden die KZ evakuiert? Ab 1944 hat das NS-Regime gewusst: Das Deutsche Reich wird den 2. Welt\u00b7krieg verlieren. Die Gegner von den Nazis sind n\u00e4her an die Grenzen vom Deutschen Reich ger\u00fcckt. Und die Gegner... Artikel anzeigen","og_url":"https:\/\/www.kz-gedenkstaette-dachau.de\/dels\/historischer-ort\/virtueller-rundgang-umgebung\/todesmarsch-mahnmal\/","og_site_name":"KZ Gedenkst\u00e4tte Dachau","article_modified_time":"2020-04-01T16:23:39+00:00","og_image":[{"url":"https:\/\/www.kz-gedenkstaette-dachau.de\/wp-content\/uploads\/2018\/11\/todesmarsch_mahnmal-250x147.jpg","type":"","width":"","height":""}],"twitter_card":"summary_large_image","twitter_misc":{"Est. reading time":"3 minutes"},"schema":{"@context":"https:\/\/schema.org","@graph":[{"@type":"WebPage","@id":"https:\/\/www.kz-gedenkstaette-dachau.de\/dels\/historischer-ort\/virtueller-rundgang-umgebung\/todesmarsch-mahnmal\/","url":"https:\/\/www.kz-gedenkstaette-dachau.de\/dels\/historischer-ort\/virtueller-rundgang-umgebung\/todesmarsch-mahnmal\/","name":"Todes\u00b7marsch-Mahn\u00b7mal - KZ Gedenkst\u00e4tte Dachau","isPartOf":{"@id":"https:\/\/www.kz-gedenkstaette-dachau.de\/#website"},"primaryImageOfPage":{"@id":"https:\/\/www.kz-gedenkstaette-dachau.de\/dels\/historischer-ort\/virtueller-rundgang-umgebung\/todesmarsch-mahnmal\/#primaryimage"},"image":{"@id":"https:\/\/www.kz-gedenkstaette-dachau.de\/dels\/historischer-ort\/virtueller-rundgang-umgebung\/todesmarsch-mahnmal\/#primaryimage"},"thumbnailUrl":"https:\/\/www.kz-gedenkstaette-dachau.de\/wp-content\/uploads\/2018\/11\/todesmarsch_mahnmal-250x147.jpg","datePublished":"2018-11-19T14:41:37+00:00","dateModified":"2020-04-01T16:23:39+00:00","breadcrumb":{"@id":"https:\/\/www.kz-gedenkstaette-dachau.de\/dels\/historischer-ort\/virtueller-rundgang-umgebung\/todesmarsch-mahnmal\/#breadcrumb"},"inLanguage":"ls-DE","potentialAction":[{"@type":"ReadAction","target":["https:\/\/www.kz-gedenkstaette-dachau.de\/dels\/historischer-ort\/virtueller-rundgang-umgebung\/todesmarsch-mahnmal\/"]}]},{"@type":"ImageObject","inLanguage":"ls-DE","@id":"https:\/\/www.kz-gedenkstaette-dachau.de\/dels\/historischer-ort\/virtueller-rundgang-umgebung\/todesmarsch-mahnmal\/#primaryimage","url":"https:\/\/www.kz-gedenkstaette-dachau.de\/wp-content\/uploads\/2018\/11\/todesmarsch_mahnmal-250x147.jpg","contentUrl":"https:\/\/www.kz-gedenkstaette-dachau.de\/wp-content\/uploads\/2018\/11\/todesmarsch_mahnmal-250x147.jpg"},{"@type":"BreadcrumbList","@id":"https:\/\/www.kz-gedenkstaette-dachau.de\/dels\/historischer-ort\/virtueller-rundgang-umgebung\/todesmarsch-mahnmal\/#breadcrumb","itemListElement":[{"@type":"ListItem","position":1,"name":"Start\u00b7seite","item":"https:\/\/www.kz-gedenkstaette-dachau.de\/dels\/"},{"@type":"ListItem","position":2,"name":"Historischer Ort","item":"https:\/\/www.kz-gedenkstaette-dachau.de\/dels\/historischer-ort\/"},{"@type":"ListItem","position":3,"name":"Virtueller Rund\u00b7gang Umgebung","item":"https:\/\/www.kz-gedenkstaette-dachau.de\/dels\/historischer-ort\/virtueller-rundgang-umgebung\/"},{"@type":"ListItem","position":4,"name":"Todes\u00b7marsch-Mahn\u00b7mal"}]},{"@type":"WebSite","@id":"https:\/\/www.kz-gedenkstaette-dachau.de\/#website","url":"https:\/\/www.kz-gedenkstaette-dachau.de\/","name":"KZ Gedenkst\u00e4tte Dachau","description":"","potentialAction":[{"@type":"SearchAction","target":{"@type":"EntryPoint","urlTemplate":"https:\/\/www.kz-gedenkstaette-dachau.de\/?s={search_term_string}"},"query-input":{"@type":"PropertyValueSpecification","valueRequired":true,"valueName":"search_term_string"}}],"inLanguage":"ls-DE"}]}},"_links":{"self":[{"href":"https:\/\/www.kz-gedenkstaette-dachau.de\/dels\/wp-json\/wp\/v2\/pages\/63751","targetHints":{"allow":["GET"]}}],"collection":[{"href":"https:\/\/www.kz-gedenkstaette-dachau.de\/dels\/wp-json\/wp\/v2\/pages"}],"about":[{"href":"https:\/\/www.kz-gedenkstaette-dachau.de\/dels\/wp-json\/wp\/v2\/types\/page"}],"author":[{"embeddable":true,"href":"https:\/\/www.kz-gedenkstaette-dachau.de\/dels\/wp-json\/wp\/v2\/users\/1"}],"replies":[{"embeddable":true,"href":"https:\/\/www.kz-gedenkstaette-dachau.de\/dels\/wp-json\/wp\/v2\/comments?post=63751"}],"version-history":[{"count":0,"href":"https:\/\/www.kz-gedenkstaette-dachau.de\/dels\/wp-json\/wp\/v2\/pages\/63751\/revisions"}],"up":[{"embeddable":true,"href":"https:\/\/www.kz-gedenkstaette-dachau.de\/dels\/wp-json\/wp\/v2\/pages\/63718"}],"wp:attachment":[{"href":"https:\/\/www.kz-gedenkstaette-dachau.de\/dels\/wp-json\/wp\/v2\/media?parent=63751"}],"curies":[{"name":"wp","href":"https:\/\/api.w.org\/{rel}","templated":true}]}}