{"id":77450,"date":"2021-11-05T18:10:01","date_gmt":"2021-11-05T17:10:01","guid":{"rendered":"https:\/\/www.kz-gedenkstaette-dachau.de\/?post_type=veranstaltungen&#038;p=77450"},"modified":"2021-11-06T18:37:19","modified_gmt":"2021-11-06T17:37:19","slug":"gedenkveranstaltung-der-dgb-jugend-bayern-fuer-die-opfer-des-nationalsozialismus","status":"publish","type":"veranstaltungen","link":"https:\/\/www.kz-gedenkstaette-dachau.de\/dels\/veranstaltungen\/gedenkveranstaltung-der-dgb-jugend-bayern-fuer-die-opfer-des-nationalsozialismus\/","title":{"rendered":"Gedenkveranstaltung der DGB-Jugend Bayern f\u00fcr die Opfer des Nationalsozialismus"},"content":{"rendered":"<p>Unter dem Titel \u201eErinnern hei\u00dft k\u00e4mpfen\u201c gedenkt die DGB-Jugend Bayern mit einer Gedenkveranstaltung in der KZ-Gedenkst\u00e4tte Dachau den Novemberpogromen.<\/p>\n<p>&nbsp;<\/p>\n<p style=\"text-align: left;\">In der Einladung hei\u00dft es:<\/p>\n<p style=\"text-align: center;\">\u201eDie Nacht vom 9. auf den 10. November 1938, die sogenannte \u201eNacht der Schande\u201c, markierte den \u00dcbergang von Diskriminierung und Ausgrenzung zu offener Feindschaft und der systematischen Vernichtung j\u00fcdischen Lebens in Deutschland und Europa.<\/p>\n<p style=\"text-align: center;\">Die systematische Verfolgung und Ermordung von J\u00fcdinnen und Juden durch die NS-Diktatur \u201e(&#8230;) war ein Ereignis von solcher Tragweite, dass der Mantel des Vergessens sich nie dar\u00fcber senken wird. Es ist ein Ereignis au\u00dferhalb jeder Zeit\u201c (Claude Lanzmann).<\/p>\n<p style=\"text-align: center;\">Das Erinnern und Gedenken an die Opfer des Nationalsozialismus bedeutet f\u00fcr die bayerische Gewerkschaftsjugend seit \u00fcber 65 Jahren eine nachdenkliche und kritische Auseinandersetzung mit der Vergangenheit. Aber es ist auch Auftrag f\u00fcr die Gegenwart f\u00fcr alle demokratischen Kr\u00e4fte, den Versuchen einer Umdeutung und Verharmlosung der Geschichte entschieden entgegenzutreten:<\/p>\n<p style=\"text-align: center;\">ERINNERN HEISST K\u00c4MPFEN!<\/p>\n<p style=\"text-align: center;\">Es gilt, gemeinsam gegen die Zunahme rassistischer und antisemitischer Hetze und rechter Gewalt einzustehen, denn sie sind nicht Teil des demokratischen Meinungsspektrums. In Zeiten wie diesen ist das Gedenken f\u00fcr die DGB-Jugend umso mehr mit der moralischen und politischen Verpflichtung verbunden, ein erneutes Erstarken faschistischer Kr\u00e4fte zu verhindern und aktiv f\u00fcr die Gestaltung einer menschenw\u00fcrdigen und solidarischen Zukunft einzutreten.\u201c<\/p>\n<p>&nbsp;<\/p>\n<p>Das Gedenken <strong>beginnt um 13 Uhr auf dem ehemaligen Appellplatz<\/strong> und dauert circa 90 Minuten. Auf dem Gel\u00e4nde der Gedenkst\u00e4tte gilt die <strong>3GPlus-Regel<\/strong> (Zugang nur geimpft, getestet &#8211; PCR-Test, max. 48 Stunden alt &#8211; oder genesen). Bitte bringen Sie einen entsprechenden Nachweis mit und planen Sie etwas Wartezeit beim Einlass ein. Bitte achten Sie w\u00e4hrend der Gedenkveranstaltung auf ausreichend Abstand zu anderen Besucher\/-innen. Wenn nicht ausreichend Abstand gew\u00e4hrleistet werden kann, tragen Sie eine FFP2-Maske.<\/p>\n<p>Nach der Begr\u00fc\u00dfung durch die Bezirksjugendsekret\u00e4rin Svenja Thelen auf dem ehemaligen Appellplatz folgt der gemeinsame Gedenkweg durch die Allee, in der Biografien von Opfern des KZ-Dachau verlesen werden. Anschlie\u00dfend h\u00f6ren wir die Gedenkrede von <strong>Ronen Steinke<\/strong> auf dem Platz vor dem Krematorium. Zum Abschluss findet die Kranzniederlegung am Denkmal vor dem Krematorium statt.<\/p>\n<p>&nbsp;<\/p>\n<p>Der Zugang zur Gedenkst\u00e4tte ist kostenfrei, die Teilnahme an der Gedenkveranstaltung selbstverst\u00e4ndlich auch.<\/p>\n<p>&nbsp;<\/p>\n","protected":false},"excerpt":{"rendered":"<p>Unter dem Titel \u201eErinnern hei\u00dft k\u00e4mpfen\u201c gedenkt die DGB-Jugend Bayern mit einer Gedenkveranstaltung in der KZ-Gedenkst\u00e4tte Dachau den Novemberpogromen.<\/p>\n","protected":false},"featured_media":77452,"template":"","meta":{"_acf_changed":false,"footnotes":""},"class_list":["post-77450","veranstaltungen","type-veranstaltungen","status-publish","has-post-thumbnail","hentry","veranstaltungs_kategorie-gedenkfeier"],"acf":[],"yoast_head":"<!-- This site is optimized with the Yoast SEO plugin v27.5 - https:\/\/yoast.com\/product\/yoast-seo-wordpress\/ -->\n<title>Gedenkveranstaltung der DGB-Jugend Bayern f\u00fcr die Opfer des Nationalsozialismus - KZ Gedenkst\u00e4tte Dachau<\/title>\n<meta name=\"robots\" content=\"index, follow, max-snippet:-1, max-image-preview:large, max-video-preview:-1\" \/>\n<link rel=\"canonical\" href=\"https:\/\/www.kz-gedenkstaette-dachau.de\/dels\/veranstaltungen\/gedenkveranstaltung-der-dgb-jugend-bayern-fuer-die-opfer-des-nationalsozialismus\/\" \/>\n<meta property=\"og:locale\" content=\"en_US\" \/>\n<meta property=\"og:type\" content=\"article\" \/>\n<meta property=\"og:title\" content=\"Gedenkveranstaltung der DGB-Jugend Bayern f\u00fcr die Opfer des Nationalsozialismus - KZ Gedenkst\u00e4tte Dachau\" \/>\n<meta property=\"og:description\" content=\"Unter dem Titel \u201eErinnern hei\u00dft k\u00e4mpfen\u201c gedenkt die DGB-Jugend Bayern mit einer Gedenkveranstaltung in der KZ-Gedenkst\u00e4tte Dachau den Novemberpogromen.\" \/>\n<meta property=\"og:url\" content=\"https:\/\/www.kz-gedenkstaette-dachau.de\/dels\/veranstaltungen\/gedenkveranstaltung-der-dgb-jugend-bayern-fuer-die-opfer-des-nationalsozialismus\/\" \/>\n<meta property=\"og:site_name\" content=\"KZ Gedenkst\u00e4tte Dachau\" \/>\n<meta property=\"article:modified_time\" content=\"2021-11-06T17:37:19+00:00\" \/>\n<meta property=\"og:image\" content=\"https:\/\/www.kz-gedenkstaette-dachau.de\/wp-content\/uploads\/2021\/11\/lagerstrasse.jpg\" \/>\n\t<meta property=\"og:image:width\" content=\"1920\" \/>\n\t<meta property=\"og:image:height\" content=\"1080\" \/>\n\t<meta property=\"og:image:type\" content=\"image\/jpeg\" \/>\n<meta name=\"twitter:card\" content=\"summary_large_image\" \/>\n<meta name=\"twitter:label1\" content=\"Est. reading time\" \/>\n\t<meta name=\"twitter:data1\" content=\"2 minutes\" \/>\n<script type=\"application\/ld+json\" class=\"yoast-schema-graph\">{\"@context\":\"https:\\\/\\\/schema.org\",\"@graph\":[{\"@type\":\"WebPage\",\"@id\":\"https:\\\/\\\/www.kz-gedenkstaette-dachau.de\\\/dels\\\/veranstaltungen\\\/gedenkveranstaltung-der-dgb-jugend-bayern-fuer-die-opfer-des-nationalsozialismus\\\/\",\"url\":\"https:\\\/\\\/www.kz-gedenkstaette-dachau.de\\\/dels\\\/veranstaltungen\\\/gedenkveranstaltung-der-dgb-jugend-bayern-fuer-die-opfer-des-nationalsozialismus\\\/\",\"name\":\"Gedenkveranstaltung der DGB-Jugend Bayern f\u00fcr die Opfer des Nationalsozialismus - KZ Gedenkst\u00e4tte Dachau\",\"isPartOf\":{\"@id\":\"https:\\\/\\\/www.kz-gedenkstaette-dachau.de\\\/#website\"},\"primaryImageOfPage\":{\"@id\":\"https:\\\/\\\/www.kz-gedenkstaette-dachau.de\\\/dels\\\/veranstaltungen\\\/gedenkveranstaltung-der-dgb-jugend-bayern-fuer-die-opfer-des-nationalsozialismus\\\/#primaryimage\"},\"image\":{\"@id\":\"https:\\\/\\\/www.kz-gedenkstaette-dachau.de\\\/dels\\\/veranstaltungen\\\/gedenkveranstaltung-der-dgb-jugend-bayern-fuer-die-opfer-des-nationalsozialismus\\\/#primaryimage\"},\"thumbnailUrl\":\"https:\\\/\\\/www.kz-gedenkstaette-dachau.de\\\/wp-content\\\/uploads\\\/2021\\\/11\\\/lagerstrasse.jpg\",\"datePublished\":\"2021-11-05T17:10:01+00:00\",\"dateModified\":\"2021-11-06T17:37:19+00:00\",\"breadcrumb\":{\"@id\":\"https:\\\/\\\/www.kz-gedenkstaette-dachau.de\\\/dels\\\/veranstaltungen\\\/gedenkveranstaltung-der-dgb-jugend-bayern-fuer-die-opfer-des-nationalsozialismus\\\/#breadcrumb\"},\"inLanguage\":\"ls-DE\",\"potentialAction\":[{\"@type\":\"ReadAction\",\"target\":[\"https:\\\/\\\/www.kz-gedenkstaette-dachau.de\\\/dels\\\/veranstaltungen\\\/gedenkveranstaltung-der-dgb-jugend-bayern-fuer-die-opfer-des-nationalsozialismus\\\/\"]}]},{\"@type\":\"ImageObject\",\"inLanguage\":\"ls-DE\",\"@id\":\"https:\\\/\\\/www.kz-gedenkstaette-dachau.de\\\/dels\\\/veranstaltungen\\\/gedenkveranstaltung-der-dgb-jugend-bayern-fuer-die-opfer-des-nationalsozialismus\\\/#primaryimage\",\"url\":\"https:\\\/\\\/www.kz-gedenkstaette-dachau.de\\\/wp-content\\\/uploads\\\/2021\\\/11\\\/lagerstrasse.jpg\",\"contentUrl\":\"https:\\\/\\\/www.kz-gedenkstaette-dachau.de\\\/wp-content\\\/uploads\\\/2021\\\/11\\\/lagerstrasse.jpg\",\"width\":1920,\"height\":1080},{\"@type\":\"BreadcrumbList\",\"@id\":\"https:\\\/\\\/www.kz-gedenkstaette-dachau.de\\\/dels\\\/veranstaltungen\\\/gedenkveranstaltung-der-dgb-jugend-bayern-fuer-die-opfer-des-nationalsozialismus\\\/#breadcrumb\",\"itemListElement\":[{\"@type\":\"ListItem\",\"position\":1,\"name\":\"Start\u00b7seite\",\"item\":\"https:\\\/\\\/www.kz-gedenkstaette-dachau.de\\\/dels\\\/\"},{\"@type\":\"ListItem\",\"position\":2,\"name\":\"Veranstaltungen\",\"item\":\"https:\\\/\\\/www.kz-gedenkstaette-dachau.de\\\/veranstaltungen\\\/\"},{\"@type\":\"ListItem\",\"position\":3,\"name\":\"Gedenkveranstaltung der DGB-Jugend Bayern f\u00fcr die Opfer des Nationalsozialismus\"}]},{\"@type\":\"WebSite\",\"@id\":\"https:\\\/\\\/www.kz-gedenkstaette-dachau.de\\\/#website\",\"url\":\"https:\\\/\\\/www.kz-gedenkstaette-dachau.de\\\/\",\"name\":\"KZ Gedenkst\u00e4tte Dachau\",\"description\":\"\",\"potentialAction\":[{\"@type\":\"SearchAction\",\"target\":{\"@type\":\"EntryPoint\",\"urlTemplate\":\"https:\\\/\\\/www.kz-gedenkstaette-dachau.de\\\/?s={search_term_string}\"},\"query-input\":{\"@type\":\"PropertyValueSpecification\",\"valueRequired\":true,\"valueName\":\"search_term_string\"}}],\"inLanguage\":\"ls-DE\"}]}<\/script>\n<!-- \/ Yoast SEO plugin. -->","yoast_head_json":{"title":"Gedenkveranstaltung der DGB-Jugend Bayern f\u00fcr die Opfer des Nationalsozialismus - KZ Gedenkst\u00e4tte Dachau","robots":{"index":"index","follow":"follow","max-snippet":"max-snippet:-1","max-image-preview":"max-image-preview:large","max-video-preview":"max-video-preview:-1"},"canonical":"https:\/\/www.kz-gedenkstaette-dachau.de\/dels\/veranstaltungen\/gedenkveranstaltung-der-dgb-jugend-bayern-fuer-die-opfer-des-nationalsozialismus\/","og_locale":"en_US","og_type":"article","og_title":"Gedenkveranstaltung der DGB-Jugend Bayern f\u00fcr die Opfer des Nationalsozialismus - KZ Gedenkst\u00e4tte Dachau","og_description":"Unter dem Titel \u201eErinnern hei\u00dft k\u00e4mpfen\u201c gedenkt die DGB-Jugend Bayern mit einer Gedenkveranstaltung in der KZ-Gedenkst\u00e4tte Dachau den Novemberpogromen.","og_url":"https:\/\/www.kz-gedenkstaette-dachau.de\/dels\/veranstaltungen\/gedenkveranstaltung-der-dgb-jugend-bayern-fuer-die-opfer-des-nationalsozialismus\/","og_site_name":"KZ Gedenkst\u00e4tte Dachau","article_modified_time":"2021-11-06T17:37:19+00:00","og_image":[{"width":1920,"height":1080,"url":"https:\/\/www.kz-gedenkstaette-dachau.de\/wp-content\/uploads\/2021\/11\/lagerstrasse.jpg","type":"image\/jpeg"}],"twitter_card":"summary_large_image","twitter_misc":{"Est. reading time":"2 minutes"},"schema":{"@context":"https:\/\/schema.org","@graph":[{"@type":"WebPage","@id":"https:\/\/www.kz-gedenkstaette-dachau.de\/dels\/veranstaltungen\/gedenkveranstaltung-der-dgb-jugend-bayern-fuer-die-opfer-des-nationalsozialismus\/","url":"https:\/\/www.kz-gedenkstaette-dachau.de\/dels\/veranstaltungen\/gedenkveranstaltung-der-dgb-jugend-bayern-fuer-die-opfer-des-nationalsozialismus\/","name":"Gedenkveranstaltung der DGB-Jugend Bayern f\u00fcr die Opfer des Nationalsozialismus - KZ Gedenkst\u00e4tte Dachau","isPartOf":{"@id":"https:\/\/www.kz-gedenkstaette-dachau.de\/#website"},"primaryImageOfPage":{"@id":"https:\/\/www.kz-gedenkstaette-dachau.de\/dels\/veranstaltungen\/gedenkveranstaltung-der-dgb-jugend-bayern-fuer-die-opfer-des-nationalsozialismus\/#primaryimage"},"image":{"@id":"https:\/\/www.kz-gedenkstaette-dachau.de\/dels\/veranstaltungen\/gedenkveranstaltung-der-dgb-jugend-bayern-fuer-die-opfer-des-nationalsozialismus\/#primaryimage"},"thumbnailUrl":"https:\/\/www.kz-gedenkstaette-dachau.de\/wp-content\/uploads\/2021\/11\/lagerstrasse.jpg","datePublished":"2021-11-05T17:10:01+00:00","dateModified":"2021-11-06T17:37:19+00:00","breadcrumb":{"@id":"https:\/\/www.kz-gedenkstaette-dachau.de\/dels\/veranstaltungen\/gedenkveranstaltung-der-dgb-jugend-bayern-fuer-die-opfer-des-nationalsozialismus\/#breadcrumb"},"inLanguage":"ls-DE","potentialAction":[{"@type":"ReadAction","target":["https:\/\/www.kz-gedenkstaette-dachau.de\/dels\/veranstaltungen\/gedenkveranstaltung-der-dgb-jugend-bayern-fuer-die-opfer-des-nationalsozialismus\/"]}]},{"@type":"ImageObject","inLanguage":"ls-DE","@id":"https:\/\/www.kz-gedenkstaette-dachau.de\/dels\/veranstaltungen\/gedenkveranstaltung-der-dgb-jugend-bayern-fuer-die-opfer-des-nationalsozialismus\/#primaryimage","url":"https:\/\/www.kz-gedenkstaette-dachau.de\/wp-content\/uploads\/2021\/11\/lagerstrasse.jpg","contentUrl":"https:\/\/www.kz-gedenkstaette-dachau.de\/wp-content\/uploads\/2021\/11\/lagerstrasse.jpg","width":1920,"height":1080},{"@type":"BreadcrumbList","@id":"https:\/\/www.kz-gedenkstaette-dachau.de\/dels\/veranstaltungen\/gedenkveranstaltung-der-dgb-jugend-bayern-fuer-die-opfer-des-nationalsozialismus\/#breadcrumb","itemListElement":[{"@type":"ListItem","position":1,"name":"Start\u00b7seite","item":"https:\/\/www.kz-gedenkstaette-dachau.de\/dels\/"},{"@type":"ListItem","position":2,"name":"Veranstaltungen","item":"https:\/\/www.kz-gedenkstaette-dachau.de\/veranstaltungen\/"},{"@type":"ListItem","position":3,"name":"Gedenkveranstaltung der DGB-Jugend Bayern f\u00fcr die Opfer des Nationalsozialismus"}]},{"@type":"WebSite","@id":"https:\/\/www.kz-gedenkstaette-dachau.de\/#website","url":"https:\/\/www.kz-gedenkstaette-dachau.de\/","name":"KZ Gedenkst\u00e4tte Dachau","description":"","potentialAction":[{"@type":"SearchAction","target":{"@type":"EntryPoint","urlTemplate":"https:\/\/www.kz-gedenkstaette-dachau.de\/?s={search_term_string}"},"query-input":{"@type":"PropertyValueSpecification","valueRequired":true,"valueName":"search_term_string"}}],"inLanguage":"ls-DE"}]}},"_links":{"self":[{"href":"https:\/\/www.kz-gedenkstaette-dachau.de\/dels\/wp-json\/wp\/v2\/veranstaltungen\/77450","targetHints":{"allow":["GET"]}}],"collection":[{"href":"https:\/\/www.kz-gedenkstaette-dachau.de\/dels\/wp-json\/wp\/v2\/veranstaltungen"}],"about":[{"href":"https:\/\/www.kz-gedenkstaette-dachau.de\/dels\/wp-json\/wp\/v2\/types\/veranstaltungen"}],"version-history":[{"count":3,"href":"https:\/\/www.kz-gedenkstaette-dachau.de\/dels\/wp-json\/wp\/v2\/veranstaltungen\/77450\/revisions"}],"predecessor-version":[{"id":77463,"href":"https:\/\/www.kz-gedenkstaette-dachau.de\/dels\/wp-json\/wp\/v2\/veranstaltungen\/77450\/revisions\/77463"}],"wp:featuredmedia":[{"embeddable":true,"href":"https:\/\/www.kz-gedenkstaette-dachau.de\/dels\/wp-json\/wp\/v2\/media\/77452"}],"wp:attachment":[{"href":"https:\/\/www.kz-gedenkstaette-dachau.de\/dels\/wp-json\/wp\/v2\/media?parent=77450"}],"curies":[{"name":"wp","href":"https:\/\/api.w.org\/{rel}","templated":true}]}}