{"id":81199,"date":"2022-06-13T12:32:47","date_gmt":"2022-06-13T10:32:47","guid":{"rendered":"https:\/\/www.kz-gedenkstaette-dachau.de\/?post_type=veranstaltungen&#038;p=81199"},"modified":"2022-06-13T12:36:09","modified_gmt":"2022-06-13T10:36:09","slug":"el-campo-de-concentracion-de-dachau-1933-1945-una-introduccion-a-su-historia-das-konzentrationslager-dachau-1933-1945-einfuehrung-zur-geschichte-eines-kzs","status":"publish","type":"veranstaltungen","link":"https:\/\/www.kz-gedenkstaette-dachau.de\/en\/events\/el-campo-de-concentracion-de-dachau-1933-1945-una-introduccion-a-su-historia-das-konzentrationslager-dachau-1933-1945-einfuehrung-zur-geschichte-eines-kzs\/","title":{"rendered":"El campo de concentraci\u00f3n de Dachau (1933-1945). Una introducci\u00f3n a su historia.  [Das Konzentrationslager Dachau (1933-1945). Einf\u00fchrung zur Geschichte eines KZs]"},"content":{"rendered":"<p>Live-Rundgang auf Spanisch.<\/p>\n<p>Am 22. M\u00e4rz 1933 er\u00f6ffnete das NS-Regime ein Konzentrationslager auf dem Areal der stillgelegten K\u00f6niglich Bayerischen Pulver- und Munitionsfabrik Dachau. Die Haft- und Terrorst\u00e4tte bestand zw\u00f6lf Jahre. Mehr als 200.000 Gefangene aus \u00fcber 40 Nationen waren im KZ Dachau und seinen Au\u00dfenlagern inhaftiert, mindestens 41.500 Menschen starben dort an Hunger, Krankheiten, Folter, Mord und den Folgen der KZ-Haft.<\/p>\n<p>Dank der Initiative der \u00dcberlebenden, die sich 1955 zum Comit\u00e9 International de Dachau (CID) zusammengeschlossen hatten, konnte das ehemalige H\u00e4ftlingslager in einen Gedenk- und Erinnerungsort umgewandelt werden. Im Mai 1965 wurde die KZ-Gedenkst\u00e4tte Dachau mit einer ersten Dokumentarausstellung er\u00f6ffnet. Ziel der KZ-Gedenkst\u00e4tte Dachau ist es bis heute, an das Leiden und Sterben der H\u00e4ftlinge zu erinnern und eine Auseinandersetzung mit den nationalsozialistischen Verbrechen zu f\u00f6rdern.<\/p>\n<p>\u00dcber digitale Live-Rundg\u00e4nge gibt es f\u00fcr Zuschauer\/-innen ortsunabh\u00e4ngig die Gelegenheit, einen Blick auf das Gel\u00e4nde und seine Geschichte zu werfen. Bei Live-Rundg\u00e4ngen auf Facebook stellen wir in 45 Minuten ausgew\u00e4hlte Aspekte der KZ- und Gedenkst\u00e4ttengeschichte vor.<\/p>\n<p>Wir freuen uns auf zahlreiches Interesse und nat\u00fcrlich ganz besonders auf Kommentare und Fragen, die wir gleich live beantworten werden.<\/p>\n<p>Die Live-\u00dcbertragung startet um 17 Uhr direkt auf unserer Facebookseite\u00a0(<a href=\"https:\/\/www.facebook.com\/DachauMemorial\">KZ-Gedenkst\u00e4tte Dachau \/ Dachau Concentration Camp Memorial Site | Facebook<\/a>) Im Anschluss wird das Video auf unserem <a href=\"https:\/\/www.youtube.com\/c\/DachauMemorial\">YouTube-Kanal<\/a> abrufbar sein. Der Rundgang ist der erste einer Reihe von Online-Rundg\u00e4ngen auf Spanisch, die wir in den n\u00e4chsten Monaten auf unserer <a href=\"https:\/\/www.facebook.com\/DachauMemorial\">Facebook-Seite<\/a> \u00fcbertragen werden.<\/p>\n<p>Referentin: Patricia Platz (Referentin der KZ-Gedenkst\u00e4tte Dachau)<\/p>\n<p><strong>Sprache: Spanisch<\/strong><\/p>\n<p>Datum: 21.06.2022<\/p>\n<p>Uhrzeit: 17:00 Uhr<\/p>\n<p>Dauer: ca. 45 minuten<\/p>\n<p><a href=\"https:\/\/www.facebook.com\/events\/5400497586638558\">Live-tour\/in esp.: El campo de concentraci\u00f3n de Dachau (1933-1945). Una introducci\u00f3n a su historia. | Facebook<\/a><\/p>\n<p>&nbsp;<\/p>\n","protected":false},"excerpt":{"rendered":"<p>Dieser Live-Rundgang bietet eine Einf\u00fchrung zur Geschichte des KZ Dachau auf Spanisch. <\/p>\n","protected":false},"featured_media":81209,"template":"","meta":{"_acf_changed":false,"footnotes":""},"class_list":["post-81199","veranstaltungen","type-veranstaltungen","status-publish","has-post-thumbnail","hentry"],"acf":[],"yoast_head":"<!-- This site is optimized with the Yoast SEO plugin v27.5 - https:\/\/yoast.com\/product\/yoast-seo-wordpress\/ -->\n<title>El campo de concentraci\u00f3n de Dachau (1933-1945). Una introducci\u00f3n a su historia. [Das Konzentrationslager Dachau (1933-1945). Einf\u00fchrung zur Geschichte eines KZs] - KZ Gedenkst\u00e4tte Dachau<\/title>\n<meta name=\"robots\" content=\"index, follow, max-snippet:-1, max-image-preview:large, max-video-preview:-1\" \/>\n<link rel=\"canonical\" href=\"https:\/\/www.kz-gedenkstaette-dachau.de\/en\/events\/el-campo-de-concentracion-de-dachau-1933-1945-una-introduccion-a-su-historia-das-konzentrationslager-dachau-1933-1945-einfuehrung-zur-geschichte-eines-kzs\/\" \/>\n<meta property=\"og:locale\" content=\"en_US\" \/>\n<meta property=\"og:type\" content=\"article\" \/>\n<meta property=\"og:title\" content=\"El campo de concentraci\u00f3n de Dachau (1933-1945). Una introducci\u00f3n a su historia. [Das Konzentrationslager Dachau (1933-1945). Einf\u00fchrung zur Geschichte eines KZs] - KZ Gedenkst\u00e4tte Dachau\" \/>\n<meta property=\"og:description\" content=\"Dieser Live-Rundgang bietet eine Einf\u00fchrung zur Geschichte des KZ Dachau auf Spanisch.\" \/>\n<meta property=\"og:url\" content=\"https:\/\/www.kz-gedenkstaette-dachau.de\/en\/events\/el-campo-de-concentracion-de-dachau-1933-1945-una-introduccion-a-su-historia-das-konzentrationslager-dachau-1933-1945-einfuehrung-zur-geschichte-eines-kzs\/\" \/>\n<meta property=\"og:site_name\" content=\"KZ Gedenkst\u00e4tte Dachau\" \/>\n<meta property=\"article:modified_time\" content=\"2022-06-13T10:36:09+00:00\" \/>\n<meta property=\"og:image\" content=\"https:\/\/www.kz-gedenkstaette-dachau.de\/wp-content\/uploads\/2022\/06\/SM628-044.jpg\" \/>\n\t<meta property=\"og:image:width\" content=\"1200\" \/>\n\t<meta property=\"og:image:height\" content=\"906\" \/>\n\t<meta property=\"og:image:type\" content=\"image\/jpeg\" \/>\n<meta name=\"twitter:card\" content=\"summary_large_image\" \/>\n<meta name=\"twitter:label1\" content=\"Est. reading time\" \/>\n\t<meta name=\"twitter:data1\" content=\"1 minute\" \/>\n<script type=\"application\/ld+json\" class=\"yoast-schema-graph\">{\"@context\":\"https:\\\/\\\/schema.org\",\"@graph\":[{\"@type\":\"WebPage\",\"@id\":\"https:\\\/\\\/www.kz-gedenkstaette-dachau.de\\\/en\\\/events\\\/el-campo-de-concentracion-de-dachau-1933-1945-una-introduccion-a-su-historia-das-konzentrationslager-dachau-1933-1945-einfuehrung-zur-geschichte-eines-kzs\\\/\",\"url\":\"https:\\\/\\\/www.kz-gedenkstaette-dachau.de\\\/en\\\/events\\\/el-campo-de-concentracion-de-dachau-1933-1945-una-introduccion-a-su-historia-das-konzentrationslager-dachau-1933-1945-einfuehrung-zur-geschichte-eines-kzs\\\/\",\"name\":\"El campo de concentraci\u00f3n de Dachau (1933-1945). Una introducci\u00f3n a su historia. [Das Konzentrationslager Dachau (1933-1945). Einf\u00fchrung zur Geschichte eines KZs] - KZ Gedenkst\u00e4tte Dachau\",\"isPartOf\":{\"@id\":\"https:\\\/\\\/www.kz-gedenkstaette-dachau.de\\\/#website\"},\"primaryImageOfPage\":{\"@id\":\"https:\\\/\\\/www.kz-gedenkstaette-dachau.de\\\/en\\\/events\\\/el-campo-de-concentracion-de-dachau-1933-1945-una-introduccion-a-su-historia-das-konzentrationslager-dachau-1933-1945-einfuehrung-zur-geschichte-eines-kzs\\\/#primaryimage\"},\"image\":{\"@id\":\"https:\\\/\\\/www.kz-gedenkstaette-dachau.de\\\/en\\\/events\\\/el-campo-de-concentracion-de-dachau-1933-1945-una-introduccion-a-su-historia-das-konzentrationslager-dachau-1933-1945-einfuehrung-zur-geschichte-eines-kzs\\\/#primaryimage\"},\"thumbnailUrl\":\"https:\\\/\\\/www.kz-gedenkstaette-dachau.de\\\/wp-content\\\/uploads\\\/2022\\\/06\\\/SM628-044.jpg\",\"datePublished\":\"2022-06-13T10:32:47+00:00\",\"dateModified\":\"2022-06-13T10:36:09+00:00\",\"breadcrumb\":{\"@id\":\"https:\\\/\\\/www.kz-gedenkstaette-dachau.de\\\/en\\\/events\\\/el-campo-de-concentracion-de-dachau-1933-1945-una-introduccion-a-su-historia-das-konzentrationslager-dachau-1933-1945-einfuehrung-zur-geschichte-eines-kzs\\\/#breadcrumb\"},\"inLanguage\":\"en-US\",\"potentialAction\":[{\"@type\":\"ReadAction\",\"target\":[\"https:\\\/\\\/www.kz-gedenkstaette-dachau.de\\\/en\\\/events\\\/el-campo-de-concentracion-de-dachau-1933-1945-una-introduccion-a-su-historia-das-konzentrationslager-dachau-1933-1945-einfuehrung-zur-geschichte-eines-kzs\\\/\"]}]},{\"@type\":\"ImageObject\",\"inLanguage\":\"en-US\",\"@id\":\"https:\\\/\\\/www.kz-gedenkstaette-dachau.de\\\/en\\\/events\\\/el-campo-de-concentracion-de-dachau-1933-1945-una-introduccion-a-su-historia-das-konzentrationslager-dachau-1933-1945-einfuehrung-zur-geschichte-eines-kzs\\\/#primaryimage\",\"url\":\"https:\\\/\\\/www.kz-gedenkstaette-dachau.de\\\/wp-content\\\/uploads\\\/2022\\\/06\\\/SM628-044.jpg\",\"contentUrl\":\"https:\\\/\\\/www.kz-gedenkstaette-dachau.de\\\/wp-content\\\/uploads\\\/2022\\\/06\\\/SM628-044.jpg\",\"width\":1200,\"height\":906,\"caption\":\"Dachau Concentration Camp memorial\"},{\"@type\":\"BreadcrumbList\",\"@id\":\"https:\\\/\\\/www.kz-gedenkstaette-dachau.de\\\/en\\\/events\\\/el-campo-de-concentracion-de-dachau-1933-1945-una-introduccion-a-su-historia-das-konzentrationslager-dachau-1933-1945-einfuehrung-zur-geschichte-eines-kzs\\\/#breadcrumb\",\"itemListElement\":[{\"@type\":\"ListItem\",\"position\":1,\"name\":\"Home\",\"item\":\"https:\\\/\\\/www.kz-gedenkstaette-dachau.de\\\/en\\\/\"},{\"@type\":\"ListItem\",\"position\":2,\"name\":\"Veranstaltungen\",\"item\":\"https:\\\/\\\/www.kz-gedenkstaette-dachau.de\\\/veranstaltungen\\\/\"},{\"@type\":\"ListItem\",\"position\":3,\"name\":\"El campo de concentraci\u00f3n de Dachau (1933-1945). Una introducci\u00f3n a su historia. [Das Konzentrationslager Dachau (1933-1945). Einf\u00fchrung zur Geschichte eines KZs]\"}]},{\"@type\":\"WebSite\",\"@id\":\"https:\\\/\\\/www.kz-gedenkstaette-dachau.de\\\/#website\",\"url\":\"https:\\\/\\\/www.kz-gedenkstaette-dachau.de\\\/\",\"name\":\"KZ Gedenkst\u00e4tte Dachau\",\"description\":\"\",\"potentialAction\":[{\"@type\":\"SearchAction\",\"target\":{\"@type\":\"EntryPoint\",\"urlTemplate\":\"https:\\\/\\\/www.kz-gedenkstaette-dachau.de\\\/?s={search_term_string}\"},\"query-input\":{\"@type\":\"PropertyValueSpecification\",\"valueRequired\":true,\"valueName\":\"search_term_string\"}}],\"inLanguage\":\"en-US\"}]}<\/script>\n<!-- \/ Yoast SEO plugin. -->","yoast_head_json":{"title":"El campo de concentraci\u00f3n de Dachau (1933-1945). Una introducci\u00f3n a su historia. [Das Konzentrationslager Dachau (1933-1945). Einf\u00fchrung zur Geschichte eines KZs] - KZ Gedenkst\u00e4tte Dachau","robots":{"index":"index","follow":"follow","max-snippet":"max-snippet:-1","max-image-preview":"max-image-preview:large","max-video-preview":"max-video-preview:-1"},"canonical":"https:\/\/www.kz-gedenkstaette-dachau.de\/en\/events\/el-campo-de-concentracion-de-dachau-1933-1945-una-introduccion-a-su-historia-das-konzentrationslager-dachau-1933-1945-einfuehrung-zur-geschichte-eines-kzs\/","og_locale":"en_US","og_type":"article","og_title":"El campo de concentraci\u00f3n de Dachau (1933-1945). Una introducci\u00f3n a su historia. [Das Konzentrationslager Dachau (1933-1945). Einf\u00fchrung zur Geschichte eines KZs] - KZ Gedenkst\u00e4tte Dachau","og_description":"Dieser Live-Rundgang bietet eine Einf\u00fchrung zur Geschichte des KZ Dachau auf Spanisch.","og_url":"https:\/\/www.kz-gedenkstaette-dachau.de\/en\/events\/el-campo-de-concentracion-de-dachau-1933-1945-una-introduccion-a-su-historia-das-konzentrationslager-dachau-1933-1945-einfuehrung-zur-geschichte-eines-kzs\/","og_site_name":"KZ Gedenkst\u00e4tte Dachau","article_modified_time":"2022-06-13T10:36:09+00:00","og_image":[{"width":1200,"height":906,"url":"https:\/\/www.kz-gedenkstaette-dachau.de\/wp-content\/uploads\/2022\/06\/SM628-044.jpg","type":"image\/jpeg"}],"twitter_card":"summary_large_image","twitter_misc":{"Est. reading time":"1 minute"},"schema":{"@context":"https:\/\/schema.org","@graph":[{"@type":"WebPage","@id":"https:\/\/www.kz-gedenkstaette-dachau.de\/en\/events\/el-campo-de-concentracion-de-dachau-1933-1945-una-introduccion-a-su-historia-das-konzentrationslager-dachau-1933-1945-einfuehrung-zur-geschichte-eines-kzs\/","url":"https:\/\/www.kz-gedenkstaette-dachau.de\/en\/events\/el-campo-de-concentracion-de-dachau-1933-1945-una-introduccion-a-su-historia-das-konzentrationslager-dachau-1933-1945-einfuehrung-zur-geschichte-eines-kzs\/","name":"El campo de concentraci\u00f3n de Dachau (1933-1945). Una introducci\u00f3n a su historia. [Das Konzentrationslager Dachau (1933-1945). Einf\u00fchrung zur Geschichte eines KZs] - KZ Gedenkst\u00e4tte Dachau","isPartOf":{"@id":"https:\/\/www.kz-gedenkstaette-dachau.de\/#website"},"primaryImageOfPage":{"@id":"https:\/\/www.kz-gedenkstaette-dachau.de\/en\/events\/el-campo-de-concentracion-de-dachau-1933-1945-una-introduccion-a-su-historia-das-konzentrationslager-dachau-1933-1945-einfuehrung-zur-geschichte-eines-kzs\/#primaryimage"},"image":{"@id":"https:\/\/www.kz-gedenkstaette-dachau.de\/en\/events\/el-campo-de-concentracion-de-dachau-1933-1945-una-introduccion-a-su-historia-das-konzentrationslager-dachau-1933-1945-einfuehrung-zur-geschichte-eines-kzs\/#primaryimage"},"thumbnailUrl":"https:\/\/www.kz-gedenkstaette-dachau.de\/wp-content\/uploads\/2022\/06\/SM628-044.jpg","datePublished":"2022-06-13T10:32:47+00:00","dateModified":"2022-06-13T10:36:09+00:00","breadcrumb":{"@id":"https:\/\/www.kz-gedenkstaette-dachau.de\/en\/events\/el-campo-de-concentracion-de-dachau-1933-1945-una-introduccion-a-su-historia-das-konzentrationslager-dachau-1933-1945-einfuehrung-zur-geschichte-eines-kzs\/#breadcrumb"},"inLanguage":"en-US","potentialAction":[{"@type":"ReadAction","target":["https:\/\/www.kz-gedenkstaette-dachau.de\/en\/events\/el-campo-de-concentracion-de-dachau-1933-1945-una-introduccion-a-su-historia-das-konzentrationslager-dachau-1933-1945-einfuehrung-zur-geschichte-eines-kzs\/"]}]},{"@type":"ImageObject","inLanguage":"en-US","@id":"https:\/\/www.kz-gedenkstaette-dachau.de\/en\/events\/el-campo-de-concentracion-de-dachau-1933-1945-una-introduccion-a-su-historia-das-konzentrationslager-dachau-1933-1945-einfuehrung-zur-geschichte-eines-kzs\/#primaryimage","url":"https:\/\/www.kz-gedenkstaette-dachau.de\/wp-content\/uploads\/2022\/06\/SM628-044.jpg","contentUrl":"https:\/\/www.kz-gedenkstaette-dachau.de\/wp-content\/uploads\/2022\/06\/SM628-044.jpg","width":1200,"height":906,"caption":"Dachau Concentration Camp memorial"},{"@type":"BreadcrumbList","@id":"https:\/\/www.kz-gedenkstaette-dachau.de\/en\/events\/el-campo-de-concentracion-de-dachau-1933-1945-una-introduccion-a-su-historia-das-konzentrationslager-dachau-1933-1945-einfuehrung-zur-geschichte-eines-kzs\/#breadcrumb","itemListElement":[{"@type":"ListItem","position":1,"name":"Home","item":"https:\/\/www.kz-gedenkstaette-dachau.de\/en\/"},{"@type":"ListItem","position":2,"name":"Veranstaltungen","item":"https:\/\/www.kz-gedenkstaette-dachau.de\/veranstaltungen\/"},{"@type":"ListItem","position":3,"name":"El campo de concentraci\u00f3n de Dachau (1933-1945). Una introducci\u00f3n a su historia. [Das Konzentrationslager Dachau (1933-1945). Einf\u00fchrung zur Geschichte eines KZs]"}]},{"@type":"WebSite","@id":"https:\/\/www.kz-gedenkstaette-dachau.de\/#website","url":"https:\/\/www.kz-gedenkstaette-dachau.de\/","name":"KZ Gedenkst\u00e4tte Dachau","description":"","potentialAction":[{"@type":"SearchAction","target":{"@type":"EntryPoint","urlTemplate":"https:\/\/www.kz-gedenkstaette-dachau.de\/?s={search_term_string}"},"query-input":{"@type":"PropertyValueSpecification","valueRequired":true,"valueName":"search_term_string"}}],"inLanguage":"en-US"}]}},"_links":{"self":[{"href":"https:\/\/www.kz-gedenkstaette-dachau.de\/en\/wp-json\/wp\/v2\/veranstaltungen\/81199","targetHints":{"allow":["GET"]}}],"collection":[{"href":"https:\/\/www.kz-gedenkstaette-dachau.de\/en\/wp-json\/wp\/v2\/veranstaltungen"}],"about":[{"href":"https:\/\/www.kz-gedenkstaette-dachau.de\/en\/wp-json\/wp\/v2\/types\/veranstaltungen"}],"version-history":[{"count":1,"href":"https:\/\/www.kz-gedenkstaette-dachau.de\/en\/wp-json\/wp\/v2\/veranstaltungen\/81199\/revisions"}],"predecessor-version":[{"id":81205,"href":"https:\/\/www.kz-gedenkstaette-dachau.de\/en\/wp-json\/wp\/v2\/veranstaltungen\/81199\/revisions\/81205"}],"wp:featuredmedia":[{"embeddable":true,"href":"https:\/\/www.kz-gedenkstaette-dachau.de\/en\/wp-json\/wp\/v2\/media\/81209"}],"wp:attachment":[{"href":"https:\/\/www.kz-gedenkstaette-dachau.de\/en\/wp-json\/wp\/v2\/media?parent=81199"}],"curies":[{"name":"wp","href":"https:\/\/api.w.org\/{rel}","templated":true}]}}