{"id":56782,"date":"2018-09-04T12:43:23","date_gmt":"2018-09-04T10:43:23","guid":{"rendered":"https:\/\/www.kz-gedenkstaette-dachau.de\/sitio-historico\/recorrido-virtual\/krematoriumsbereich\/"},"modified":"2024-04-04T17:14:59","modified_gmt":"2024-04-04T15:14:59","slug":"zona-de-crematorios","status":"publish","type":"page","link":"https:\/\/www.kz-gedenkstaette-dachau.de\/es\/sitio-historico\/recorrido-virtual\/zona-de-crematorios\/","title":{"rendered":"Zona de crematorios"},"content":{"rendered":"<p>La zona de crematorios es el lugar de la memoria m\u00e1s importante del Memorial del Campo de Concentraci\u00f3n de Dachau. Esta zona ha estado dedicada a la memoria de los muertos pr\u00e1cticamente desde que se liber\u00f3 el campo. El car\u00e1cter de cementerio se le confiri\u00f3 m\u00e1s tarde con las reformas de los a\u00f1os 60. Actualmente, se accede a la zona de crematorios por un puente que la conecta con el antiguo campo de prisioneros. Esta v\u00eda es, por cierto, ajena a la situaci\u00f3n hist\u00f3rica, pues la zona de crematorios estaba dentro del campo de la SS, en parte arborizada y circundada por un muro que la separaba estrictamente del campo de prisioneros. A ella solo ten\u00edan acceso los responsables de la SS y los prisioneros obligados a incinerar los cad\u00e1veres.<\/p>\n<p>A principios del sistema concentracionario, la SS entregaba a los familiares las cenizas de los prisioneros muertos en el campo, sepultaba sus restos en las inmediaciones del campo o los trasladaba al cementerio oriental de M\u00fanich para su incineraci\u00f3n. Ya iniciada la guerra, en verano de 1940, la cifra de prisioneros y la tasa de mortalidad aumentaron a tal grado que la SS dio orden de edificar un primer crematorio equipado con un horno de incineraci\u00f3n. Al cabo de apenas un a\u00f1o, la capacidad de este primer crematorio pas\u00f3 a ser insuficiente, y, en verano de 1942, inician las obras del \u201cbarrac\u00f3n X\u201d, que entr\u00f3 en funcionamiento un a\u00f1o m\u00e1s tarde. En este nuevo crematorio hab\u00eda cuatro hornos de incineraci\u00f3n y c\u00e1maras para la desinfecci\u00f3n de ropa, retretes, morgues y una c\u00e1mara de gas camuflada como \u201ccuarto de duchas\u201d. Si bien no cabe la menor duda de que el \u201cbarrac\u00f3n X\u201d fue concebido para el exterminio masivo de reclusos, en el campo de concentraci\u00f3n de Dachau no se practic\u00f3 el homicidio masivo de personas con gas letal. A\u00fan no est\u00e1 claro el porqu\u00e9 la SS se abstuvo de usar con estos fines esta c\u00e1mara de gas en perfecto funcionamiento; pero, seg\u00fan un informe testimonial, es probable que en 1944 algunos prisioneros hayan sido v\u00edctimas de gaseo. Aprovechando su aislamiento, la SS us\u00f3 la zona de crematorios tambi\u00e9n para ejecutar prisioneros, ya sea en la horca o mediante un tiro en la nuca. Entre las v\u00edctimas figuran, sobre todo, miembros de grupos de resistencia. Hay un sendero, un \u201ccamino de la muerte\u201d, que pasa por los sitios donde tuvieron lugar estas ejecuciones y por varias fosas con cenizas. Entre 1933 y 1945, en el campo de concentraci\u00f3n de Dachau y en sus subcampos, murieron unas 41.500 personas de hambre, agotamiento y enfermedades, pero tambi\u00e9n v\u00edctimas de la tortura y el homicidio.<\/p>\n","protected":false},"excerpt":{"rendered":"<p>La zona de crematorios es el lugar de la memoria m\u00e1s importante del Memorial del Campo de Concentraci\u00f3n de Dachau. Esta zona ha estado dedicada a la memoria de los muertos pr\u00e1cticamente desde que se liber\u00f3 el campo. El car\u00e1cter de cementerio se le confiri\u00f3 m\u00e1s tarde con las reformas de los a\u00f1os 60. Actualmente,&#8230; <a class=\"view-article\" href=\"https:\/\/www.kz-gedenkstaette-dachau.de\/es\/sitio-historico\/recorrido-virtual\/zona-de-crematorios\/\">Ver art\u00edculo<\/a><\/p>\n","protected":false},"author":1,"featured_media":0,"parent":56696,"menu_order":1300,"comment_status":"closed","ping_status":"closed","template":"page-virtueller_rundgang_unterseite.php","meta":{"_acf_changed":false,"footnotes":""},"class_list":["post-56782","page","type-page","status-publish","hentry"],"acf":[],"yoast_head":"<!-- This site is optimized with the Yoast SEO plugin v27.5 - https:\/\/yoast.com\/product\/yoast-seo-wordpress\/ -->\n<title>Zona de crematorios - KZ Gedenkst\u00e4tte Dachau<\/title>\n<meta name=\"robots\" content=\"index, follow, max-snippet:-1, max-image-preview:large, max-video-preview:-1\" \/>\n<link rel=\"canonical\" href=\"https:\/\/www.kz-gedenkstaette-dachau.de\/es\/sitio-historico\/recorrido-virtual\/zona-de-crematorios\/\" \/>\n<meta property=\"og:locale\" content=\"es_ES\" \/>\n<meta property=\"og:type\" content=\"article\" \/>\n<meta property=\"og:title\" content=\"Zona de crematorios - KZ Gedenkst\u00e4tte Dachau\" \/>\n<meta property=\"og:description\" content=\"La zona de crematorios es el lugar de la memoria m\u00e1s importante del Memorial del Campo de Concentraci\u00f3n de Dachau. Esta zona ha estado dedicada a la memoria de los muertos pr\u00e1cticamente desde que se liber\u00f3 el campo. El car\u00e1cter de cementerio se le confiri\u00f3 m\u00e1s tarde con las reformas de los a\u00f1os 60. Actualmente,... Ver art\u00edculo\" \/>\n<meta property=\"og:url\" content=\"https:\/\/www.kz-gedenkstaette-dachau.de\/es\/sitio-historico\/recorrido-virtual\/zona-de-crematorios\/\" \/>\n<meta property=\"og:site_name\" content=\"KZ Gedenkst\u00e4tte Dachau\" \/>\n<meta property=\"article:modified_time\" content=\"2024-04-04T15:14:59+00:00\" \/>\n<meta name=\"twitter:card\" content=\"summary_large_image\" \/>\n<meta name=\"twitter:label1\" content=\"Tiempo de lectura\" \/>\n\t<meta name=\"twitter:data1\" content=\"3 minutos\" \/>\n<script type=\"application\/ld+json\" class=\"yoast-schema-graph\">{\"@context\":\"https:\\\/\\\/schema.org\",\"@graph\":[{\"@type\":\"WebPage\",\"@id\":\"https:\\\/\\\/www.kz-gedenkstaette-dachau.de\\\/es\\\/sitio-historico\\\/recorrido-virtual\\\/zona-de-crematorios\\\/\",\"url\":\"https:\\\/\\\/www.kz-gedenkstaette-dachau.de\\\/es\\\/sitio-historico\\\/recorrido-virtual\\\/zona-de-crematorios\\\/\",\"name\":\"Zona de crematorios - KZ Gedenkst\u00e4tte Dachau\",\"isPartOf\":{\"@id\":\"https:\\\/\\\/www.kz-gedenkstaette-dachau.de\\\/#website\"},\"datePublished\":\"2018-09-04T10:43:23+00:00\",\"dateModified\":\"2024-04-04T15:14:59+00:00\",\"breadcrumb\":{\"@id\":\"https:\\\/\\\/www.kz-gedenkstaette-dachau.de\\\/es\\\/sitio-historico\\\/recorrido-virtual\\\/zona-de-crematorios\\\/#breadcrumb\"},\"inLanguage\":\"es\",\"potentialAction\":[{\"@type\":\"ReadAction\",\"target\":[\"https:\\\/\\\/www.kz-gedenkstaette-dachau.de\\\/es\\\/sitio-historico\\\/recorrido-virtual\\\/zona-de-crematorios\\\/\"]}]},{\"@type\":\"BreadcrumbList\",\"@id\":\"https:\\\/\\\/www.kz-gedenkstaette-dachau.de\\\/es\\\/sitio-historico\\\/recorrido-virtual\\\/zona-de-crematorios\\\/#breadcrumb\",\"itemListElement\":[{\"@type\":\"ListItem\",\"position\":1,\"name\":\"Sitio web\",\"item\":\"https:\\\/\\\/www.kz-gedenkstaette-dachau.de\\\/es\\\/\"},{\"@type\":\"ListItem\",\"position\":2,\"name\":\"Sitio hist\u00f3rico\",\"item\":\"https:\\\/\\\/www.kz-gedenkstaette-dachau.de\\\/es\\\/sitio-historico\\\/\"},{\"@type\":\"ListItem\",\"position\":3,\"name\":\"Recorrido virtual\",\"item\":\"https:\\\/\\\/www.kz-gedenkstaette-dachau.de\\\/es\\\/sitio-historico\\\/recorrido-virtual\\\/\"},{\"@type\":\"ListItem\",\"position\":4,\"name\":\"Zona de crematorios\"}]},{\"@type\":\"WebSite\",\"@id\":\"https:\\\/\\\/www.kz-gedenkstaette-dachau.de\\\/#website\",\"url\":\"https:\\\/\\\/www.kz-gedenkstaette-dachau.de\\\/\",\"name\":\"KZ Gedenkst\u00e4tte Dachau\",\"description\":\"\",\"potentialAction\":[{\"@type\":\"SearchAction\",\"target\":{\"@type\":\"EntryPoint\",\"urlTemplate\":\"https:\\\/\\\/www.kz-gedenkstaette-dachau.de\\\/?s={search_term_string}\"},\"query-input\":{\"@type\":\"PropertyValueSpecification\",\"valueRequired\":true,\"valueName\":\"search_term_string\"}}],\"inLanguage\":\"es\"}]}<\/script>\n<!-- \/ Yoast SEO plugin. -->","yoast_head_json":{"title":"Zona de crematorios - KZ Gedenkst\u00e4tte Dachau","robots":{"index":"index","follow":"follow","max-snippet":"max-snippet:-1","max-image-preview":"max-image-preview:large","max-video-preview":"max-video-preview:-1"},"canonical":"https:\/\/www.kz-gedenkstaette-dachau.de\/es\/sitio-historico\/recorrido-virtual\/zona-de-crematorios\/","og_locale":"es_ES","og_type":"article","og_title":"Zona de crematorios - KZ Gedenkst\u00e4tte Dachau","og_description":"La zona de crematorios es el lugar de la memoria m\u00e1s importante del Memorial del Campo de Concentraci\u00f3n de Dachau. Esta zona ha estado dedicada a la memoria de los muertos pr\u00e1cticamente desde que se liber\u00f3 el campo. El car\u00e1cter de cementerio se le confiri\u00f3 m\u00e1s tarde con las reformas de los a\u00f1os 60. Actualmente,... Ver art\u00edculo","og_url":"https:\/\/www.kz-gedenkstaette-dachau.de\/es\/sitio-historico\/recorrido-virtual\/zona-de-crematorios\/","og_site_name":"KZ Gedenkst\u00e4tte Dachau","article_modified_time":"2024-04-04T15:14:59+00:00","twitter_card":"summary_large_image","twitter_misc":{"Tiempo de lectura":"3 minutos"},"schema":{"@context":"https:\/\/schema.org","@graph":[{"@type":"WebPage","@id":"https:\/\/www.kz-gedenkstaette-dachau.de\/es\/sitio-historico\/recorrido-virtual\/zona-de-crematorios\/","url":"https:\/\/www.kz-gedenkstaette-dachau.de\/es\/sitio-historico\/recorrido-virtual\/zona-de-crematorios\/","name":"Zona de crematorios - KZ Gedenkst\u00e4tte Dachau","isPartOf":{"@id":"https:\/\/www.kz-gedenkstaette-dachau.de\/#website"},"datePublished":"2018-09-04T10:43:23+00:00","dateModified":"2024-04-04T15:14:59+00:00","breadcrumb":{"@id":"https:\/\/www.kz-gedenkstaette-dachau.de\/es\/sitio-historico\/recorrido-virtual\/zona-de-crematorios\/#breadcrumb"},"inLanguage":"es","potentialAction":[{"@type":"ReadAction","target":["https:\/\/www.kz-gedenkstaette-dachau.de\/es\/sitio-historico\/recorrido-virtual\/zona-de-crematorios\/"]}]},{"@type":"BreadcrumbList","@id":"https:\/\/www.kz-gedenkstaette-dachau.de\/es\/sitio-historico\/recorrido-virtual\/zona-de-crematorios\/#breadcrumb","itemListElement":[{"@type":"ListItem","position":1,"name":"Sitio web","item":"https:\/\/www.kz-gedenkstaette-dachau.de\/es\/"},{"@type":"ListItem","position":2,"name":"Sitio hist\u00f3rico","item":"https:\/\/www.kz-gedenkstaette-dachau.de\/es\/sitio-historico\/"},{"@type":"ListItem","position":3,"name":"Recorrido virtual","item":"https:\/\/www.kz-gedenkstaette-dachau.de\/es\/sitio-historico\/recorrido-virtual\/"},{"@type":"ListItem","position":4,"name":"Zona de crematorios"}]},{"@type":"WebSite","@id":"https:\/\/www.kz-gedenkstaette-dachau.de\/#website","url":"https:\/\/www.kz-gedenkstaette-dachau.de\/","name":"KZ Gedenkst\u00e4tte Dachau","description":"","potentialAction":[{"@type":"SearchAction","target":{"@type":"EntryPoint","urlTemplate":"https:\/\/www.kz-gedenkstaette-dachau.de\/?s={search_term_string}"},"query-input":{"@type":"PropertyValueSpecification","valueRequired":true,"valueName":"search_term_string"}}],"inLanguage":"es"}]}},"_links":{"self":[{"href":"https:\/\/www.kz-gedenkstaette-dachau.de\/es\/wp-json\/wp\/v2\/pages\/56782","targetHints":{"allow":["GET"]}}],"collection":[{"href":"https:\/\/www.kz-gedenkstaette-dachau.de\/es\/wp-json\/wp\/v2\/pages"}],"about":[{"href":"https:\/\/www.kz-gedenkstaette-dachau.de\/es\/wp-json\/wp\/v2\/types\/page"}],"author":[{"embeddable":true,"href":"https:\/\/www.kz-gedenkstaette-dachau.de\/es\/wp-json\/wp\/v2\/users\/1"}],"replies":[{"embeddable":true,"href":"https:\/\/www.kz-gedenkstaette-dachau.de\/es\/wp-json\/wp\/v2\/comments?post=56782"}],"version-history":[{"count":1,"href":"https:\/\/www.kz-gedenkstaette-dachau.de\/es\/wp-json\/wp\/v2\/pages\/56782\/revisions"}],"predecessor-version":[{"id":90176,"href":"https:\/\/www.kz-gedenkstaette-dachau.de\/es\/wp-json\/wp\/v2\/pages\/56782\/revisions\/90176"}],"up":[{"embeddable":true,"href":"https:\/\/www.kz-gedenkstaette-dachau.de\/es\/wp-json\/wp\/v2\/pages\/56696"}],"wp:attachment":[{"href":"https:\/\/www.kz-gedenkstaette-dachau.de\/es\/wp-json\/wp\/v2\/media?parent=56782"}],"curies":[{"name":"wp","href":"https:\/\/api.w.org\/{rel}","templated":true}]}}