{"version":"1.0","provider_name":"KZ Gedenkst\u00e4tte Dachau","provider_url":"https:\/\/www.kz-gedenkstaette-dachau.de\/fr\/","title":"Les douches des d\u00e9tenus - KZ Gedenkst\u00e4tte Dachau","type":"rich","width":600,"height":338,"html":"<blockquote class=\"wp-embedded-content\" data-secret=\"70ecQ2pxqd\"><a href=\"https:\/\/www.kz-gedenkstaette-dachau.de\/fr\/site-historique\/visite-virtuelle\/les-douches-des-detenus\/\">Les douches des d\u00e9tenus<\/a><\/blockquote><iframe sandbox=\"allow-scripts\" security=\"restricted\" src=\"https:\/\/www.kz-gedenkstaette-dachau.de\/fr\/site-historique\/visite-virtuelle\/les-douches-des-detenus\/embed\/#?secret=70ecQ2pxqd\" width=\"600\" height=\"338\" title=\"\u00ab\u00a0Les douches des d\u00e9tenus\u00a0\u00bb &#8212; KZ Gedenkst\u00e4tte Dachau\" data-secret=\"70ecQ2pxqd\" frameborder=\"0\" marginwidth=\"0\" marginheight=\"0\" scrolling=\"no\" class=\"wp-embedded-content\"><\/iframe><script type=\"text\/javascript\">\n\/* <![CDATA[ *\/\n\/*! This file is auto-generated *\/\n!function(d,l){\"use strict\";l.querySelector&&d.addEventListener&&\"undefined\"!=typeof URL&&(d.wp=d.wp||{},d.wp.receiveEmbedMessage||(d.wp.receiveEmbedMessage=function(e){var t=e.data;if((t||t.secret||t.message||t.value)&&!\/[^a-zA-Z0-9]\/.test(t.secret)){for(var s,r,n,a=l.querySelectorAll('iframe[data-secret=\"'+t.secret+'\"]'),o=l.querySelectorAll('blockquote[data-secret=\"'+t.secret+'\"]'),c=new RegExp(\"^https?:$\",\"i\"),i=0;i<o.length;i++)o[i].style.display=\"none\";for(i=0;i<a.length;i++)s=a[i],e.source===s.contentWindow&&(s.removeAttribute(\"style\"),\"height\"===t.message?(1e3<(r=parseInt(t.value,10))?r=1e3:~~r<200&&(r=200),s.height=r):\"link\"===t.message&&(r=new URL(s.getAttribute(\"src\")),n=new URL(t.value),c.test(n.protocol))&&n.host===r.host&&l.activeElement===s&&(d.top.location.href=t.value))}},d.addEventListener(\"message\",d.wp.receiveEmbedMessage,!1),l.addEventListener(\"DOMContentLoaded\",function(){for(var e,t,s=l.querySelectorAll(\"iframe.wp-embedded-content\"),r=0;r<s.length;r++)(t=(e=s[r]).getAttribute(\"data-secret\"))||(t=Math.random().toString(36).substring(2,12),e.src+=\"#?secret=\"+t,e.setAttribute(\"data-secret\",t)),e.contentWindow.postMessage({message:\"ready\",secret:t},\"*\")},!1)))}(window,document);\n\/\/# sourceURL=https:\/\/www.kz-gedenkstaette-dachau.de\/wp-includes\/js\/wp-embed.min.js\n\/* ]]> *\/\n<\/script>\n","description":"Dans la salle des douches des d\u00e9tenus, les nouveaux arrivants \u00e9taient enti\u00e8rement ras\u00e9s, d\u00e9sinfect\u00e9s et pass\u00e9s \u00e0 la douche. Au-del\u00e0 des motifs hygi\u00e9niques, les SS visaient par cette proc\u00e9dure \u00e0 \u00f4ter toute intimit\u00e9 aux d\u00e9tenus et \u00e0 les humilier. Au d\u00e9but, les d\u00e9tenus d\u00e9j\u00e0 incarc\u00e9r\u00e9s \u00e9taient conduits \u00e0 la douche une fois par semaine, mais... Voir l'article"}