{"id":64383,"date":"2018-09-04T12:43:23","date_gmt":"2018-09-04T10:43:23","guid":{"rendered":"https:\/\/www.kz-gedenkstaette-dachau.de\/site-historique\/visite-virtuelle\/krematoriumsbereich\/"},"modified":"2020-02-20T12:57:59","modified_gmt":"2020-02-20T11:57:59","slug":"les-fours-crematoires","status":"publish","type":"page","link":"https:\/\/www.kz-gedenkstaette-dachau.de\/fr\/site-historique\/visite-virtuelle\/les-fours-crematoires\/","title":{"rendered":"Les fours cr\u00e9matoires"},"content":{"rendered":"<p>La zone des fours cr\u00e9matoires est le lieu de souvenir central du m\u00e9morial du camp de concentration de Dachau. D\u00e8s la lib\u00e9ration, ce secteur a \u00e9t\u00e9 d\u00e9di\u00e9 au souvenir des morts. Dans les ann\u00e9es 1960, il a \u00e9t\u00e9 transform\u00e9 pour prendre le caract\u00e8re d\u2019un cimeti\u00e8re.<\/p>\n<p>L\u2019acc\u00e8s \u00e0 la zone des cr\u00e9matoires se fait aujourd\u2019hui par un pont depuis l\u2019ancien camp de d\u00e9tention. Cela ne correspond pas \u00e0 la situation historique, car ce secteur, en partie dissimul\u00e9 par des arbres, \u00e9tait situ\u00e9 dans le camp SS, entour\u00e9 d\u2019un mur, et strictement s\u00e9par\u00e9 du camp de d\u00e9tention. L\u2019acc\u00e8s \u00e9tait r\u00e9serv\u00e9 aux seuls responsables des SS et aux prisonniers charg\u00e9s d\u2019incin\u00e9rer les cadavres.<\/p>\n<p>Au d\u00e9but, les SS remettaient aux proches les cendres des d\u00e9tenus morts dans le camp, enfouissaient les cadavres \u00e0 proximit\u00e9, ou bien ils les emportaient au cimeti\u00e8re de l\u2019Est, \u00e0 Munich, pour les incin\u00e9rer. Avec la forte augmentation du nombre de d\u00e9tenus et du taux de mortalit\u00e9 d\u00e8s le d\u00e9but de la guerre, les SS firent construire \u00e0 l\u2019\u00e9t\u00e9 1940 un premier cr\u00e9matorium dot\u00e9 d\u2019un four. Un an plus tard, la capacit\u00e9 du four cr\u00e9matoire n\u2019\u00e9tait d\u00e9j\u00e0 plus suffisante. Aussi lan\u00e7a-t-on au printemps 1942 la construction du \u00ab\u00a0block X\u00a0\u00bb, mis en service un an plus tard. Il comprenait un cr\u00e9matorium avec quatre fours, des chambres de d\u00e9sinfection pour les v\u00eatements, des salles communes et des sanitaires, ainsi que des chambres mortuaires et une chambre \u00e0 gaz camoufl\u00e9e en \u00ab\u00a0bains-douches\u00a0\u00bb. Il ne fait aucun doute que le \u00ab\u00a0block X\u00a0\u00bb \u00e9tait con\u00e7u pour l\u2019extermination massive des d\u00e9tenus.<\/p>\n<p>Au camp de concentration de Dachau, il n\u2019y eut toutefois pas de massacres r\u00e9sultant de l\u2019emploi massif de gaz toxiques. Pour des raisons non \u00e9lucid\u00e9es, les SS renonc\u00e8rent \u00e0 utiliser \u00e0 cet effet la chambre \u00e0 gaz, pourtant en \u00e9tat de fonctionnement. Selon le t\u00e9moignage d\u2019un survivant, des d\u00e9tenus ont n\u00e9anmoins \u00e9t\u00e9 tu\u00e9s au moyen d\u2019un gaz toxique en 1944.<\/p>\n<p>Le b\u00e2timent des cr\u00e9matoires, situ\u00e9 \u00e0 l\u2019\u00e9cart, \u00e9tait \u00e9galement utilis\u00e9 par les SS comme lieu d\u2019ex\u00e9cution. Des d\u00e9tenus y furent pendus ou tu\u00e9s par une balle dans la nuque. Pour l\u2019essentiel, les victimes \u00e9taient membres de divers r\u00e9seaux de r\u00e9sistance. Un sentier, baptis\u00e9 \u00ab\u00a0chemin de la mort\u00a0\u00bb, passe devant les lieux d\u2019ex\u00e9cution et les tombes o\u00f9 reposent les cendres de ces d\u00e9tenus.<\/p>\n<p>De 1933 \u00e0 1945, dans le camp de concentration de Dachau et ses annexes, pr\u00e8s de 41\u00a0500 personnes sont mortes de faim, d\u2019\u00e9puisement ou de maladie, ou bien ont \u00e9t\u00e9 tortur\u00e9es \u00e0 mort ou assassin\u00e9es.betrieb_barackeX_1944<\/p>\n","protected":false},"excerpt":{"rendered":"<p>La zone des fours cr\u00e9matoires est le lieu de souvenir central du m\u00e9morial du camp de concentration de Dachau. D\u00e8s la lib\u00e9ration, ce secteur a \u00e9t\u00e9 d\u00e9di\u00e9 au souvenir des morts. Dans les ann\u00e9es 1960, il a \u00e9t\u00e9 transform\u00e9 pour prendre le caract\u00e8re d\u2019un cimeti\u00e8re. L\u2019acc\u00e8s \u00e0 la zone des cr\u00e9matoires se fait aujourd\u2019hui par&#8230; <a class=\"view-article\" href=\"https:\/\/www.kz-gedenkstaette-dachau.de\/fr\/site-historique\/visite-virtuelle\/les-fours-crematoires\/\">Voir l&rsquo;article<\/a><\/p>\n","protected":false},"author":1,"featured_media":0,"parent":62582,"menu_order":1300,"comment_status":"closed","ping_status":"closed","template":"page-virtueller_rundgang_unterseite.php","meta":{"_acf_changed":false,"footnotes":""},"class_list":["post-64383","page","type-page","status-publish","hentry"],"acf":[],"yoast_head":"<!-- This site is optimized with the Yoast SEO plugin v27.5 - https:\/\/yoast.com\/product\/yoast-seo-wordpress\/ -->\n<title>Les fours cr\u00e9matoires - KZ Gedenkst\u00e4tte Dachau<\/title>\n<meta name=\"robots\" content=\"index, follow, max-snippet:-1, max-image-preview:large, max-video-preview:-1\" \/>\n<link rel=\"canonical\" href=\"https:\/\/www.kz-gedenkstaette-dachau.de\/fr\/site-historique\/visite-virtuelle\/les-fours-crematoires\/\" \/>\n<meta property=\"og:locale\" content=\"fr_FR\" \/>\n<meta property=\"og:type\" content=\"article\" \/>\n<meta property=\"og:title\" content=\"Les fours cr\u00e9matoires - KZ Gedenkst\u00e4tte Dachau\" \/>\n<meta property=\"og:description\" content=\"La zone des fours cr\u00e9matoires est le lieu de souvenir central du m\u00e9morial du camp de concentration de Dachau. D\u00e8s la lib\u00e9ration, ce secteur a \u00e9t\u00e9 d\u00e9di\u00e9 au souvenir des morts. Dans les ann\u00e9es 1960, il a \u00e9t\u00e9 transform\u00e9 pour prendre le caract\u00e8re d\u2019un cimeti\u00e8re. L\u2019acc\u00e8s \u00e0 la zone des cr\u00e9matoires se fait aujourd\u2019hui par... Voir l&#039;article\" \/>\n<meta property=\"og:url\" content=\"https:\/\/www.kz-gedenkstaette-dachau.de\/fr\/site-historique\/visite-virtuelle\/les-fours-crematoires\/\" \/>\n<meta property=\"og:site_name\" content=\"KZ Gedenkst\u00e4tte Dachau\" \/>\n<meta property=\"article:modified_time\" content=\"2020-02-20T11:57:59+00:00\" \/>\n<meta name=\"twitter:card\" content=\"summary_large_image\" \/>\n<meta name=\"twitter:label1\" content=\"Dur\u00e9e de lecture estim\u00e9e\" \/>\n\t<meta name=\"twitter:data1\" content=\"2 minutes\" \/>\n<script type=\"application\/ld+json\" class=\"yoast-schema-graph\">{\"@context\":\"https:\\\/\\\/schema.org\",\"@graph\":[{\"@type\":\"WebPage\",\"@id\":\"https:\\\/\\\/www.kz-gedenkstaette-dachau.de\\\/fr\\\/site-historique\\\/visite-virtuelle\\\/les-fours-crematoires\\\/\",\"url\":\"https:\\\/\\\/www.kz-gedenkstaette-dachau.de\\\/fr\\\/site-historique\\\/visite-virtuelle\\\/les-fours-crematoires\\\/\",\"name\":\"Les fours cr\u00e9matoires - KZ Gedenkst\u00e4tte Dachau\",\"isPartOf\":{\"@id\":\"https:\\\/\\\/www.kz-gedenkstaette-dachau.de\\\/#website\"},\"datePublished\":\"2018-09-04T10:43:23+00:00\",\"dateModified\":\"2020-02-20T11:57:59+00:00\",\"breadcrumb\":{\"@id\":\"https:\\\/\\\/www.kz-gedenkstaette-dachau.de\\\/fr\\\/site-historique\\\/visite-virtuelle\\\/les-fours-crematoires\\\/#breadcrumb\"},\"inLanguage\":\"fr-FR\",\"potentialAction\":[{\"@type\":\"ReadAction\",\"target\":[\"https:\\\/\\\/www.kz-gedenkstaette-dachau.de\\\/fr\\\/site-historique\\\/visite-virtuelle\\\/les-fours-crematoires\\\/\"]}]},{\"@type\":\"BreadcrumbList\",\"@id\":\"https:\\\/\\\/www.kz-gedenkstaette-dachau.de\\\/fr\\\/site-historique\\\/visite-virtuelle\\\/les-fours-crematoires\\\/#breadcrumb\",\"itemListElement\":[{\"@type\":\"ListItem\",\"position\":1,\"name\":\"Page d'accueil\",\"item\":\"https:\\\/\\\/www.kz-gedenkstaette-dachau.de\\\/fr\\\/\"},{\"@type\":\"ListItem\",\"position\":2,\"name\":\"Site historique\",\"item\":\"https:\\\/\\\/www.kz-gedenkstaette-dachau.de\\\/fr\\\/site-historique\\\/\"},{\"@type\":\"ListItem\",\"position\":3,\"name\":\"Visite virtuelle\",\"item\":\"https:\\\/\\\/www.kz-gedenkstaette-dachau.de\\\/fr\\\/site-historique\\\/visite-virtuelle\\\/\"},{\"@type\":\"ListItem\",\"position\":4,\"name\":\"Les fours cr\u00e9matoires\"}]},{\"@type\":\"WebSite\",\"@id\":\"https:\\\/\\\/www.kz-gedenkstaette-dachau.de\\\/#website\",\"url\":\"https:\\\/\\\/www.kz-gedenkstaette-dachau.de\\\/\",\"name\":\"KZ Gedenkst\u00e4tte Dachau\",\"description\":\"\",\"potentialAction\":[{\"@type\":\"SearchAction\",\"target\":{\"@type\":\"EntryPoint\",\"urlTemplate\":\"https:\\\/\\\/www.kz-gedenkstaette-dachau.de\\\/?s={search_term_string}\"},\"query-input\":{\"@type\":\"PropertyValueSpecification\",\"valueRequired\":true,\"valueName\":\"search_term_string\"}}],\"inLanguage\":\"fr-FR\"}]}<\/script>\n<!-- \/ Yoast SEO plugin. -->","yoast_head_json":{"title":"Les fours cr\u00e9matoires - KZ Gedenkst\u00e4tte Dachau","robots":{"index":"index","follow":"follow","max-snippet":"max-snippet:-1","max-image-preview":"max-image-preview:large","max-video-preview":"max-video-preview:-1"},"canonical":"https:\/\/www.kz-gedenkstaette-dachau.de\/fr\/site-historique\/visite-virtuelle\/les-fours-crematoires\/","og_locale":"fr_FR","og_type":"article","og_title":"Les fours cr\u00e9matoires - KZ Gedenkst\u00e4tte Dachau","og_description":"La zone des fours cr\u00e9matoires est le lieu de souvenir central du m\u00e9morial du camp de concentration de Dachau. D\u00e8s la lib\u00e9ration, ce secteur a \u00e9t\u00e9 d\u00e9di\u00e9 au souvenir des morts. Dans les ann\u00e9es 1960, il a \u00e9t\u00e9 transform\u00e9 pour prendre le caract\u00e8re d\u2019un cimeti\u00e8re. L\u2019acc\u00e8s \u00e0 la zone des cr\u00e9matoires se fait aujourd\u2019hui par... Voir l'article","og_url":"https:\/\/www.kz-gedenkstaette-dachau.de\/fr\/site-historique\/visite-virtuelle\/les-fours-crematoires\/","og_site_name":"KZ Gedenkst\u00e4tte Dachau","article_modified_time":"2020-02-20T11:57:59+00:00","twitter_card":"summary_large_image","twitter_misc":{"Dur\u00e9e de lecture estim\u00e9e":"2 minutes"},"schema":{"@context":"https:\/\/schema.org","@graph":[{"@type":"WebPage","@id":"https:\/\/www.kz-gedenkstaette-dachau.de\/fr\/site-historique\/visite-virtuelle\/les-fours-crematoires\/","url":"https:\/\/www.kz-gedenkstaette-dachau.de\/fr\/site-historique\/visite-virtuelle\/les-fours-crematoires\/","name":"Les fours cr\u00e9matoires - KZ Gedenkst\u00e4tte Dachau","isPartOf":{"@id":"https:\/\/www.kz-gedenkstaette-dachau.de\/#website"},"datePublished":"2018-09-04T10:43:23+00:00","dateModified":"2020-02-20T11:57:59+00:00","breadcrumb":{"@id":"https:\/\/www.kz-gedenkstaette-dachau.de\/fr\/site-historique\/visite-virtuelle\/les-fours-crematoires\/#breadcrumb"},"inLanguage":"fr-FR","potentialAction":[{"@type":"ReadAction","target":["https:\/\/www.kz-gedenkstaette-dachau.de\/fr\/site-historique\/visite-virtuelle\/les-fours-crematoires\/"]}]},{"@type":"BreadcrumbList","@id":"https:\/\/www.kz-gedenkstaette-dachau.de\/fr\/site-historique\/visite-virtuelle\/les-fours-crematoires\/#breadcrumb","itemListElement":[{"@type":"ListItem","position":1,"name":"Page d'accueil","item":"https:\/\/www.kz-gedenkstaette-dachau.de\/fr\/"},{"@type":"ListItem","position":2,"name":"Site historique","item":"https:\/\/www.kz-gedenkstaette-dachau.de\/fr\/site-historique\/"},{"@type":"ListItem","position":3,"name":"Visite virtuelle","item":"https:\/\/www.kz-gedenkstaette-dachau.de\/fr\/site-historique\/visite-virtuelle\/"},{"@type":"ListItem","position":4,"name":"Les fours cr\u00e9matoires"}]},{"@type":"WebSite","@id":"https:\/\/www.kz-gedenkstaette-dachau.de\/#website","url":"https:\/\/www.kz-gedenkstaette-dachau.de\/","name":"KZ Gedenkst\u00e4tte Dachau","description":"","potentialAction":[{"@type":"SearchAction","target":{"@type":"EntryPoint","urlTemplate":"https:\/\/www.kz-gedenkstaette-dachau.de\/?s={search_term_string}"},"query-input":{"@type":"PropertyValueSpecification","valueRequired":true,"valueName":"search_term_string"}}],"inLanguage":"fr-FR"}]}},"_links":{"self":[{"href":"https:\/\/www.kz-gedenkstaette-dachau.de\/fr\/wp-json\/wp\/v2\/pages\/64383","targetHints":{"allow":["GET"]}}],"collection":[{"href":"https:\/\/www.kz-gedenkstaette-dachau.de\/fr\/wp-json\/wp\/v2\/pages"}],"about":[{"href":"https:\/\/www.kz-gedenkstaette-dachau.de\/fr\/wp-json\/wp\/v2\/types\/page"}],"author":[{"embeddable":true,"href":"https:\/\/www.kz-gedenkstaette-dachau.de\/fr\/wp-json\/wp\/v2\/users\/1"}],"replies":[{"embeddable":true,"href":"https:\/\/www.kz-gedenkstaette-dachau.de\/fr\/wp-json\/wp\/v2\/comments?post=64383"}],"version-history":[{"count":0,"href":"https:\/\/www.kz-gedenkstaette-dachau.de\/fr\/wp-json\/wp\/v2\/pages\/64383\/revisions"}],"up":[{"embeddable":true,"href":"https:\/\/www.kz-gedenkstaette-dachau.de\/fr\/wp-json\/wp\/v2\/pages\/62582"}],"wp:attachment":[{"href":"https:\/\/www.kz-gedenkstaette-dachau.de\/fr\/wp-json\/wp\/v2\/media?parent=64383"}],"curies":[{"name":"wp","href":"https:\/\/api.w.org\/{rel}","templated":true}]}}