{"id":64453,"date":"2018-11-19T15:38:46","date_gmt":"2018-11-19T14:38:46","guid":{"rendered":"https:\/\/www.kz-gedenkstaette-dachau.de\/site-historique\/visite-virtuelle-des-environs\/kz-ehrenfriedhof-leitenberg\/"},"modified":"2020-02-21T10:49:16","modified_gmt":"2020-02-21T09:49:16","slug":"le-cimetiere-dhonneur-du-camp-de-concentration-au-leitenberg","status":"publish","type":"page","link":"https:\/\/www.kz-gedenkstaette-dachau.de\/fr\/site-historique\/visite-virtuelle-des-environs\/le-cimetiere-dhonneur-du-camp-de-concentration-au-leitenberg\/","title":{"rendered":"Le cimeti\u00e8re d\u2019honneur du camp de concentration au Leitenberg"},"content":{"rendered":"<p>En raison de la p\u00e9nurie de charbon, les fours cr\u00e9matoires du camp de Dachau cess\u00e8rent de fonctionner vers le mois de f\u00e9vrier 1945. Entre f\u00e9vrier et avril 1945, les SS forc\u00e8rent les prisonniers \u00e0 charrier les corps de leurs camarades sur la colline du Leitenberg, non loin du camp, puis \u00e0 creuser huit fosses communes pour plus de 4\u00a0000 autres d\u00e9tenus d\u00e9c\u00e9d\u00e9s.<\/p>\n<p>Apr\u00e8s la lib\u00e9ration, le gouvernement militaire am\u00e9ricain ordonna la construction de deux autres fosses communes pour y enterrer deux milliers de morts. D\u2019anciens cadres du parti nazi et des paysans de Dachau durent charger les corps trouv\u00e9s dans le camp sur des charrettes tir\u00e9es par des chevaux pour les transporter jusqu\u2019au Leitenberg et les y ensevelir.<\/p>\n<p>Dans l\u2019imm\u00e9diat apr\u00e8s-guerre, les tombes n\u2019\u00e9taient pas la priorit\u00e9 des autorit\u00e9s, mais \u00e0 l\u2019\u00e9t\u00e9 1949, leur \u00e9tat d\u2019abandon d\u00e9clencha un scandale international. La presse et le monde politique exig\u00e8rent du gouvernement bavarois qu\u2019il am\u00e9nage un lieu de s\u00e9pulture digne des victimes des camps de concentration. Sans tenir compte de l\u2019origine religieuse des d\u00e9port\u00e9s, le site fut remodel\u00e9 selon la tradition chr\u00e9tienne. Le 16 d\u00e9cembre 1949, le cimeti\u00e8re \u00e9tait inaugur\u00e9 et par la suite, une halle du souvenir sera \u00e9difi\u00e9e en 1951\/1952.<\/p>\n<p>Dans les ann\u00e9es 1950, le Service fran\u00e7ais de recherches fit proc\u00e9der \u00e0 des exhumations et rapatria les morts identifi\u00e9s comme citoyens fran\u00e7ais. Les autres morts furent alors enterr\u00e9s dans des tombes individuelles sur le Leitenberg, aux c\u00f4t\u00e9s d\u2019autres victimes d\u2019abord inhum\u00e9es dans divers cimeti\u00e8res de camps de concentration de la r\u00e9gion. Dans les ann\u00e9es 1960 s\u2019ensuivirent des rapatriements vers la Belgique, les Pays-Bas, l\u2019Italie et la Norv\u00e8ge. La chapelle comm\u00e9morative italienne \u00ab\u00a0Regina Pacis\u00a0\u00bb a \u00e9t\u00e9 inaugur\u00e9e en 1963. Aujourd\u2019hui, plus de 7\u00a0400 victimes du r\u00e9gime nazi sont enterr\u00e9es sur le Leitenberg.<\/p>\n","protected":false},"excerpt":{"rendered":"<p>En raison de la p\u00e9nurie de charbon, les fours cr\u00e9matoires du camp de Dachau cess\u00e8rent de fonctionner vers le mois de f\u00e9vrier 1945. Entre f\u00e9vrier et avril 1945, les SS forc\u00e8rent les prisonniers \u00e0 charrier les corps de leurs camarades sur la colline du Leitenberg, non loin du camp, puis \u00e0 creuser huit fosses communes&#8230; <a class=\"view-article\" href=\"https:\/\/www.kz-gedenkstaette-dachau.de\/fr\/site-historique\/visite-virtuelle-des-environs\/le-cimetiere-dhonneur-du-camp-de-concentration-au-leitenberg\/\">Voir l&rsquo;article<\/a><\/p>\n","protected":false},"author":1,"featured_media":0,"parent":64412,"menu_order":400,"comment_status":"closed","ping_status":"closed","template":"page-virtueller_rundgang_unterseite.php","meta":{"_acf_changed":false,"footnotes":""},"class_list":["post-64453","page","type-page","status-publish","hentry"],"acf":[],"yoast_head":"<!-- This site is optimized with the Yoast SEO plugin v27.4 - https:\/\/yoast.com\/product\/yoast-seo-wordpress\/ -->\n<title>Le cimeti\u00e8re d\u2019honneur du camp de concentration au Leitenberg - KZ Gedenkst\u00e4tte Dachau<\/title>\n<meta name=\"robots\" content=\"index, follow, max-snippet:-1, max-image-preview:large, max-video-preview:-1\" \/>\n<link rel=\"canonical\" href=\"https:\/\/www.kz-gedenkstaette-dachau.de\/fr\/site-historique\/visite-virtuelle-des-environs\/le-cimetiere-dhonneur-du-camp-de-concentration-au-leitenberg\/\" \/>\n<meta property=\"og:locale\" content=\"fr_FR\" \/>\n<meta property=\"og:type\" content=\"article\" \/>\n<meta property=\"og:title\" content=\"Le cimeti\u00e8re d\u2019honneur du camp de concentration au Leitenberg - KZ Gedenkst\u00e4tte Dachau\" \/>\n<meta property=\"og:description\" content=\"En raison de la p\u00e9nurie de charbon, les fours cr\u00e9matoires du camp de Dachau cess\u00e8rent de fonctionner vers le mois de f\u00e9vrier 1945. Entre f\u00e9vrier et avril 1945, les SS forc\u00e8rent les prisonniers \u00e0 charrier les corps de leurs camarades sur la colline du Leitenberg, non loin du camp, puis \u00e0 creuser huit fosses communes... Voir l&#039;article\" \/>\n<meta property=\"og:url\" content=\"https:\/\/www.kz-gedenkstaette-dachau.de\/fr\/site-historique\/visite-virtuelle-des-environs\/le-cimetiere-dhonneur-du-camp-de-concentration-au-leitenberg\/\" \/>\n<meta property=\"og:site_name\" content=\"KZ Gedenkst\u00e4tte Dachau\" \/>\n<meta property=\"article:modified_time\" content=\"2020-02-21T09:49:16+00:00\" \/>\n<meta name=\"twitter:card\" content=\"summary_large_image\" \/>\n<meta name=\"twitter:label1\" content=\"Dur\u00e9e de lecture estim\u00e9e\" \/>\n\t<meta name=\"twitter:data1\" content=\"2 minutes\" \/>\n<script type=\"application\/ld+json\" class=\"yoast-schema-graph\">{\"@context\":\"https:\\\/\\\/schema.org\",\"@graph\":[{\"@type\":\"WebPage\",\"@id\":\"https:\\\/\\\/www.kz-gedenkstaette-dachau.de\\\/fr\\\/site-historique\\\/visite-virtuelle-des-environs\\\/le-cimetiere-dhonneur-du-camp-de-concentration-au-leitenberg\\\/\",\"url\":\"https:\\\/\\\/www.kz-gedenkstaette-dachau.de\\\/fr\\\/site-historique\\\/visite-virtuelle-des-environs\\\/le-cimetiere-dhonneur-du-camp-de-concentration-au-leitenberg\\\/\",\"name\":\"Le cimeti\u00e8re d\u2019honneur du camp de concentration au Leitenberg - KZ Gedenkst\u00e4tte Dachau\",\"isPartOf\":{\"@id\":\"https:\\\/\\\/www.kz-gedenkstaette-dachau.de\\\/#website\"},\"datePublished\":\"2018-11-19T14:38:46+00:00\",\"dateModified\":\"2020-02-21T09:49:16+00:00\",\"breadcrumb\":{\"@id\":\"https:\\\/\\\/www.kz-gedenkstaette-dachau.de\\\/fr\\\/site-historique\\\/visite-virtuelle-des-environs\\\/le-cimetiere-dhonneur-du-camp-de-concentration-au-leitenberg\\\/#breadcrumb\"},\"inLanguage\":\"fr-FR\",\"potentialAction\":[{\"@type\":\"ReadAction\",\"target\":[\"https:\\\/\\\/www.kz-gedenkstaette-dachau.de\\\/fr\\\/site-historique\\\/visite-virtuelle-des-environs\\\/le-cimetiere-dhonneur-du-camp-de-concentration-au-leitenberg\\\/\"]}]},{\"@type\":\"BreadcrumbList\",\"@id\":\"https:\\\/\\\/www.kz-gedenkstaette-dachau.de\\\/fr\\\/site-historique\\\/visite-virtuelle-des-environs\\\/le-cimetiere-dhonneur-du-camp-de-concentration-au-leitenberg\\\/#breadcrumb\",\"itemListElement\":[{\"@type\":\"ListItem\",\"position\":1,\"name\":\"Page d'accueil\",\"item\":\"https:\\\/\\\/www.kz-gedenkstaette-dachau.de\\\/fr\\\/\"},{\"@type\":\"ListItem\",\"position\":2,\"name\":\"Site historique\",\"item\":\"https:\\\/\\\/www.kz-gedenkstaette-dachau.de\\\/fr\\\/site-historique\\\/\"},{\"@type\":\"ListItem\",\"position\":3,\"name\":\"Visite virtuelle des environs\",\"item\":\"https:\\\/\\\/www.kz-gedenkstaette-dachau.de\\\/fr\\\/site-historique\\\/visite-virtuelle-des-environs\\\/\"},{\"@type\":\"ListItem\",\"position\":4,\"name\":\"Le cimeti\u00e8re d\u2019honneur du camp de concentration au Leitenberg\"}]},{\"@type\":\"WebSite\",\"@id\":\"https:\\\/\\\/www.kz-gedenkstaette-dachau.de\\\/#website\",\"url\":\"https:\\\/\\\/www.kz-gedenkstaette-dachau.de\\\/\",\"name\":\"KZ Gedenkst\u00e4tte Dachau\",\"description\":\"\",\"potentialAction\":[{\"@type\":\"SearchAction\",\"target\":{\"@type\":\"EntryPoint\",\"urlTemplate\":\"https:\\\/\\\/www.kz-gedenkstaette-dachau.de\\\/?s={search_term_string}\"},\"query-input\":{\"@type\":\"PropertyValueSpecification\",\"valueRequired\":true,\"valueName\":\"search_term_string\"}}],\"inLanguage\":\"fr-FR\"}]}<\/script>\n<!-- \/ Yoast SEO plugin. -->","yoast_head_json":{"title":"Le cimeti\u00e8re d\u2019honneur du camp de concentration au Leitenberg - KZ Gedenkst\u00e4tte Dachau","robots":{"index":"index","follow":"follow","max-snippet":"max-snippet:-1","max-image-preview":"max-image-preview:large","max-video-preview":"max-video-preview:-1"},"canonical":"https:\/\/www.kz-gedenkstaette-dachau.de\/fr\/site-historique\/visite-virtuelle-des-environs\/le-cimetiere-dhonneur-du-camp-de-concentration-au-leitenberg\/","og_locale":"fr_FR","og_type":"article","og_title":"Le cimeti\u00e8re d\u2019honneur du camp de concentration au Leitenberg - KZ Gedenkst\u00e4tte Dachau","og_description":"En raison de la p\u00e9nurie de charbon, les fours cr\u00e9matoires du camp de Dachau cess\u00e8rent de fonctionner vers le mois de f\u00e9vrier 1945. Entre f\u00e9vrier et avril 1945, les SS forc\u00e8rent les prisonniers \u00e0 charrier les corps de leurs camarades sur la colline du Leitenberg, non loin du camp, puis \u00e0 creuser huit fosses communes... Voir l'article","og_url":"https:\/\/www.kz-gedenkstaette-dachau.de\/fr\/site-historique\/visite-virtuelle-des-environs\/le-cimetiere-dhonneur-du-camp-de-concentration-au-leitenberg\/","og_site_name":"KZ Gedenkst\u00e4tte Dachau","article_modified_time":"2020-02-21T09:49:16+00:00","twitter_card":"summary_large_image","twitter_misc":{"Dur\u00e9e de lecture estim\u00e9e":"2 minutes"},"schema":{"@context":"https:\/\/schema.org","@graph":[{"@type":"WebPage","@id":"https:\/\/www.kz-gedenkstaette-dachau.de\/fr\/site-historique\/visite-virtuelle-des-environs\/le-cimetiere-dhonneur-du-camp-de-concentration-au-leitenberg\/","url":"https:\/\/www.kz-gedenkstaette-dachau.de\/fr\/site-historique\/visite-virtuelle-des-environs\/le-cimetiere-dhonneur-du-camp-de-concentration-au-leitenberg\/","name":"Le cimeti\u00e8re d\u2019honneur du camp de concentration au Leitenberg - KZ Gedenkst\u00e4tte Dachau","isPartOf":{"@id":"https:\/\/www.kz-gedenkstaette-dachau.de\/#website"},"datePublished":"2018-11-19T14:38:46+00:00","dateModified":"2020-02-21T09:49:16+00:00","breadcrumb":{"@id":"https:\/\/www.kz-gedenkstaette-dachau.de\/fr\/site-historique\/visite-virtuelle-des-environs\/le-cimetiere-dhonneur-du-camp-de-concentration-au-leitenberg\/#breadcrumb"},"inLanguage":"fr-FR","potentialAction":[{"@type":"ReadAction","target":["https:\/\/www.kz-gedenkstaette-dachau.de\/fr\/site-historique\/visite-virtuelle-des-environs\/le-cimetiere-dhonneur-du-camp-de-concentration-au-leitenberg\/"]}]},{"@type":"BreadcrumbList","@id":"https:\/\/www.kz-gedenkstaette-dachau.de\/fr\/site-historique\/visite-virtuelle-des-environs\/le-cimetiere-dhonneur-du-camp-de-concentration-au-leitenberg\/#breadcrumb","itemListElement":[{"@type":"ListItem","position":1,"name":"Page d'accueil","item":"https:\/\/www.kz-gedenkstaette-dachau.de\/fr\/"},{"@type":"ListItem","position":2,"name":"Site historique","item":"https:\/\/www.kz-gedenkstaette-dachau.de\/fr\/site-historique\/"},{"@type":"ListItem","position":3,"name":"Visite virtuelle des environs","item":"https:\/\/www.kz-gedenkstaette-dachau.de\/fr\/site-historique\/visite-virtuelle-des-environs\/"},{"@type":"ListItem","position":4,"name":"Le cimeti\u00e8re d\u2019honneur du camp de concentration au Leitenberg"}]},{"@type":"WebSite","@id":"https:\/\/www.kz-gedenkstaette-dachau.de\/#website","url":"https:\/\/www.kz-gedenkstaette-dachau.de\/","name":"KZ Gedenkst\u00e4tte Dachau","description":"","potentialAction":[{"@type":"SearchAction","target":{"@type":"EntryPoint","urlTemplate":"https:\/\/www.kz-gedenkstaette-dachau.de\/?s={search_term_string}"},"query-input":{"@type":"PropertyValueSpecification","valueRequired":true,"valueName":"search_term_string"}}],"inLanguage":"fr-FR"}]}},"_links":{"self":[{"href":"https:\/\/www.kz-gedenkstaette-dachau.de\/fr\/wp-json\/wp\/v2\/pages\/64453","targetHints":{"allow":["GET"]}}],"collection":[{"href":"https:\/\/www.kz-gedenkstaette-dachau.de\/fr\/wp-json\/wp\/v2\/pages"}],"about":[{"href":"https:\/\/www.kz-gedenkstaette-dachau.de\/fr\/wp-json\/wp\/v2\/types\/page"}],"author":[{"embeddable":true,"href":"https:\/\/www.kz-gedenkstaette-dachau.de\/fr\/wp-json\/wp\/v2\/users\/1"}],"replies":[{"embeddable":true,"href":"https:\/\/www.kz-gedenkstaette-dachau.de\/fr\/wp-json\/wp\/v2\/comments?post=64453"}],"version-history":[{"count":0,"href":"https:\/\/www.kz-gedenkstaette-dachau.de\/fr\/wp-json\/wp\/v2\/pages\/64453\/revisions"}],"up":[{"embeddable":true,"href":"https:\/\/www.kz-gedenkstaette-dachau.de\/fr\/wp-json\/wp\/v2\/pages\/64412"}],"wp:attachment":[{"href":"https:\/\/www.kz-gedenkstaette-dachau.de\/fr\/wp-json\/wp\/v2\/media?parent=64453"}],"curies":[{"name":"wp","href":"https:\/\/api.w.org\/{rel}","templated":true}]}}