{"id":64457,"date":"2018-11-19T15:40:07","date_gmt":"2018-11-19T14:40:07","guid":{"rendered":"https:\/\/www.kz-gedenkstaette-dachau.de\/site-historique\/visite-virtuelle-des-environs\/kz-graeberfeld-auf-dem-waldfriedhof\/"},"modified":"2020-03-23T15:39:43","modified_gmt":"2020-03-23T14:39:43","slug":"le-champ-funeraire-du-camp-de-concentration-dans-le-cimetiere-boise","status":"publish","type":"page","link":"https:\/\/www.kz-gedenkstaette-dachau.de\/fr\/site-historique\/visite-virtuelle-des-environs\/le-champ-funeraire-du-camp-de-concentration-dans-le-cimetiere-boise\/","title":{"rendered":"Le carr\u00e9 fun\u00e9raire du camp de concentration dans le cimeti\u00e8re Waldfriedhof"},"content":{"rendered":"<p>Dans la partie nord du cimeti\u00e8re Waldfriedhof de Dachau se trouve un site fun\u00e9raire en terrasses, am\u00e9nag\u00e9 pour 1 312 victimes du camp. Il s\u2019agissait d\u2019anciens d\u00e9port\u00e9s de Dachau, d\u00e9c\u00e9d\u00e9s des suites de leur d\u00e9portation au cours des mois qui suivirent leur lib\u00e9ration, le 29 avril 1945.<\/p>\n<p>Entre 1955 et 1958, les Services de recherches italien, fran\u00e7ais, belge et n\u00e9erlandais rapatri\u00e8rent les corps de certaines des victimes enterr\u00e9es au cimeti\u00e8re Waldfriedhof. Dans les tombes devenues vides, on enterra les victimes des \u00ab marches de la mort \u00bb initialement inhum\u00e9es le long du trajet dans divers cimeti\u00e8res de la r\u00e9gion destin\u00e9s aux d\u00e9port\u00e9s d\u00e9c\u00e9d\u00e9s, avant que ces cimeti\u00e8res ne soient finalement ferm\u00e9s.<\/p>\n<p>Dans la rang\u00e9e sup\u00e9rieure sont enterr\u00e9s des Polonais qui travaillaient comme gardes pour le gouvernement militaire am\u00e9ricain au camp d\u2019internement de Dachau.<\/p>\n<p>\u00c0 proximit\u00e9 du champ fun\u00e9raire se trouvent des monuments aux victimes juives, polonaises et autrichiennes des pers\u00e9cutions nazies, ainsi qu\u2019une pierre comm\u00e9morant les morts du \u00ab soul\u00e8vement de Dachau \u00bb le 28 avril 1945. Ce jour-l\u00e0, un groupe de r\u00e9sistants constitu\u00e9 de d\u00e9port\u00e9s \u00e9vad\u00e9s du camp de concentration et de citoyens de la ville de Dachau prit les armes pour occuper la mairie et lib\u00e9rer la ville du r\u00e9gime nazi avant l\u2019arriv\u00e9e des Alli\u00e9s. Des unit\u00e9s Waffen-SS \u00e9cras\u00e8rent le soul\u00e8vement, tuant six membres du groupe. Une plaque comm\u00e9morative rend \u00e9galement hommage aux victimes du \u00ab soul\u00e8vement de Dachau \u00bb sur la place de l\u2019h\u00f4tel de ville de Dachau (\u00ab Rathausplatz \u00bb).<\/p>\n","protected":false},"excerpt":{"rendered":"<p>Dans la partie nord du cimeti\u00e8re Waldfriedhof de Dachau se trouve un site fun\u00e9raire en terrasses, am\u00e9nag\u00e9 pour 1 312 victimes du camp. Il s\u2019agissait d\u2019anciens d\u00e9port\u00e9s de Dachau, d\u00e9c\u00e9d\u00e9s des suites de leur d\u00e9portation au cours des mois qui suivirent leur lib\u00e9ration, le 29 avril 1945. Entre 1955 et 1958, les Services de recherches&#8230; <a class=\"view-article\" href=\"https:\/\/www.kz-gedenkstaette-dachau.de\/fr\/site-historique\/visite-virtuelle-des-environs\/le-champ-funeraire-du-camp-de-concentration-dans-le-cimetiere-boise\/\">Voir l&rsquo;article<\/a><\/p>\n","protected":false},"author":1,"featured_media":0,"parent":64412,"menu_order":500,"comment_status":"closed","ping_status":"closed","template":"page-virtueller_rundgang_unterseite.php","meta":{"_acf_changed":false,"footnotes":""},"class_list":["post-64457","page","type-page","status-publish","hentry"],"acf":[],"yoast_head":"<!-- This site is optimized with the Yoast SEO plugin v27.4 - https:\/\/yoast.com\/product\/yoast-seo-wordpress\/ -->\n<title>Le carr\u00e9 fun\u00e9raire du camp de concentration dans le cimeti\u00e8re Waldfriedhof - KZ Gedenkst\u00e4tte Dachau<\/title>\n<meta name=\"robots\" content=\"index, follow, max-snippet:-1, max-image-preview:large, max-video-preview:-1\" \/>\n<link rel=\"canonical\" href=\"https:\/\/www.kz-gedenkstaette-dachau.de\/fr\/site-historique\/visite-virtuelle-des-environs\/le-champ-funeraire-du-camp-de-concentration-dans-le-cimetiere-boise\/\" \/>\n<meta property=\"og:locale\" content=\"fr_FR\" \/>\n<meta property=\"og:type\" content=\"article\" \/>\n<meta property=\"og:title\" content=\"Le carr\u00e9 fun\u00e9raire du camp de concentration dans le cimeti\u00e8re Waldfriedhof - KZ Gedenkst\u00e4tte Dachau\" \/>\n<meta property=\"og:description\" content=\"Dans la partie nord du cimeti\u00e8re Waldfriedhof de Dachau se trouve un site fun\u00e9raire en terrasses, am\u00e9nag\u00e9 pour 1 312 victimes du camp. Il s\u2019agissait d\u2019anciens d\u00e9port\u00e9s de Dachau, d\u00e9c\u00e9d\u00e9s des suites de leur d\u00e9portation au cours des mois qui suivirent leur lib\u00e9ration, le 29 avril 1945. Entre 1955 et 1958, les Services de recherches... Voir l&#039;article\" \/>\n<meta property=\"og:url\" content=\"https:\/\/www.kz-gedenkstaette-dachau.de\/fr\/site-historique\/visite-virtuelle-des-environs\/le-champ-funeraire-du-camp-de-concentration-dans-le-cimetiere-boise\/\" \/>\n<meta property=\"og:site_name\" content=\"KZ Gedenkst\u00e4tte Dachau\" \/>\n<meta property=\"article:modified_time\" content=\"2020-03-23T14:39:43+00:00\" \/>\n<meta name=\"twitter:card\" content=\"summary_large_image\" \/>\n<meta name=\"twitter:label1\" content=\"Dur\u00e9e de lecture estim\u00e9e\" \/>\n\t<meta name=\"twitter:data1\" content=\"1 minute\" \/>\n<script type=\"application\/ld+json\" class=\"yoast-schema-graph\">{\"@context\":\"https:\\\/\\\/schema.org\",\"@graph\":[{\"@type\":\"WebPage\",\"@id\":\"https:\\\/\\\/www.kz-gedenkstaette-dachau.de\\\/fr\\\/site-historique\\\/visite-virtuelle-des-environs\\\/le-champ-funeraire-du-camp-de-concentration-dans-le-cimetiere-boise\\\/\",\"url\":\"https:\\\/\\\/www.kz-gedenkstaette-dachau.de\\\/fr\\\/site-historique\\\/visite-virtuelle-des-environs\\\/le-champ-funeraire-du-camp-de-concentration-dans-le-cimetiere-boise\\\/\",\"name\":\"Le carr\u00e9 fun\u00e9raire du camp de concentration dans le cimeti\u00e8re Waldfriedhof - KZ Gedenkst\u00e4tte Dachau\",\"isPartOf\":{\"@id\":\"https:\\\/\\\/www.kz-gedenkstaette-dachau.de\\\/#website\"},\"datePublished\":\"2018-11-19T14:40:07+00:00\",\"dateModified\":\"2020-03-23T14:39:43+00:00\",\"breadcrumb\":{\"@id\":\"https:\\\/\\\/www.kz-gedenkstaette-dachau.de\\\/fr\\\/site-historique\\\/visite-virtuelle-des-environs\\\/le-champ-funeraire-du-camp-de-concentration-dans-le-cimetiere-boise\\\/#breadcrumb\"},\"inLanguage\":\"fr-FR\",\"potentialAction\":[{\"@type\":\"ReadAction\",\"target\":[\"https:\\\/\\\/www.kz-gedenkstaette-dachau.de\\\/fr\\\/site-historique\\\/visite-virtuelle-des-environs\\\/le-champ-funeraire-du-camp-de-concentration-dans-le-cimetiere-boise\\\/\"]}]},{\"@type\":\"BreadcrumbList\",\"@id\":\"https:\\\/\\\/www.kz-gedenkstaette-dachau.de\\\/fr\\\/site-historique\\\/visite-virtuelle-des-environs\\\/le-champ-funeraire-du-camp-de-concentration-dans-le-cimetiere-boise\\\/#breadcrumb\",\"itemListElement\":[{\"@type\":\"ListItem\",\"position\":1,\"name\":\"Page d'accueil\",\"item\":\"https:\\\/\\\/www.kz-gedenkstaette-dachau.de\\\/fr\\\/\"},{\"@type\":\"ListItem\",\"position\":2,\"name\":\"Site historique\",\"item\":\"https:\\\/\\\/www.kz-gedenkstaette-dachau.de\\\/fr\\\/site-historique\\\/\"},{\"@type\":\"ListItem\",\"position\":3,\"name\":\"Visite virtuelle des environs\",\"item\":\"https:\\\/\\\/www.kz-gedenkstaette-dachau.de\\\/fr\\\/site-historique\\\/visite-virtuelle-des-environs\\\/\"},{\"@type\":\"ListItem\",\"position\":4,\"name\":\"Le carr\u00e9 fun\u00e9raire du camp de concentration dans le cimeti\u00e8re Waldfriedhof\"}]},{\"@type\":\"WebSite\",\"@id\":\"https:\\\/\\\/www.kz-gedenkstaette-dachau.de\\\/#website\",\"url\":\"https:\\\/\\\/www.kz-gedenkstaette-dachau.de\\\/\",\"name\":\"KZ Gedenkst\u00e4tte Dachau\",\"description\":\"\",\"potentialAction\":[{\"@type\":\"SearchAction\",\"target\":{\"@type\":\"EntryPoint\",\"urlTemplate\":\"https:\\\/\\\/www.kz-gedenkstaette-dachau.de\\\/?s={search_term_string}\"},\"query-input\":{\"@type\":\"PropertyValueSpecification\",\"valueRequired\":true,\"valueName\":\"search_term_string\"}}],\"inLanguage\":\"fr-FR\"}]}<\/script>\n<!-- \/ Yoast SEO plugin. -->","yoast_head_json":{"title":"Le carr\u00e9 fun\u00e9raire du camp de concentration dans le cimeti\u00e8re Waldfriedhof - KZ Gedenkst\u00e4tte Dachau","robots":{"index":"index","follow":"follow","max-snippet":"max-snippet:-1","max-image-preview":"max-image-preview:large","max-video-preview":"max-video-preview:-1"},"canonical":"https:\/\/www.kz-gedenkstaette-dachau.de\/fr\/site-historique\/visite-virtuelle-des-environs\/le-champ-funeraire-du-camp-de-concentration-dans-le-cimetiere-boise\/","og_locale":"fr_FR","og_type":"article","og_title":"Le carr\u00e9 fun\u00e9raire du camp de concentration dans le cimeti\u00e8re Waldfriedhof - KZ Gedenkst\u00e4tte Dachau","og_description":"Dans la partie nord du cimeti\u00e8re Waldfriedhof de Dachau se trouve un site fun\u00e9raire en terrasses, am\u00e9nag\u00e9 pour 1 312 victimes du camp. Il s\u2019agissait d\u2019anciens d\u00e9port\u00e9s de Dachau, d\u00e9c\u00e9d\u00e9s des suites de leur d\u00e9portation au cours des mois qui suivirent leur lib\u00e9ration, le 29 avril 1945. Entre 1955 et 1958, les Services de recherches... Voir l'article","og_url":"https:\/\/www.kz-gedenkstaette-dachau.de\/fr\/site-historique\/visite-virtuelle-des-environs\/le-champ-funeraire-du-camp-de-concentration-dans-le-cimetiere-boise\/","og_site_name":"KZ Gedenkst\u00e4tte Dachau","article_modified_time":"2020-03-23T14:39:43+00:00","twitter_card":"summary_large_image","twitter_misc":{"Dur\u00e9e de lecture estim\u00e9e":"1 minute"},"schema":{"@context":"https:\/\/schema.org","@graph":[{"@type":"WebPage","@id":"https:\/\/www.kz-gedenkstaette-dachau.de\/fr\/site-historique\/visite-virtuelle-des-environs\/le-champ-funeraire-du-camp-de-concentration-dans-le-cimetiere-boise\/","url":"https:\/\/www.kz-gedenkstaette-dachau.de\/fr\/site-historique\/visite-virtuelle-des-environs\/le-champ-funeraire-du-camp-de-concentration-dans-le-cimetiere-boise\/","name":"Le carr\u00e9 fun\u00e9raire du camp de concentration dans le cimeti\u00e8re Waldfriedhof - KZ Gedenkst\u00e4tte Dachau","isPartOf":{"@id":"https:\/\/www.kz-gedenkstaette-dachau.de\/#website"},"datePublished":"2018-11-19T14:40:07+00:00","dateModified":"2020-03-23T14:39:43+00:00","breadcrumb":{"@id":"https:\/\/www.kz-gedenkstaette-dachau.de\/fr\/site-historique\/visite-virtuelle-des-environs\/le-champ-funeraire-du-camp-de-concentration-dans-le-cimetiere-boise\/#breadcrumb"},"inLanguage":"fr-FR","potentialAction":[{"@type":"ReadAction","target":["https:\/\/www.kz-gedenkstaette-dachau.de\/fr\/site-historique\/visite-virtuelle-des-environs\/le-champ-funeraire-du-camp-de-concentration-dans-le-cimetiere-boise\/"]}]},{"@type":"BreadcrumbList","@id":"https:\/\/www.kz-gedenkstaette-dachau.de\/fr\/site-historique\/visite-virtuelle-des-environs\/le-champ-funeraire-du-camp-de-concentration-dans-le-cimetiere-boise\/#breadcrumb","itemListElement":[{"@type":"ListItem","position":1,"name":"Page d'accueil","item":"https:\/\/www.kz-gedenkstaette-dachau.de\/fr\/"},{"@type":"ListItem","position":2,"name":"Site historique","item":"https:\/\/www.kz-gedenkstaette-dachau.de\/fr\/site-historique\/"},{"@type":"ListItem","position":3,"name":"Visite virtuelle des environs","item":"https:\/\/www.kz-gedenkstaette-dachau.de\/fr\/site-historique\/visite-virtuelle-des-environs\/"},{"@type":"ListItem","position":4,"name":"Le carr\u00e9 fun\u00e9raire du camp de concentration dans le cimeti\u00e8re Waldfriedhof"}]},{"@type":"WebSite","@id":"https:\/\/www.kz-gedenkstaette-dachau.de\/#website","url":"https:\/\/www.kz-gedenkstaette-dachau.de\/","name":"KZ Gedenkst\u00e4tte Dachau","description":"","potentialAction":[{"@type":"SearchAction","target":{"@type":"EntryPoint","urlTemplate":"https:\/\/www.kz-gedenkstaette-dachau.de\/?s={search_term_string}"},"query-input":{"@type":"PropertyValueSpecification","valueRequired":true,"valueName":"search_term_string"}}],"inLanguage":"fr-FR"}]}},"_links":{"self":[{"href":"https:\/\/www.kz-gedenkstaette-dachau.de\/fr\/wp-json\/wp\/v2\/pages\/64457","targetHints":{"allow":["GET"]}}],"collection":[{"href":"https:\/\/www.kz-gedenkstaette-dachau.de\/fr\/wp-json\/wp\/v2\/pages"}],"about":[{"href":"https:\/\/www.kz-gedenkstaette-dachau.de\/fr\/wp-json\/wp\/v2\/types\/page"}],"author":[{"embeddable":true,"href":"https:\/\/www.kz-gedenkstaette-dachau.de\/fr\/wp-json\/wp\/v2\/users\/1"}],"replies":[{"embeddable":true,"href":"https:\/\/www.kz-gedenkstaette-dachau.de\/fr\/wp-json\/wp\/v2\/comments?post=64457"}],"version-history":[{"count":0,"href":"https:\/\/www.kz-gedenkstaette-dachau.de\/fr\/wp-json\/wp\/v2\/pages\/64457\/revisions"}],"up":[{"embeddable":true,"href":"https:\/\/www.kz-gedenkstaette-dachau.de\/fr\/wp-json\/wp\/v2\/pages\/64412"}],"wp:attachment":[{"href":"https:\/\/www.kz-gedenkstaette-dachau.de\/fr\/wp-json\/wp\/v2\/media?parent=64457"}],"curies":[{"name":"wp","href":"https:\/\/api.w.org\/{rel}","templated":true}]}}